{"id":144,"date":"2020-10-27T12:46:47","date_gmt":"2020-10-27T12:46:47","guid":{"rendered":"https:\/\/www.joseantoniobernad.com\/paintings\/"},"modified":"2020-11-05T07:42:27","modified_gmt":"2020-11-05T07:42:27","slug":"paintings","status":"publish","type":"page","link":"https:\/\/www.joseantoniobernad.com\/en\/paintings\/","title":{"rendered":"Paintings"},"content":{"rendered":"<div class=\"fusion-fullwidth fullwidth-box fusion-builder-row-1 fusion-flex-container hundred-percent-fullwidth non-hundred-percent-height-scrolling\" style=\"--awb-border-radius-top-left:0px;--awb-border-radius-top-right:0px;--awb-border-radius-bottom-right:0px;--awb-border-radius-bottom-left:0px;--awb-flex-wrap:wrap;\" ><div class=\"fusion-builder-row fusion-row fusion-flex-align-items-flex-start fusion-flex-content-wrap\" style=\"width:104% !important;max-width:104% !important;margin-left: calc(-4% \/ 2 );margin-right: calc(-4% \/ 2 );\"><div class=\"fusion-layout-column fusion_builder_column fusion-builder-column-0 fusion_builder_column_1_1 1_1 fusion-flex-column\" style=\"--awb-bg-size:cover;--awb-width-large:100%;--awb-margin-top-large:0px;--awb-spacing-right-large:1.92%;--awb-margin-bottom-large:20px;--awb-spacing-left-large:1.92%;--awb-width-medium:100%;--awb-order-medium:0;--awb-spacing-right-medium:1.92%;--awb-spacing-left-medium:1.92%;--awb-width-small:100%;--awb-order-small:0;--awb-spacing-right-small:1.92%;--awb-spacing-left-small:1.92%;\"><div class=\"fusion-column-wrapper fusion-column-has-shadow fusion-flex-justify-content-flex-start fusion-content-layout-column\"><div class=\"fusion-recent-works fusion-portfolio-element fusion-portfolio fusion-portfolio-1 fusion-portfolio-masonry fusion-portfolio-paging-none fusion-portfolio-three fusion-portfolio-no_text fusion-portfolio-rollover\" data-id=\"-rw-1\" data-columns=\"three\"><div><ul class=\"fusion-filters\" role=\"menu\" aria-label=\"Portfolio Filters\"><li role=\"presentation\" class=\"fusion-filter fusion-filter-all fusion-active\"><a href=\"#\" data-filter=\"*\" role=\"menuitem\">All<\/a><\/li><li role=\"presentation\" class=\"fusion-filter fusion-hidden\"><a href=\"#\" data-filter=\".gallery-1\" role=\"menuitem\">Gallery 1<\/a><\/li><li role=\"presentation\" class=\"fusion-filter fusion-hidden\"><a href=\"#\" data-filter=\".gallery-2\" role=\"menuitem\">Gallery 2<\/a><\/li><li role=\"presentation\" class=\"fusion-filter fusion-hidden\"><a href=\"#\" data-filter=\".gallery-3\" role=\"menuitem\">Gallery 3<\/a><\/li><li role=\"presentation\" class=\"fusion-filter fusion-hidden\"><a href=\"#\" data-filter=\".gallery-4\" role=\"menuitem\">Gallery 4<\/a><\/li><li role=\"presentation\" class=\"fusion-filter fusion-hidden\"><a href=\"#\" data-filter=\".gallery-5\" role=\"menuitem\">Gallery 5<\/a><\/li><li role=\"presentation\" class=\"fusion-filter fusion-hidden\"><a href=\"#\" data-filter=\".gallery-6\" role=\"menuitem\">Gallery 6<\/a><\/li><li role=\"presentation\" class=\"fusion-filter fusion-hidden\"><a href=\"#\" data-filter=\".gallery-7\" role=\"menuitem\">Gallery 7<\/a><\/li><\/ul><\/div><style type=\"text\/css\">.fusion-portfolio-1 .fusion-portfolio-wrapper .fusion-col-spacing{padding:3px;}<\/style><div class=\"fusion-portfolio-wrapper\" id=\"fusion-portfolio-1\" data-picturesize=\"auto\" data-pages=\"1\" style=\"margin:-3px;\"><article class=\"fusion-portfolio-post fusion-grid-sizer\"><\/article><article id=\"portfolio-1-post-570\" class=\"fusion-portfolio-post fusion-col-spacing post-570 fusion-element-landscape fusion-element-portrait\"><div class=\"fusion-portfolio-content-wrapper\" style=\"border:none;\"><span class=\"entry-title rich-snippet-hidden\">Aqu\u00ed en lo alto &#8211; 81 x 110 cm. \u00d3leo sobre tela<\/span><span class=\"vcard rich-snippet-hidden\"><span class=\"fn\"><a href=\"https:\/\/www.joseantoniobernad.com\/en\/author\/joseantonio\/\" title=\"Posts by Jose Antonio Bernad\" rel=\"author\">Jose Antonio Bernad<\/a><\/span><\/span><span class=\"updated rich-snippet-hidden\">2026-03-02T16:54:19+00:00<\/span><div  class=\"fusion-masonry-element-container fusion-image-wrapper\" style=\"background-image:url(https:\/\/www.joseantoniobernad.com\/wp-content\/uploads\/2026\/03\/AQUI-EN-LO-ALTO.jpg);padding-top:calc((100% + 6px) * 0.8);\" aria-haspopup=\"true\">\n\t\t\t\t<img decoding=\"async\" width=\"2500\" height=\"1818\" src=\"https:\/\/www.joseantoniobernad.com\/wp-content\/uploads\/2026\/03\/AQUI-EN-LO-ALTO.jpg\" class=\"attachment-full size-full wp-post-image\" alt=\"\" srcset=\"https:\/\/www.joseantoniobernad.com\/wp-content\/uploads\/2026\/03\/AQUI-EN-LO-ALTO-200x145.jpg 200w, https:\/\/www.joseantoniobernad.com\/wp-content\/uploads\/2026\/03\/AQUI-EN-LO-ALTO-400x291.jpg 400w, https:\/\/www.joseantoniobernad.com\/wp-content\/uploads\/2026\/03\/AQUI-EN-LO-ALTO-600x436.jpg 600w, https:\/\/www.joseantoniobernad.com\/wp-content\/uploads\/2026\/03\/AQUI-EN-LO-ALTO-800x582.jpg 800w, https:\/\/www.joseantoniobernad.com\/wp-content\/uploads\/2026\/03\/AQUI-EN-LO-ALTO-1200x873.jpg 1200w, https:\/\/www.joseantoniobernad.com\/wp-content\/uploads\/2026\/03\/AQUI-EN-LO-ALTO.jpg 2500w\" sizes=\"(min-width: 2200px) 100vw, (min-width: 640px) 1200px, \" \/><div class=\"fusion-rollover\">\n\t<div class=\"fusion-rollover-content\">\n\n\t\t\t\t\t\t\t\t\t\t\t\t\t\t<a class=\"fusion-rollover-link\" href=\"https:\/\/www.joseantoniobernad.com\/en\/portfolio-en\/aqui-en-lo-alto-81-x-110-cm-oleo-sobre-tela\/\">Aqu\u00ed en lo alto &#8211; 81 x 110 cm. \u00d3leo sobre tela<\/a>\n\t\t\t\n\t\t\t\t\t\t\t\t\t\t\t\t\t\t\n\t\t\t\t\t\t\t\t\n\t\t\t\t\t\t\t\t\t\t\t\t\t<div class=\"fusion-rollover-sep\"><\/div>\n\t\t\t\t\n\t\t\t\t\t\t\t\t\t\t\t\t\t\t\t\t\t\t<a class=\"fusion-rollover-gallery\" href=\"https:\/\/www.joseantoniobernad.com\/wp-content\/uploads\/2026\/03\/AQUI-EN-LO-ALTO.jpg\" data-options=\"\" data-id=\"570\" data-rel=\"iLightbox[gallery-rw-1]\" data-title=\"AQUI EN LO ALTO\" data-caption=\"\">\n\t\t\t\t\t\tGallery\t\t\t\t\t<\/a>\n\t\t\t\t\t\t\t\t\t\t\t\t\t\t\n\t\t\n\t\t\t\t\t\t\t\t\t\t\t\t<h4 class=\"fusion-rollover-title\">\n\t\t\t\t\t<a class=\"fusion-rollover-title-link\" href=\"https:\/\/www.joseantoniobernad.com\/en\/portfolio-en\/aqui-en-lo-alto-81-x-110-cm-oleo-sobre-tela\/\">\n\t\t\t\t\t\tAqu\u00ed en lo alto &#8211; 81 x 110 cm. \u00d3leo sobre tela\t\t\t\t\t<\/a>\n\t\t\t\t<\/h4>\n\t\t\t\n\t\t\t\t\t\t\t\t\t\t\t\t\t\t\t\n\t\t\n\t\t\t\t\t\t<a class=\"fusion-link-wrapper\" href=\"https:\/\/www.joseantoniobernad.com\/en\/portfolio-en\/aqui-en-lo-alto-81-x-110-cm-oleo-sobre-tela\/\" aria-label=\"Aqu\u00ed en lo alto &#8211; 81 x 110 cm. \u00d3leo sobre tela\"><\/a>\n\t<\/div>\n<\/div>\n<\/div>\n<\/div><\/article><article id=\"portfolio-1-post-568\" class=\"fusion-portfolio-post fusion-col-spacing post-568 fusion-element-landscape fusion-element-portrait\"><div class=\"fusion-portfolio-content-wrapper\" style=\"border:none;\"><span class=\"entry-title rich-snippet-hidden\">Deseo de una noche de San Juan &#8211; 81 x 110 cm.<\/span><span class=\"vcard rich-snippet-hidden\"><span class=\"fn\"><a href=\"https:\/\/www.joseantoniobernad.com\/en\/author\/joseantonio\/\" title=\"Posts by Jose Antonio Bernad\" rel=\"author\">Jose Antonio Bernad<\/a><\/span><\/span><span class=\"updated rich-snippet-hidden\">2026-03-02T16:50:22+00:00<\/span><div  class=\"fusion-masonry-element-container fusion-image-wrapper\" style=\"background-image:url(https:\/\/www.joseantoniobernad.com\/wp-content\/uploads\/2026\/03\/DESEO-DE-UNA-NOCHE-DE-SAN-JUAN.jpg);padding-top:calc((100% + 6px) * 0.8);\" aria-haspopup=\"true\">\n\t\t\t\t<img decoding=\"async\" width=\"2500\" height=\"1830\" src=\"https:\/\/www.joseantoniobernad.com\/wp-content\/uploads\/2026\/03\/DESEO-DE-UNA-NOCHE-DE-SAN-JUAN.jpg\" class=\"attachment-full size-full wp-post-image\" alt=\"\" srcset=\"https:\/\/www.joseantoniobernad.com\/wp-content\/uploads\/2026\/03\/DESEO-DE-UNA-NOCHE-DE-SAN-JUAN-200x146.jpg 200w, https:\/\/www.joseantoniobernad.com\/wp-content\/uploads\/2026\/03\/DESEO-DE-UNA-NOCHE-DE-SAN-JUAN-400x293.jpg 400w, https:\/\/www.joseantoniobernad.com\/wp-content\/uploads\/2026\/03\/DESEO-DE-UNA-NOCHE-DE-SAN-JUAN-600x439.jpg 600w, https:\/\/www.joseantoniobernad.com\/wp-content\/uploads\/2026\/03\/DESEO-DE-UNA-NOCHE-DE-SAN-JUAN-800x586.jpg 800w, https:\/\/www.joseantoniobernad.com\/wp-content\/uploads\/2026\/03\/DESEO-DE-UNA-NOCHE-DE-SAN-JUAN-1200x878.jpg 1200w, https:\/\/www.joseantoniobernad.com\/wp-content\/uploads\/2026\/03\/DESEO-DE-UNA-NOCHE-DE-SAN-JUAN.jpg 2500w\" sizes=\"(min-width: 2200px) 100vw, (min-width: 640px) 1200px, \" \/><div class=\"fusion-rollover\">\n\t<div class=\"fusion-rollover-content\">\n\n\t\t\t\t\t\t\t\t\t\t\t\t\t\t<a class=\"fusion-rollover-link\" href=\"https:\/\/www.joseantoniobernad.com\/en\/portfolio-en\/deseo-de-una-noche-de-san-juan-81-x-110-cm\/\">Deseo de una noche de San Juan &#8211; 81 x 110 cm.<\/a>\n\t\t\t\n\t\t\t\t\t\t\t\t\t\t\t\t\t\t\n\t\t\t\t\t\t\t\t\n\t\t\t\t\t\t\t\t\t\t\t\t\t<div class=\"fusion-rollover-sep\"><\/div>\n\t\t\t\t\n\t\t\t\t\t\t\t\t\t\t\t\t\t\t\t\t\t\t<a class=\"fusion-rollover-gallery\" href=\"https:\/\/www.joseantoniobernad.com\/wp-content\/uploads\/2026\/03\/DESEO-DE-UNA-NOCHE-DE-SAN-JUAN.jpg\" data-options=\"\" data-id=\"568\" data-rel=\"iLightbox[gallery-rw-1]\" data-title=\"DESEO DE UNA NOCHE DE SAN JUAN\" data-caption=\"\">\n\t\t\t\t\t\tGallery\t\t\t\t\t<\/a>\n\t\t\t\t\t\t\t\t\t\t\t\t\t\t\n\t\t\n\t\t\t\t\t\t\t\t\t\t\t\t<h4 class=\"fusion-rollover-title\">\n\t\t\t\t\t<a class=\"fusion-rollover-title-link\" href=\"https:\/\/www.joseantoniobernad.com\/en\/portfolio-en\/deseo-de-una-noche-de-san-juan-81-x-110-cm\/\">\n\t\t\t\t\t\tDeseo de una noche de San Juan &#8211; 81 x 110 cm.\t\t\t\t\t<\/a>\n\t\t\t\t<\/h4>\n\t\t\t\n\t\t\t\t\t\t\t\t\t\t\t\t\t\t\t\n\t\t\n\t\t\t\t\t\t<a class=\"fusion-link-wrapper\" href=\"https:\/\/www.joseantoniobernad.com\/en\/portfolio-en\/deseo-de-una-noche-de-san-juan-81-x-110-cm\/\" aria-label=\"Deseo de una noche de San Juan &#8211; 81 x 110 cm.\"><\/a>\n\t<\/div>\n<\/div>\n<\/div>\n<\/div><\/article><article id=\"portfolio-1-post-566\" class=\"fusion-portfolio-post fusion-col-spacing post-566 fusion-element-landscape fusion-element-portrait\"><div class=\"fusion-portfolio-content-wrapper\" style=\"border:none;\"><span class=\"entry-title rich-snippet-hidden\">Pen\u00e9lope &#8211; 60 x 92 cm &#8211; \u00d3leo sobre lienzo<\/span><span class=\"vcard rich-snippet-hidden\"><span class=\"fn\"><a href=\"https:\/\/www.joseantoniobernad.com\/en\/author\/joseantonio\/\" title=\"Posts by Jose Antonio Bernad\" rel=\"author\">Jose Antonio Bernad<\/a><\/span><\/span><span class=\"updated rich-snippet-hidden\">2026-03-02T16:48:13+00:00<\/span><div  class=\"fusion-masonry-element-container fusion-image-wrapper\" style=\"background-image:url(https:\/\/www.joseantoniobernad.com\/wp-content\/uploads\/2026\/03\/PENELOPE-60X92-CM-1.jpg);padding-top:calc((100% + 6px) * 0.8);\" aria-haspopup=\"true\">\n\t\t\t\t<img decoding=\"async\" width=\"2500\" height=\"1656\" src=\"https:\/\/www.joseantoniobernad.com\/wp-content\/uploads\/2026\/03\/PENELOPE-60X92-CM-1.jpg\" class=\"attachment-full size-full wp-post-image\" alt=\"\" srcset=\"https:\/\/www.joseantoniobernad.com\/wp-content\/uploads\/2026\/03\/PENELOPE-60X92-CM-1-200x132.jpg 200w, https:\/\/www.joseantoniobernad.com\/wp-content\/uploads\/2026\/03\/PENELOPE-60X92-CM-1-400x265.jpg 400w, https:\/\/www.joseantoniobernad.com\/wp-content\/uploads\/2026\/03\/PENELOPE-60X92-CM-1-600x397.jpg 600w, https:\/\/www.joseantoniobernad.com\/wp-content\/uploads\/2026\/03\/PENELOPE-60X92-CM-1-800x530.jpg 800w, https:\/\/www.joseantoniobernad.com\/wp-content\/uploads\/2026\/03\/PENELOPE-60X92-CM-1-1200x795.jpg 1200w, https:\/\/www.joseantoniobernad.com\/wp-content\/uploads\/2026\/03\/PENELOPE-60X92-CM-1.jpg 2500w\" sizes=\"(min-width: 2200px) 100vw, (min-width: 640px) 1200px, \" \/><div class=\"fusion-rollover\">\n\t<div class=\"fusion-rollover-content\">\n\n\t\t\t\t\t\t\t\t\t\t\t\t\t\t<a class=\"fusion-rollover-link\" href=\"https:\/\/www.joseantoniobernad.com\/en\/portfolio-en\/penelope-60-x-92-cm-oleo-sobre-lienzo\/\">Pen\u00e9lope &#8211; 60 x 92 cm &#8211; \u00d3leo sobre lienzo<\/a>\n\t\t\t\n\t\t\t\t\t\t\t\t\t\t\t\t\t\t\n\t\t\t\t\t\t\t\t\n\t\t\t\t\t\t\t\t\t\t\t\t\t<div class=\"fusion-rollover-sep\"><\/div>\n\t\t\t\t\n\t\t\t\t\t\t\t\t\t\t\t\t\t\t\t\t\t\t<a class=\"fusion-rollover-gallery\" href=\"https:\/\/www.joseantoniobernad.com\/wp-content\/uploads\/2026\/03\/PENELOPE-60X92-CM-1.jpg\" data-options=\"\" data-id=\"566\" data-rel=\"iLightbox[gallery-rw-1]\" data-title=\"PENELOPE 60X92 CM\" data-caption=\"\">\n\t\t\t\t\t\tGallery\t\t\t\t\t<\/a>\n\t\t\t\t\t\t\t\t\t\t\t\t\t\t\n\t\t\n\t\t\t\t\t\t\t\t\t\t\t\t<h4 class=\"fusion-rollover-title\">\n\t\t\t\t\t<a class=\"fusion-rollover-title-link\" href=\"https:\/\/www.joseantoniobernad.com\/en\/portfolio-en\/penelope-60-x-92-cm-oleo-sobre-lienzo\/\">\n\t\t\t\t\t\tPen\u00e9lope &#8211; 60 x 92 cm &#8211; \u00d3leo sobre lienzo\t\t\t\t\t<\/a>\n\t\t\t\t<\/h4>\n\t\t\t\n\t\t\t\t\t\t\t\t\t\t\t\t\t\t\t\n\t\t\n\t\t\t\t\t\t<a class=\"fusion-link-wrapper\" href=\"https:\/\/www.joseantoniobernad.com\/en\/portfolio-en\/penelope-60-x-92-cm-oleo-sobre-lienzo\/\" aria-label=\"Pen\u00e9lope &#8211; 60 x 92 cm &#8211; \u00d3leo sobre lienzo\"><\/a>\n\t<\/div>\n<\/div>\n<\/div>\n<\/div><\/article><article id=\"portfolio-1-post-564\" class=\"fusion-portfolio-post fusion-col-spacing post-564 fusion-element-landscape fusion-element-portrait\"><div class=\"fusion-portfolio-content-wrapper\" style=\"border:none;\"><span class=\"entry-title rich-snippet-hidden\">Bienvenido a casa (II) &#8211; 92 x 73 cm. \u00d3leo sobre lino<\/span><span class=\"vcard rich-snippet-hidden\"><span class=\"fn\"><a href=\"https:\/\/www.joseantoniobernad.com\/en\/author\/joseantonio\/\" title=\"Posts by Jose Antonio Bernad\" rel=\"author\">Jose Antonio Bernad<\/a><\/span><\/span><span class=\"updated rich-snippet-hidden\">2026-03-02T16:46:23+00:00<\/span><div  class=\"fusion-masonry-element-container fusion-image-wrapper\" style=\"background-image:url(https:\/\/www.joseantoniobernad.com\/wp-content\/uploads\/2026\/03\/BIENVENIDO-A-CASA-92X73-CM-scaled.jpg);padding-top:calc((100% + 6px) * 0.8);\" aria-haspopup=\"true\">\n\t\t\t\t<img decoding=\"async\" width=\"2067\" height=\"2560\" src=\"https:\/\/www.joseantoniobernad.com\/wp-content\/uploads\/2026\/03\/BIENVENIDO-A-CASA-92X73-CM-scaled.jpg\" class=\"attachment-full size-full wp-post-image\" alt=\"\" srcset=\"https:\/\/www.joseantoniobernad.com\/wp-content\/uploads\/2026\/03\/BIENVENIDO-A-CASA-92X73-CM-200x248.jpg 200w, https:\/\/www.joseantoniobernad.com\/wp-content\/uploads\/2026\/03\/BIENVENIDO-A-CASA-92X73-CM-400x495.jpg 400w, https:\/\/www.joseantoniobernad.com\/wp-content\/uploads\/2026\/03\/BIENVENIDO-A-CASA-92X73-CM-600x743.jpg 600w, https:\/\/www.joseantoniobernad.com\/wp-content\/uploads\/2026\/03\/BIENVENIDO-A-CASA-92X73-CM-800x991.jpg 800w, https:\/\/www.joseantoniobernad.com\/wp-content\/uploads\/2026\/03\/BIENVENIDO-A-CASA-92X73-CM-1200x1486.jpg 1200w, https:\/\/www.joseantoniobernad.com\/wp-content\/uploads\/2026\/03\/BIENVENIDO-A-CASA-92X73-CM-scaled.jpg 2067w\" sizes=\"(min-width: 2200px) 100vw, (min-width: 640px) 1200px, \" \/><div class=\"fusion-rollover\">\n\t<div class=\"fusion-rollover-content\">\n\n\t\t\t\t\t\t\t\t\t\t\t\t\t\t<a class=\"fusion-rollover-link\" href=\"https:\/\/www.joseantoniobernad.com\/en\/portfolio-en\/bienvenido-a-casa-ii-92-x-73-cm-oleo-sobre-lino\/\">Bienvenido a casa (II) &#8211; 92 x 73 cm. \u00d3leo sobre lino<\/a>\n\t\t\t\n\t\t\t\t\t\t\t\t\t\t\t\t\t\t\n\t\t\t\t\t\t\t\t\n\t\t\t\t\t\t\t\t\t\t\t\t\t<div class=\"fusion-rollover-sep\"><\/div>\n\t\t\t\t\n\t\t\t\t\t\t\t\t\t\t\t\t\t\t\t\t\t\t<a class=\"fusion-rollover-gallery\" href=\"https:\/\/www.joseantoniobernad.com\/wp-content\/uploads\/2026\/03\/BIENVENIDO-A-CASA-92X73-CM-scaled.jpg\" data-options=\"\" data-id=\"564\" data-rel=\"iLightbox[gallery-rw-1]\" data-title=\"BIENVENIDO A CASA 92X73 CM\" data-caption=\"\">\n\t\t\t\t\t\tGallery\t\t\t\t\t<\/a>\n\t\t\t\t\t\t\t\t\t\t\t\t\t\t\n\t\t\n\t\t\t\t\t\t\t\t\t\t\t\t<h4 class=\"fusion-rollover-title\">\n\t\t\t\t\t<a class=\"fusion-rollover-title-link\" href=\"https:\/\/www.joseantoniobernad.com\/en\/portfolio-en\/bienvenido-a-casa-ii-92-x-73-cm-oleo-sobre-lino\/\">\n\t\t\t\t\t\tBienvenido a casa (II) &#8211; 92 x 73 cm. \u00d3leo sobre lino\t\t\t\t\t<\/a>\n\t\t\t\t<\/h4>\n\t\t\t\n\t\t\t\t\t\t\t\t\t\t\t\t\t\t\t\n\t\t\n\t\t\t\t\t\t<a class=\"fusion-link-wrapper\" href=\"https:\/\/www.joseantoniobernad.com\/en\/portfolio-en\/bienvenido-a-casa-ii-92-x-73-cm-oleo-sobre-lino\/\" aria-label=\"Bienvenido a casa (II) &#8211; 92 x 73 cm. \u00d3leo sobre lino\"><\/a>\n\t<\/div>\n<\/div>\n<\/div>\n<\/div><\/article><article id=\"portfolio-1-post-562\" class=\"fusion-portfolio-post fusion-col-spacing post-562 fusion-element-landscape fusion-element-portrait\"><div class=\"fusion-portfolio-content-wrapper\" style=\"border:none;\"><span class=\"entry-title rich-snippet-hidden\">Zona de paso &#8211; 50 x 86 cm. \u00d3leo sobre madera<\/span><span class=\"vcard rich-snippet-hidden\"><span class=\"fn\"><a href=\"https:\/\/www.joseantoniobernad.com\/en\/author\/joseantonio\/\" title=\"Posts by Jose Antonio Bernad\" rel=\"author\">Jose Antonio Bernad<\/a><\/span><\/span><span class=\"updated rich-snippet-hidden\">2026-03-02T16:19:39+00:00<\/span><div  class=\"fusion-masonry-element-container fusion-image-wrapper\" style=\"background-image:url(https:\/\/www.joseantoniobernad.com\/wp-content\/uploads\/2026\/03\/ZONA-DE-PASO-50x86-Oleo-tabla-copia.jpg);padding-top:calc((100% + 6px) * 0.8);\" aria-haspopup=\"true\">\n\t\t\t\t<img decoding=\"async\" width=\"2500\" height=\"1482\" src=\"https:\/\/www.joseantoniobernad.com\/wp-content\/uploads\/2026\/03\/ZONA-DE-PASO-50x86-Oleo-tabla-copia.jpg\" class=\"attachment-full size-full wp-post-image\" alt=\"\" srcset=\"https:\/\/www.joseantoniobernad.com\/wp-content\/uploads\/2026\/03\/ZONA-DE-PASO-50x86-Oleo-tabla-copia-200x119.jpg 200w, https:\/\/www.joseantoniobernad.com\/wp-content\/uploads\/2026\/03\/ZONA-DE-PASO-50x86-Oleo-tabla-copia-400x237.jpg 400w, https:\/\/www.joseantoniobernad.com\/wp-content\/uploads\/2026\/03\/ZONA-DE-PASO-50x86-Oleo-tabla-copia-600x356.jpg 600w, https:\/\/www.joseantoniobernad.com\/wp-content\/uploads\/2026\/03\/ZONA-DE-PASO-50x86-Oleo-tabla-copia-800x474.jpg 800w, https:\/\/www.joseantoniobernad.com\/wp-content\/uploads\/2026\/03\/ZONA-DE-PASO-50x86-Oleo-tabla-copia-1200x711.jpg 1200w, https:\/\/www.joseantoniobernad.com\/wp-content\/uploads\/2026\/03\/ZONA-DE-PASO-50x86-Oleo-tabla-copia.jpg 2500w\" sizes=\"(min-width: 2200px) 100vw, (min-width: 640px) 1200px, \" \/><div class=\"fusion-rollover\">\n\t<div class=\"fusion-rollover-content\">\n\n\t\t\t\t\t\t\t\t\t\t\t\t\t\t<a class=\"fusion-rollover-link\" href=\"https:\/\/www.joseantoniobernad.com\/en\/portfolio-en\/zona-de-paso-50-x-86-cm-oleo-sobre-madera\/\">Zona de paso &#8211; 50 x 86 cm. \u00d3leo sobre madera<\/a>\n\t\t\t\n\t\t\t\t\t\t\t\t\t\t\t\t\t\t\n\t\t\t\t\t\t\t\t\n\t\t\t\t\t\t\t\t\t\t\t\t\t<div class=\"fusion-rollover-sep\"><\/div>\n\t\t\t\t\n\t\t\t\t\t\t\t\t\t\t\t\t\t\t\t\t\t\t<a class=\"fusion-rollover-gallery\" href=\"https:\/\/www.joseantoniobernad.com\/wp-content\/uploads\/2026\/03\/ZONA-DE-PASO-50x86-Oleo-tabla-copia.jpg\" data-options=\"\" data-id=\"562\" data-rel=\"iLightbox[gallery-rw-1]\" data-title=\"ZONA DE PASO - 50x86 -Oleo tabla copia\" data-caption=\"\">\n\t\t\t\t\t\tGallery\t\t\t\t\t<\/a>\n\t\t\t\t\t\t\t\t\t\t\t\t\t\t\n\t\t\n\t\t\t\t\t\t\t\t\t\t\t\t<h4 class=\"fusion-rollover-title\">\n\t\t\t\t\t<a class=\"fusion-rollover-title-link\" href=\"https:\/\/www.joseantoniobernad.com\/en\/portfolio-en\/zona-de-paso-50-x-86-cm-oleo-sobre-madera\/\">\n\t\t\t\t\t\tZona de paso &#8211; 50 x 86 cm. \u00d3leo sobre madera\t\t\t\t\t<\/a>\n\t\t\t\t<\/h4>\n\t\t\t\n\t\t\t\t\t\t\t\t\t\t\t\t\t\t\t\n\t\t\n\t\t\t\t\t\t<a class=\"fusion-link-wrapper\" href=\"https:\/\/www.joseantoniobernad.com\/en\/portfolio-en\/zona-de-paso-50-x-86-cm-oleo-sobre-madera\/\" aria-label=\"Zona de paso &#8211; 50 x 86 cm. \u00d3leo sobre madera\"><\/a>\n\t<\/div>\n<\/div>\n<\/div>\n<\/div><\/article><article id=\"portfolio-1-post-560\" class=\"fusion-portfolio-post fusion-col-spacing post-560 fusion-element-landscape fusion-element-portrait\"><div class=\"fusion-portfolio-content-wrapper\" style=\"border:none;\"><span class=\"entry-title rich-snippet-hidden\">Garza Blanca &#8211; 70 x 701 cm. &#8211; \u00d3leo sobre madera<\/span><span class=\"vcard rich-snippet-hidden\"><span class=\"fn\"><a href=\"https:\/\/www.joseantoniobernad.com\/en\/author\/joseantonio\/\" title=\"Posts by Jose Antonio Bernad\" rel=\"author\">Jose Antonio Bernad<\/a><\/span><\/span><span class=\"updated rich-snippet-hidden\">2026-03-02T16:18:32+00:00<\/span><div  class=\"fusion-masonry-element-container fusion-image-wrapper\" style=\"background-image:url(https:\/\/www.joseantoniobernad.com\/wp-content\/uploads\/2026\/03\/GARZA-BLANCA.jpg);padding-top:calc((100% + 6px) * 0.8);\" aria-haspopup=\"true\">\n\t\t\t\t<img decoding=\"async\" width=\"2500\" height=\"2484\" src=\"https:\/\/www.joseantoniobernad.com\/wp-content\/uploads\/2026\/03\/GARZA-BLANCA.jpg\" class=\"attachment-full size-full wp-post-image\" alt=\"\" srcset=\"https:\/\/www.joseantoniobernad.com\/wp-content\/uploads\/2026\/03\/GARZA-BLANCA-200x199.jpg 200w, https:\/\/www.joseantoniobernad.com\/wp-content\/uploads\/2026\/03\/GARZA-BLANCA-400x397.jpg 400w, https:\/\/www.joseantoniobernad.com\/wp-content\/uploads\/2026\/03\/GARZA-BLANCA-600x596.jpg 600w, https:\/\/www.joseantoniobernad.com\/wp-content\/uploads\/2026\/03\/GARZA-BLANCA-800x795.jpg 800w, https:\/\/www.joseantoniobernad.com\/wp-content\/uploads\/2026\/03\/GARZA-BLANCA-1200x1192.jpg 1200w, https:\/\/www.joseantoniobernad.com\/wp-content\/uploads\/2026\/03\/GARZA-BLANCA.jpg 2500w\" sizes=\"(min-width: 2200px) 100vw, (min-width: 640px) 1200px, \" \/><div class=\"fusion-rollover\">\n\t<div class=\"fusion-rollover-content\">\n\n\t\t\t\t\t\t\t\t\t\t\t\t\t\t<a class=\"fusion-rollover-link\" href=\"https:\/\/www.joseantoniobernad.com\/en\/portfolio-en\/garza-blanca-70-x-701-cm-oleo-sobre-madera\/\">Garza Blanca &#8211; 70 x 701 cm. &#8211; \u00d3leo sobre madera<\/a>\n\t\t\t\n\t\t\t\t\t\t\t\t\t\t\t\t\t\t\n\t\t\t\t\t\t\t\t\n\t\t\t\t\t\t\t\t\t\t\t\t\t<div class=\"fusion-rollover-sep\"><\/div>\n\t\t\t\t\n\t\t\t\t\t\t\t\t\t\t\t\t\t\t\t\t\t\t<a class=\"fusion-rollover-gallery\" href=\"https:\/\/www.joseantoniobernad.com\/wp-content\/uploads\/2026\/03\/GARZA-BLANCA.jpg\" data-options=\"\" data-id=\"560\" data-rel=\"iLightbox[gallery-rw-1]\" data-title=\"GARZA BLANCA\" data-caption=\"\">\n\t\t\t\t\t\tGallery\t\t\t\t\t<\/a>\n\t\t\t\t\t\t\t\t\t\t\t\t\t\t\n\t\t\n\t\t\t\t\t\t\t\t\t\t\t\t<h4 class=\"fusion-rollover-title\">\n\t\t\t\t\t<a class=\"fusion-rollover-title-link\" href=\"https:\/\/www.joseantoniobernad.com\/en\/portfolio-en\/garza-blanca-70-x-701-cm-oleo-sobre-madera\/\">\n\t\t\t\t\t\tGarza Blanca &#8211; 70 x 701 cm. &#8211; \u00d3leo sobre madera\t\t\t\t\t<\/a>\n\t\t\t\t<\/h4>\n\t\t\t\n\t\t\t\t\t\t\t\t\t\t\t\t\t\t\t\n\t\t\n\t\t\t\t\t\t<a class=\"fusion-link-wrapper\" href=\"https:\/\/www.joseantoniobernad.com\/en\/portfolio-en\/garza-blanca-70-x-701-cm-oleo-sobre-madera\/\" aria-label=\"Garza Blanca &#8211; 70 x 701 cm. &#8211; \u00d3leo sobre madera\"><\/a>\n\t<\/div>\n<\/div>\n<\/div>\n<\/div><\/article><article id=\"portfolio-1-post-558\" class=\"fusion-portfolio-post fusion-col-spacing post-558 fusion-element-landscape fusion-element-portrait\"><div class=\"fusion-portfolio-content-wrapper\" style=\"border:none;\"><span class=\"entry-title rich-snippet-hidden\">Cant\u00e1brico &#8211; 45 x 76 cm &#8211; \u00d3leo sobre madera<\/span><span class=\"vcard rich-snippet-hidden\"><span class=\"fn\"><a href=\"https:\/\/www.joseantoniobernad.com\/en\/author\/joseantonio\/\" title=\"Posts by Jose Antonio Bernad\" rel=\"author\">Jose Antonio Bernad<\/a><\/span><\/span><span class=\"updated rich-snippet-hidden\">2026-03-02T16:17:40+00:00<\/span><div  class=\"fusion-masonry-element-container fusion-image-wrapper\" style=\"background-image:url(https:\/\/www.joseantoniobernad.com\/wp-content\/uploads\/2026\/03\/CANTABRICO.jpg);padding-top:calc((100% + 6px) * 0.8);\" aria-haspopup=\"true\">\n\t\t\t\t<img decoding=\"async\" width=\"2500\" height=\"1528\" src=\"https:\/\/www.joseantoniobernad.com\/wp-content\/uploads\/2026\/03\/CANTABRICO.jpg\" class=\"attachment-full size-full wp-post-image\" alt=\"\" srcset=\"https:\/\/www.joseantoniobernad.com\/wp-content\/uploads\/2026\/03\/CANTABRICO-200x122.jpg 200w, https:\/\/www.joseantoniobernad.com\/wp-content\/uploads\/2026\/03\/CANTABRICO-400x244.jpg 400w, https:\/\/www.joseantoniobernad.com\/wp-content\/uploads\/2026\/03\/CANTABRICO-600x367.jpg 600w, https:\/\/www.joseantoniobernad.com\/wp-content\/uploads\/2026\/03\/CANTABRICO-800x489.jpg 800w, https:\/\/www.joseantoniobernad.com\/wp-content\/uploads\/2026\/03\/CANTABRICO-1200x733.jpg 1200w, https:\/\/www.joseantoniobernad.com\/wp-content\/uploads\/2026\/03\/CANTABRICO.jpg 2500w\" sizes=\"(min-width: 2200px) 100vw, (min-width: 640px) 1200px, \" \/><div class=\"fusion-rollover\">\n\t<div class=\"fusion-rollover-content\">\n\n\t\t\t\t\t\t\t\t\t\t\t\t\t\t<a class=\"fusion-rollover-link\" href=\"https:\/\/www.joseantoniobernad.com\/en\/portfolio-en\/cantabrico-45-x-76-cm-oleo-sobre-madera\/\">Cant\u00e1brico &#8211; 45 x 76 cm &#8211; \u00d3leo sobre madera<\/a>\n\t\t\t\n\t\t\t\t\t\t\t\t\t\t\t\t\t\t\n\t\t\t\t\t\t\t\t\n\t\t\t\t\t\t\t\t\t\t\t\t\t<div class=\"fusion-rollover-sep\"><\/div>\n\t\t\t\t\n\t\t\t\t\t\t\t\t\t\t\t\t\t\t\t\t\t\t<a class=\"fusion-rollover-gallery\" href=\"https:\/\/www.joseantoniobernad.com\/wp-content\/uploads\/2026\/03\/CANTABRICO.jpg\" data-options=\"\" data-id=\"558\" data-rel=\"iLightbox[gallery-rw-1]\" data-title=\"CANTABRICO\" data-caption=\"\">\n\t\t\t\t\t\tGallery\t\t\t\t\t<\/a>\n\t\t\t\t\t\t\t\t\t\t\t\t\t\t\n\t\t\n\t\t\t\t\t\t\t\t\t\t\t\t<h4 class=\"fusion-rollover-title\">\n\t\t\t\t\t<a class=\"fusion-rollover-title-link\" href=\"https:\/\/www.joseantoniobernad.com\/en\/portfolio-en\/cantabrico-45-x-76-cm-oleo-sobre-madera\/\">\n\t\t\t\t\t\tCant\u00e1brico &#8211; 45 x 76 cm &#8211; \u00d3leo sobre madera\t\t\t\t\t<\/a>\n\t\t\t\t<\/h4>\n\t\t\t\n\t\t\t\t\t\t\t\t\t\t\t\t\t\t\t\n\t\t\n\t\t\t\t\t\t<a class=\"fusion-link-wrapper\" href=\"https:\/\/www.joseantoniobernad.com\/en\/portfolio-en\/cantabrico-45-x-76-cm-oleo-sobre-madera\/\" aria-label=\"Cant\u00e1brico &#8211; 45 x 76 cm &#8211; \u00d3leo sobre madera\"><\/a>\n\t<\/div>\n<\/div>\n<\/div>\n<\/div><\/article><article id=\"portfolio-1-post-554\" class=\"fusion-portfolio-post fusion-col-spacing post-554 fusion-element-landscape fusion-element-portrait\"><div class=\"fusion-portfolio-content-wrapper\" style=\"border:none;\"><span class=\"entry-title rich-snippet-hidden\">D\u00eda de pesca &#8211; 67 x 110 cm &#8211; \u00d3leo sobre madera<\/span><span class=\"vcard rich-snippet-hidden\"><span class=\"fn\"><a href=\"https:\/\/www.joseantoniobernad.com\/en\/author\/joseantonio\/\" title=\"Posts by Jose Antonio Bernad\" rel=\"author\">Jose Antonio Bernad<\/a><\/span><\/span><span class=\"updated rich-snippet-hidden\">2026-03-02T16:16:47+00:00<\/span><div  class=\"fusion-masonry-element-container fusion-image-wrapper\" style=\"background-image:url(https:\/\/www.joseantoniobernad.com\/wp-content\/uploads\/2026\/03\/DIA-DE-PESCA.jpg);padding-top:calc((100% + 6px) * 0.8);\" aria-haspopup=\"true\">\n\t\t\t\t<img decoding=\"async\" width=\"2500\" height=\"1509\" src=\"https:\/\/www.joseantoniobernad.com\/wp-content\/uploads\/2026\/03\/DIA-DE-PESCA.jpg\" class=\"attachment-full size-full wp-post-image\" alt=\"\" srcset=\"https:\/\/www.joseantoniobernad.com\/wp-content\/uploads\/2026\/03\/DIA-DE-PESCA-200x121.jpg 200w, https:\/\/www.joseantoniobernad.com\/wp-content\/uploads\/2026\/03\/DIA-DE-PESCA-400x241.jpg 400w, https:\/\/www.joseantoniobernad.com\/wp-content\/uploads\/2026\/03\/DIA-DE-PESCA-600x362.jpg 600w, https:\/\/www.joseantoniobernad.com\/wp-content\/uploads\/2026\/03\/DIA-DE-PESCA-800x483.jpg 800w, https:\/\/www.joseantoniobernad.com\/wp-content\/uploads\/2026\/03\/DIA-DE-PESCA-1200x724.jpg 1200w, https:\/\/www.joseantoniobernad.com\/wp-content\/uploads\/2026\/03\/DIA-DE-PESCA.jpg 2500w\" sizes=\"(min-width: 2200px) 100vw, (min-width: 640px) 1200px, \" \/><div class=\"fusion-rollover\">\n\t<div class=\"fusion-rollover-content\">\n\n\t\t\t\t\t\t\t\t\t\t\t\t\t\t<a class=\"fusion-rollover-link\" href=\"https:\/\/www.joseantoniobernad.com\/en\/portfolio-en\/dia-de-pesca-67-x-110-cm-oleo-sobre-madera\/\">D\u00eda de pesca &#8211; 67 x 110 cm &#8211; \u00d3leo sobre madera<\/a>\n\t\t\t\n\t\t\t\t\t\t\t\t\t\t\t\t\t\t\n\t\t\t\t\t\t\t\t\n\t\t\t\t\t\t\t\t\t\t\t\t\t<div class=\"fusion-rollover-sep\"><\/div>\n\t\t\t\t\n\t\t\t\t\t\t\t\t\t\t\t\t\t\t\t\t\t\t<a class=\"fusion-rollover-gallery\" href=\"https:\/\/www.joseantoniobernad.com\/wp-content\/uploads\/2026\/03\/DIA-DE-PESCA.jpg\" data-options=\"\" data-id=\"554\" data-rel=\"iLightbox[gallery-rw-1]\" data-title=\"DIA DE PESCA\" data-caption=\"\">\n\t\t\t\t\t\tGallery\t\t\t\t\t<\/a>\n\t\t\t\t\t\t\t\t\t\t\t\t\t\t\n\t\t\n\t\t\t\t\t\t\t\t\t\t\t\t<h4 class=\"fusion-rollover-title\">\n\t\t\t\t\t<a class=\"fusion-rollover-title-link\" href=\"https:\/\/www.joseantoniobernad.com\/en\/portfolio-en\/dia-de-pesca-67-x-110-cm-oleo-sobre-madera\/\">\n\t\t\t\t\t\tD\u00eda de pesca &#8211; 67 x 110 cm &#8211; \u00d3leo sobre madera\t\t\t\t\t<\/a>\n\t\t\t\t<\/h4>\n\t\t\t\n\t\t\t\t\t\t\t\t\t\t\t\t\t\t\t\n\t\t\n\t\t\t\t\t\t<a class=\"fusion-link-wrapper\" href=\"https:\/\/www.joseantoniobernad.com\/en\/portfolio-en\/dia-de-pesca-67-x-110-cm-oleo-sobre-madera\/\" aria-label=\"D\u00eda de pesca &#8211; 67 x 110 cm &#8211; \u00d3leo sobre madera\"><\/a>\n\t<\/div>\n<\/div>\n<\/div>\n<\/div><\/article><article id=\"portfolio-1-post-550\" class=\"fusion-portfolio-post fusion-col-spacing post-550 fusion-element-landscape fusion-element-portrait\"><div class=\"fusion-portfolio-content-wrapper\" style=\"border:none;\"><span class=\"entry-title rich-snippet-hidden\">Sue\u00f1o con pez rojo &#8211; 86 x 62 cm &#8211; \u00d3leo sobre madera<\/span><span class=\"vcard rich-snippet-hidden\"><span class=\"fn\"><a href=\"https:\/\/www.joseantoniobernad.com\/en\/author\/joseantonio\/\" title=\"Posts by Jose Antonio Bernad\" rel=\"author\">Jose Antonio Bernad<\/a><\/span><\/span><span class=\"updated rich-snippet-hidden\">2026-03-02T16:13:54+00:00<\/span><div  class=\"fusion-masonry-element-container fusion-image-wrapper\" style=\"background-image:url(https:\/\/www.joseantoniobernad.com\/wp-content\/uploads\/2026\/03\/SUENO-CON-PEZ-ROJO-scaled.jpg);padding-top:calc((100% + 6px) * 0.8);\" aria-haspopup=\"true\">\n\t\t\t\t<img decoding=\"async\" width=\"1836\" height=\"2560\" src=\"https:\/\/www.joseantoniobernad.com\/wp-content\/uploads\/2026\/03\/SUENO-CON-PEZ-ROJO-scaled.jpg\" class=\"attachment-full size-full wp-post-image\" alt=\"\" srcset=\"https:\/\/www.joseantoniobernad.com\/wp-content\/uploads\/2026\/03\/SUENO-CON-PEZ-ROJO-200x279.jpg 200w, https:\/\/www.joseantoniobernad.com\/wp-content\/uploads\/2026\/03\/SUENO-CON-PEZ-ROJO-400x558.jpg 400w, https:\/\/www.joseantoniobernad.com\/wp-content\/uploads\/2026\/03\/SUENO-CON-PEZ-ROJO-600x836.jpg 600w, https:\/\/www.joseantoniobernad.com\/wp-content\/uploads\/2026\/03\/SUENO-CON-PEZ-ROJO-800x1115.jpg 800w, https:\/\/www.joseantoniobernad.com\/wp-content\/uploads\/2026\/03\/SUENO-CON-PEZ-ROJO-1200x1673.jpg 1200w, https:\/\/www.joseantoniobernad.com\/wp-content\/uploads\/2026\/03\/SUENO-CON-PEZ-ROJO-scaled.jpg 1836w\" sizes=\"(min-width: 2200px) 100vw, (min-width: 640px) 1200px, \" \/><div class=\"fusion-rollover\">\n\t<div class=\"fusion-rollover-content\">\n\n\t\t\t\t\t\t\t\t\t\t\t\t\t\t<a class=\"fusion-rollover-link\" href=\"https:\/\/www.joseantoniobernad.com\/en\/portfolio-en\/sueno-con-pez-rojo-86-x-62-cm-oleo-sobre-madera\/\">Sue\u00f1o con pez rojo &#8211; 86 x 62 cm &#8211; \u00d3leo sobre madera<\/a>\n\t\t\t\n\t\t\t\t\t\t\t\t\t\t\t\t\t\t\n\t\t\t\t\t\t\t\t\n\t\t\t\t\t\t\t\t\t\t\t\t\t<div class=\"fusion-rollover-sep\"><\/div>\n\t\t\t\t\n\t\t\t\t\t\t\t\t\t\t\t\t\t\t\t\t\t\t<a class=\"fusion-rollover-gallery\" href=\"https:\/\/www.joseantoniobernad.com\/wp-content\/uploads\/2026\/03\/SUENO-CON-PEZ-ROJO-scaled.jpg\" data-options=\"\" data-id=\"550\" data-rel=\"iLightbox[gallery-rw-1]\" data-title=\"SUE\u00d1O CON PEZ ROJO\" data-caption=\"\">\n\t\t\t\t\t\tGallery\t\t\t\t\t<\/a>\n\t\t\t\t\t\t\t\t\t\t\t\t\t\t\n\t\t\n\t\t\t\t\t\t\t\t\t\t\t\t<h4 class=\"fusion-rollover-title\">\n\t\t\t\t\t<a class=\"fusion-rollover-title-link\" href=\"https:\/\/www.joseantoniobernad.com\/en\/portfolio-en\/sueno-con-pez-rojo-86-x-62-cm-oleo-sobre-madera\/\">\n\t\t\t\t\t\tSue\u00f1o con pez rojo &#8211; 86 x 62 cm &#8211; \u00d3leo sobre madera\t\t\t\t\t<\/a>\n\t\t\t\t<\/h4>\n\t\t\t\n\t\t\t\t\t\t\t\t\t\t\t\t\t\t\t\n\t\t\n\t\t\t\t\t\t<a class=\"fusion-link-wrapper\" href=\"https:\/\/www.joseantoniobernad.com\/en\/portfolio-en\/sueno-con-pez-rojo-86-x-62-cm-oleo-sobre-madera\/\" aria-label=\"Sue\u00f1o con pez rojo &#8211; 86 x 62 cm &#8211; \u00d3leo sobre madera\"><\/a>\n\t<\/div>\n<\/div>\n<\/div>\n<\/div><\/article><article id=\"portfolio-1-post-546\" class=\"fusion-portfolio-post fusion-col-spacing post-546 fusion-element-landscape fusion-element-portrait\"><div class=\"fusion-portfolio-content-wrapper\" style=\"border:none;\"><span class=\"entry-title rich-snippet-hidden\">Siete flores &#8211; 89&#215;65 cm. &#8211; \u00d3leo sobre madera<\/span><span class=\"vcard rich-snippet-hidden\"><span class=\"fn\"><a href=\"https:\/\/www.joseantoniobernad.com\/en\/author\/joseantonio\/\" title=\"Posts by Jose Antonio Bernad\" rel=\"author\">Jose Antonio Bernad<\/a><\/span><\/span><span class=\"updated rich-snippet-hidden\">2026-03-02T16:10:27+00:00<\/span><div  class=\"fusion-masonry-element-container fusion-image-wrapper\" style=\"background-image:url(https:\/\/www.joseantoniobernad.com\/wp-content\/uploads\/2026\/03\/SIETE-FLORES-scaled.jpg);padding-top:calc((100% + 6px) * 0.8);\" aria-haspopup=\"true\">\n\t\t\t\t<img decoding=\"async\" width=\"1874\" height=\"2560\" src=\"https:\/\/www.joseantoniobernad.com\/wp-content\/uploads\/2026\/03\/SIETE-FLORES-scaled.jpg\" class=\"attachment-full size-full wp-post-image\" alt=\"\" srcset=\"https:\/\/www.joseantoniobernad.com\/wp-content\/uploads\/2026\/03\/SIETE-FLORES-200x273.jpg 200w, https:\/\/www.joseantoniobernad.com\/wp-content\/uploads\/2026\/03\/SIETE-FLORES-400x547.jpg 400w, https:\/\/www.joseantoniobernad.com\/wp-content\/uploads\/2026\/03\/SIETE-FLORES-600x820.jpg 600w, https:\/\/www.joseantoniobernad.com\/wp-content\/uploads\/2026\/03\/SIETE-FLORES-800x1093.jpg 800w, https:\/\/www.joseantoniobernad.com\/wp-content\/uploads\/2026\/03\/SIETE-FLORES-1200x1640.jpg 1200w, https:\/\/www.joseantoniobernad.com\/wp-content\/uploads\/2026\/03\/SIETE-FLORES-scaled.jpg 1874w\" sizes=\"(min-width: 2200px) 100vw, (min-width: 640px) 1200px, \" \/><div class=\"fusion-rollover\">\n\t<div class=\"fusion-rollover-content\">\n\n\t\t\t\t\t\t\t\t\t\t\t\t\t\t<a class=\"fusion-rollover-link\" href=\"https:\/\/www.joseantoniobernad.com\/en\/portfolio-en\/siete-flores-89x65-cm-oleo-sobre-madera\/\">Siete flores &#8211; 89&#215;65 cm. &#8211; \u00d3leo sobre madera<\/a>\n\t\t\t\n\t\t\t\t\t\t\t\t\t\t\t\t\t\t\n\t\t\t\t\t\t\t\t\n\t\t\t\t\t\t\t\t\t\t\t\t\t<div class=\"fusion-rollover-sep\"><\/div>\n\t\t\t\t\n\t\t\t\t\t\t\t\t\t\t\t\t\t\t\t\t\t\t<a class=\"fusion-rollover-gallery\" href=\"https:\/\/www.joseantoniobernad.com\/wp-content\/uploads\/2026\/03\/SIETE-FLORES-scaled.jpg\" data-options=\"\" data-id=\"546\" data-rel=\"iLightbox[gallery-rw-1]\" data-title=\"SIETE FLORES\" data-caption=\"\">\n\t\t\t\t\t\tGallery\t\t\t\t\t<\/a>\n\t\t\t\t\t\t\t\t\t\t\t\t\t\t\n\t\t\n\t\t\t\t\t\t\t\t\t\t\t\t<h4 class=\"fusion-rollover-title\">\n\t\t\t\t\t<a class=\"fusion-rollover-title-link\" href=\"https:\/\/www.joseantoniobernad.com\/en\/portfolio-en\/siete-flores-89x65-cm-oleo-sobre-madera\/\">\n\t\t\t\t\t\tSiete flores &#8211; 89&#215;65 cm. &#8211; \u00d3leo sobre madera\t\t\t\t\t<\/a>\n\t\t\t\t<\/h4>\n\t\t\t\n\t\t\t\t\t\t\t\t\t\t\t\t\t\t\t\n\t\t\n\t\t\t\t\t\t<a class=\"fusion-link-wrapper\" href=\"https:\/\/www.joseantoniobernad.com\/en\/portfolio-en\/siete-flores-89x65-cm-oleo-sobre-madera\/\" aria-label=\"Siete flores &#8211; 89&#215;65 cm. &#8211; \u00d3leo sobre madera\"><\/a>\n\t<\/div>\n<\/div>\n<\/div>\n<\/div><\/article><article id=\"portfolio-1-post-544\" class=\"fusion-portfolio-post fusion-col-spacing post-544 fusion-element-landscape fusion-element-portrait\"><div class=\"fusion-portfolio-content-wrapper\" style=\"border:none;\"><span class=\"entry-title rich-snippet-hidden\">\u00c9l cascar\u00f3n &#8211; 100 x 50 cm. &#8211; \u00d3leo sobre madera<\/span><span class=\"vcard rich-snippet-hidden\"><span class=\"fn\"><a href=\"https:\/\/www.joseantoniobernad.com\/en\/author\/joseantonio\/\" title=\"Posts by Jose Antonio Bernad\" rel=\"author\">Jose Antonio Bernad<\/a><\/span><\/span><span class=\"updated rich-snippet-hidden\">2026-03-02T16:04:55+00:00<\/span><div  class=\"fusion-masonry-element-container fusion-image-wrapper\" style=\"background-image:url(https:\/\/www.joseantoniobernad.com\/wp-content\/uploads\/2026\/03\/CASCARON-scaled.jpg);padding-top:calc((100% + 6px) * 0.8);\" aria-haspopup=\"true\">\n\t\t\t\t<img decoding=\"async\" width=\"1267\" height=\"2560\" src=\"https:\/\/www.joseantoniobernad.com\/wp-content\/uploads\/2026\/03\/CASCARON-scaled.jpg\" class=\"attachment-full size-full wp-post-image\" alt=\"\" srcset=\"https:\/\/www.joseantoniobernad.com\/wp-content\/uploads\/2026\/03\/CASCARON-200x404.jpg 200w, https:\/\/www.joseantoniobernad.com\/wp-content\/uploads\/2026\/03\/CASCARON-400x808.jpg 400w, https:\/\/www.joseantoniobernad.com\/wp-content\/uploads\/2026\/03\/CASCARON-600x1212.jpg 600w, https:\/\/www.joseantoniobernad.com\/wp-content\/uploads\/2026\/03\/CASCARON-800x1616.jpg 800w, https:\/\/www.joseantoniobernad.com\/wp-content\/uploads\/2026\/03\/CASCARON-1200x2424.jpg 1200w, https:\/\/www.joseantoniobernad.com\/wp-content\/uploads\/2026\/03\/CASCARON-scaled.jpg 1267w\" sizes=\"(min-width: 2200px) 100vw, (min-width: 640px) 1200px, \" \/><div class=\"fusion-rollover\">\n\t<div class=\"fusion-rollover-content\">\n\n\t\t\t\t\t\t\t\t\t\t\t\t\t\t<a class=\"fusion-rollover-link\" href=\"https:\/\/www.joseantoniobernad.com\/en\/portfolio-en\/el-cascaron-100-x-50-cm-oleo-sobre-madera\/\">\u00c9l cascar\u00f3n &#8211; 100 x 50 cm. &#8211; \u00d3leo sobre madera<\/a>\n\t\t\t\n\t\t\t\t\t\t\t\t\t\t\t\t\t\t\n\t\t\t\t\t\t\t\t\n\t\t\t\t\t\t\t\t\t\t\t\t\t<div class=\"fusion-rollover-sep\"><\/div>\n\t\t\t\t\n\t\t\t\t\t\t\t\t\t\t\t\t\t\t\t\t\t\t<a class=\"fusion-rollover-gallery\" href=\"https:\/\/www.joseantoniobernad.com\/wp-content\/uploads\/2026\/03\/CASCARON-scaled.jpg\" data-options=\"\" data-id=\"544\" data-rel=\"iLightbox[gallery-rw-1]\" data-title=\"CASCARON\" data-caption=\"\">\n\t\t\t\t\t\tGallery\t\t\t\t\t<\/a>\n\t\t\t\t\t\t\t\t\t\t\t\t\t\t\n\t\t\n\t\t\t\t\t\t\t\t\t\t\t\t<h4 class=\"fusion-rollover-title\">\n\t\t\t\t\t<a class=\"fusion-rollover-title-link\" href=\"https:\/\/www.joseantoniobernad.com\/en\/portfolio-en\/el-cascaron-100-x-50-cm-oleo-sobre-madera\/\">\n\t\t\t\t\t\t\u00c9l cascar\u00f3n &#8211; 100 x 50 cm. &#8211; \u00d3leo sobre madera\t\t\t\t\t<\/a>\n\t\t\t\t<\/h4>\n\t\t\t\n\t\t\t\t\t\t\t\t\t\t\t\t\t\t\t\n\t\t\n\t\t\t\t\t\t<a class=\"fusion-link-wrapper\" href=\"https:\/\/www.joseantoniobernad.com\/en\/portfolio-en\/el-cascaron-100-x-50-cm-oleo-sobre-madera\/\" aria-label=\"\u00c9l cascar\u00f3n &#8211; 100 x 50 cm. &#8211; \u00d3leo sobre madera\"><\/a>\n\t<\/div>\n<\/div>\n<\/div>\n<\/div><\/article><article id=\"portfolio-1-post-542\" class=\"fusion-portfolio-post fusion-col-spacing post-542 fusion-element-landscape fusion-element-portrait\"><div class=\"fusion-portfolio-content-wrapper\" style=\"border:none;\"><span class=\"entry-title rich-snippet-hidden\">&#8220;Briley&#8221; &#8211; 100 x 84 cm, \u00d3leo sobre madera<\/span><span class=\"vcard rich-snippet-hidden\"><span class=\"fn\"><a href=\"https:\/\/www.joseantoniobernad.com\/en\/author\/joseantonio\/\" title=\"Posts by Jose Antonio Bernad\" rel=\"author\">Jose Antonio Bernad<\/a><\/span><\/span><span class=\"updated rich-snippet-hidden\">2026-03-02T16:03:48+00:00<\/span><div  class=\"fusion-masonry-element-container fusion-image-wrapper\" style=\"background-image:url(https:\/\/www.joseantoniobernad.com\/wp-content\/uploads\/2026\/03\/BRILEY-scaled.jpg);padding-top:calc((100% + 6px) * 0.8);\" aria-haspopup=\"true\">\n\t\t\t\t<img decoding=\"async\" width=\"2151\" height=\"2560\" src=\"https:\/\/www.joseantoniobernad.com\/wp-content\/uploads\/2026\/03\/BRILEY-scaled.jpg\" class=\"attachment-full size-full wp-post-image\" alt=\"\" srcset=\"https:\/\/www.joseantoniobernad.com\/wp-content\/uploads\/2026\/03\/BRILEY-200x238.jpg 200w, https:\/\/www.joseantoniobernad.com\/wp-content\/uploads\/2026\/03\/BRILEY-400x476.jpg 400w, https:\/\/www.joseantoniobernad.com\/wp-content\/uploads\/2026\/03\/BRILEY-600x714.jpg 600w, https:\/\/www.joseantoniobernad.com\/wp-content\/uploads\/2026\/03\/BRILEY-800x952.jpg 800w, https:\/\/www.joseantoniobernad.com\/wp-content\/uploads\/2026\/03\/BRILEY-1200x1428.jpg 1200w, https:\/\/www.joseantoniobernad.com\/wp-content\/uploads\/2026\/03\/BRILEY-scaled.jpg 2151w\" sizes=\"(min-width: 2200px) 100vw, (min-width: 640px) 1200px, \" \/><div class=\"fusion-rollover\">\n\t<div class=\"fusion-rollover-content\">\n\n\t\t\t\t\t\t\t\t\t\t\t\t\t\t<a class=\"fusion-rollover-link\" href=\"https:\/\/www.joseantoniobernad.com\/en\/portfolio-en\/briley-100-x-84-cm-oleo-sobre-madera\/\">&#8220;Briley&#8221; &#8211; 100 x 84 cm, \u00d3leo sobre madera<\/a>\n\t\t\t\n\t\t\t\t\t\t\t\t\t\t\t\t\t\t\n\t\t\t\t\t\t\t\t\n\t\t\t\t\t\t\t\t\t\t\t\t\t<div class=\"fusion-rollover-sep\"><\/div>\n\t\t\t\t\n\t\t\t\t\t\t\t\t\t\t\t\t\t\t\t\t\t\t<a class=\"fusion-rollover-gallery\" href=\"https:\/\/www.joseantoniobernad.com\/wp-content\/uploads\/2026\/03\/BRILEY-scaled.jpg\" data-options=\"\" data-id=\"542\" data-rel=\"iLightbox[gallery-rw-1]\" data-title=\"BRILEY\" data-caption=\"\">\n\t\t\t\t\t\tGallery\t\t\t\t\t<\/a>\n\t\t\t\t\t\t\t\t\t\t\t\t\t\t\n\t\t\n\t\t\t\t\t\t\t\t\t\t\t\t<h4 class=\"fusion-rollover-title\">\n\t\t\t\t\t<a class=\"fusion-rollover-title-link\" href=\"https:\/\/www.joseantoniobernad.com\/en\/portfolio-en\/briley-100-x-84-cm-oleo-sobre-madera\/\">\n\t\t\t\t\t\t&#8220;Briley&#8221; &#8211; 100 x 84 cm, \u00d3leo sobre madera\t\t\t\t\t<\/a>\n\t\t\t\t<\/h4>\n\t\t\t\n\t\t\t\t\t\t\t\t\t\t\t\t\t\t\t\n\t\t\n\t\t\t\t\t\t<a class=\"fusion-link-wrapper\" href=\"https:\/\/www.joseantoniobernad.com\/en\/portfolio-en\/briley-100-x-84-cm-oleo-sobre-madera\/\" aria-label=\"&#8220;Briley&#8221; &#8211; 100 x 84 cm, \u00d3leo sobre madera\"><\/a>\n\t<\/div>\n<\/div>\n<\/div>\n<\/div><\/article><article id=\"portfolio-1-post-540\" class=\"fusion-portfolio-post fusion-col-spacing post-540 fusion-element-landscape fusion-element-portrait\"><div class=\"fusion-portfolio-content-wrapper\" style=\"border:none;\"><span class=\"entry-title rich-snippet-hidden\">Un beso &#8211; 100 x 70 cm. \u00d3leo sobre madera<\/span><span class=\"vcard rich-snippet-hidden\"><span class=\"fn\"><a href=\"https:\/\/www.joseantoniobernad.com\/en\/author\/joseantonio\/\" title=\"Posts by Jose Antonio Bernad\" rel=\"author\">Jose Antonio Bernad<\/a><\/span><\/span><span class=\"updated rich-snippet-hidden\">2026-03-02T16:02:41+00:00<\/span><div  class=\"fusion-masonry-element-container fusion-image-wrapper\" style=\"background-image:url(https:\/\/www.joseantoniobernad.com\/wp-content\/uploads\/2026\/03\/EL-BESO-scaled.jpg);padding-top:calc((100% + 6px) * 0.8);\" aria-haspopup=\"true\">\n\t\t\t\t<img decoding=\"async\" width=\"2044\" height=\"2560\" src=\"https:\/\/www.joseantoniobernad.com\/wp-content\/uploads\/2026\/03\/EL-BESO-scaled.jpg\" class=\"attachment-full size-full wp-post-image\" alt=\"\" srcset=\"https:\/\/www.joseantoniobernad.com\/wp-content\/uploads\/2026\/03\/EL-BESO-200x250.jpg 200w, https:\/\/www.joseantoniobernad.com\/wp-content\/uploads\/2026\/03\/EL-BESO-400x501.jpg 400w, https:\/\/www.joseantoniobernad.com\/wp-content\/uploads\/2026\/03\/EL-BESO-600x751.jpg 600w, https:\/\/www.joseantoniobernad.com\/wp-content\/uploads\/2026\/03\/EL-BESO-800x1002.jpg 800w, https:\/\/www.joseantoniobernad.com\/wp-content\/uploads\/2026\/03\/EL-BESO-1200x1503.jpg 1200w, https:\/\/www.joseantoniobernad.com\/wp-content\/uploads\/2026\/03\/EL-BESO-scaled.jpg 2044w\" sizes=\"(min-width: 2200px) 100vw, (min-width: 640px) 1200px, \" \/><div class=\"fusion-rollover\">\n\t<div class=\"fusion-rollover-content\">\n\n\t\t\t\t\t\t\t\t\t\t\t\t\t\t<a class=\"fusion-rollover-link\" href=\"https:\/\/www.joseantoniobernad.com\/en\/portfolio-en\/un-beso-100-x-70-cm-oleo-sobre-madera\/\">Un beso &#8211; 100 x 70 cm. \u00d3leo sobre madera<\/a>\n\t\t\t\n\t\t\t\t\t\t\t\t\t\t\t\t\t\t\n\t\t\t\t\t\t\t\t\n\t\t\t\t\t\t\t\t\t\t\t\t\t<div class=\"fusion-rollover-sep\"><\/div>\n\t\t\t\t\n\t\t\t\t\t\t\t\t\t\t\t\t\t\t\t\t\t\t<a class=\"fusion-rollover-gallery\" href=\"https:\/\/www.joseantoniobernad.com\/wp-content\/uploads\/2026\/03\/EL-BESO-scaled.jpg\" data-options=\"\" data-id=\"540\" data-rel=\"iLightbox[gallery-rw-1]\" data-title=\"EL BESO\" data-caption=\"\">\n\t\t\t\t\t\tGallery\t\t\t\t\t<\/a>\n\t\t\t\t\t\t\t\t\t\t\t\t\t\t\n\t\t\n\t\t\t\t\t\t\t\t\t\t\t\t<h4 class=\"fusion-rollover-title\">\n\t\t\t\t\t<a class=\"fusion-rollover-title-link\" href=\"https:\/\/www.joseantoniobernad.com\/en\/portfolio-en\/un-beso-100-x-70-cm-oleo-sobre-madera\/\">\n\t\t\t\t\t\tUn beso &#8211; 100 x 70 cm. \u00d3leo sobre madera\t\t\t\t\t<\/a>\n\t\t\t\t<\/h4>\n\t\t\t\n\t\t\t\t\t\t\t\t\t\t\t\t\t\t\t\n\t\t\n\t\t\t\t\t\t<a class=\"fusion-link-wrapper\" href=\"https:\/\/www.joseantoniobernad.com\/en\/portfolio-en\/un-beso-100-x-70-cm-oleo-sobre-madera\/\" aria-label=\"Un beso &#8211; 100 x 70 cm. \u00d3leo sobre madera\"><\/a>\n\t<\/div>\n<\/div>\n<\/div>\n<\/div><\/article><article id=\"portfolio-1-post-538\" class=\"fusion-portfolio-post fusion-col-spacing post-538 fusion-element-landscape fusion-element-portrait\"><div class=\"fusion-portfolio-content-wrapper\" style=\"border:none;\"><span class=\"entry-title rich-snippet-hidden\">Preciso instante en que el joven artista descubri\u00f3 el surrealismo &#8211; \u00d3leo sobre madera &#8211; 108 x 140 cm.<\/span><span class=\"vcard rich-snippet-hidden\"><span class=\"fn\"><a href=\"https:\/\/www.joseantoniobernad.com\/en\/author\/joseantonio\/\" title=\"Posts by Jose Antonio Bernad\" rel=\"author\">Jose Antonio Bernad<\/a><\/span><\/span><span class=\"updated rich-snippet-hidden\">2026-03-02T16:01:16+00:00<\/span><div  class=\"fusion-masonry-element-container fusion-image-wrapper\" style=\"background-image:url(https:\/\/www.joseantoniobernad.com\/wp-content\/uploads\/2026\/03\/PRECISO-INSTANTE-EN-QUE-EL-JOVER-ARTISTA-DESCUBRIO-EL-SURREALISMO-scaled.jpg);padding-top:calc((100% + 6px) * 0.8);\" aria-haspopup=\"true\">\n\t\t\t\t<img decoding=\"async\" width=\"2560\" height=\"1976\" src=\"https:\/\/www.joseantoniobernad.com\/wp-content\/uploads\/2026\/03\/PRECISO-INSTANTE-EN-QUE-EL-JOVER-ARTISTA-DESCUBRIO-EL-SURREALISMO-scaled.jpg\" class=\"attachment-full size-full wp-post-image\" alt=\"\" srcset=\"https:\/\/www.joseantoniobernad.com\/wp-content\/uploads\/2026\/03\/PRECISO-INSTANTE-EN-QUE-EL-JOVER-ARTISTA-DESCUBRIO-EL-SURREALISMO-200x154.jpg 200w, https:\/\/www.joseantoniobernad.com\/wp-content\/uploads\/2026\/03\/PRECISO-INSTANTE-EN-QUE-EL-JOVER-ARTISTA-DESCUBRIO-EL-SURREALISMO-400x309.jpg 400w, https:\/\/www.joseantoniobernad.com\/wp-content\/uploads\/2026\/03\/PRECISO-INSTANTE-EN-QUE-EL-JOVER-ARTISTA-DESCUBRIO-EL-SURREALISMO-600x463.jpg 600w, https:\/\/www.joseantoniobernad.com\/wp-content\/uploads\/2026\/03\/PRECISO-INSTANTE-EN-QUE-EL-JOVER-ARTISTA-DESCUBRIO-EL-SURREALISMO-800x618.jpg 800w, https:\/\/www.joseantoniobernad.com\/wp-content\/uploads\/2026\/03\/PRECISO-INSTANTE-EN-QUE-EL-JOVER-ARTISTA-DESCUBRIO-EL-SURREALISMO-1200x926.jpg 1200w, https:\/\/www.joseantoniobernad.com\/wp-content\/uploads\/2026\/03\/PRECISO-INSTANTE-EN-QUE-EL-JOVER-ARTISTA-DESCUBRIO-EL-SURREALISMO-scaled.jpg 2560w\" sizes=\"(min-width: 2200px) 100vw, (min-width: 640px) 1200px, \" \/><div class=\"fusion-rollover\">\n\t<div class=\"fusion-rollover-content\">\n\n\t\t\t\t\t\t\t\t\t\t\t\t\t\t<a class=\"fusion-rollover-link\" href=\"https:\/\/www.joseantoniobernad.com\/en\/portfolio-en\/preciso-instante-en-que-el-joven-artista-descubrio-el-surrealismo-oleo-sobre-madera-108-x-140-cm\/\">Preciso instante en que el joven artista descubri\u00f3 el surrealismo &#8211; \u00d3leo sobre madera &#8211; 108 x 140 cm.<\/a>\n\t\t\t\n\t\t\t\t\t\t\t\t\t\t\t\t\t\t\n\t\t\t\t\t\t\t\t\n\t\t\t\t\t\t\t\t\t\t\t\t\t<div class=\"fusion-rollover-sep\"><\/div>\n\t\t\t\t\n\t\t\t\t\t\t\t\t\t\t\t\t\t\t\t\t\t\t<a class=\"fusion-rollover-gallery\" href=\"https:\/\/www.joseantoniobernad.com\/wp-content\/uploads\/2026\/03\/PRECISO-INSTANTE-EN-QUE-EL-JOVER-ARTISTA-DESCUBRIO-EL-SURREALISMO-scaled.jpg\" data-options=\"\" data-id=\"538\" data-rel=\"iLightbox[gallery-rw-1]\" data-title=\"PRECISO INSTANTE EN QUE EL JOVER ARTISTA DESCUBRIO EL SURREALISMO\" data-caption=\"\">\n\t\t\t\t\t\tGallery\t\t\t\t\t<\/a>\n\t\t\t\t\t\t\t\t\t\t\t\t\t\t\n\t\t\n\t\t\t\t\t\t\t\t\t\t\t\t<h4 class=\"fusion-rollover-title\">\n\t\t\t\t\t<a class=\"fusion-rollover-title-link\" href=\"https:\/\/www.joseantoniobernad.com\/en\/portfolio-en\/preciso-instante-en-que-el-joven-artista-descubrio-el-surrealismo-oleo-sobre-madera-108-x-140-cm\/\">\n\t\t\t\t\t\tPreciso instante en que el joven artista descubri\u00f3 el surrealismo &#8211; \u00d3leo sobre madera &#8211; 108 x 140 cm.\t\t\t\t\t<\/a>\n\t\t\t\t<\/h4>\n\t\t\t\n\t\t\t\t\t\t\t\t\t\t\t\t\t\t\t\n\t\t\n\t\t\t\t\t\t<a class=\"fusion-link-wrapper\" href=\"https:\/\/www.joseantoniobernad.com\/en\/portfolio-en\/preciso-instante-en-que-el-joven-artista-descubrio-el-surrealismo-oleo-sobre-madera-108-x-140-cm\/\" aria-label=\"Preciso instante en que el joven artista descubri\u00f3 el surrealismo &#8211; \u00d3leo sobre madera &#8211; 108 x 140 cm.\"><\/a>\n\t<\/div>\n<\/div>\n<\/div>\n<\/div><\/article><article id=\"portfolio-1-post-535\" class=\"fusion-portfolio-post fusion-col-spacing post-535 fusion-element-landscape fusion-element-portrait\"><div class=\"fusion-portfolio-content-wrapper\" style=\"border:none;\"><span class=\"entry-title rich-snippet-hidden\">La fuente &#8211; 100 x 66 cm. \u00d3leo sobre tabla<\/span><span class=\"vcard rich-snippet-hidden\"><span class=\"fn\"><a href=\"https:\/\/www.joseantoniobernad.com\/en\/author\/joseantonio\/\" title=\"Posts by Jose Antonio Bernad\" rel=\"author\">Jose Antonio Bernad<\/a><\/span><\/span><span class=\"updated rich-snippet-hidden\">2026-03-02T15:57:13+00:00<\/span><div  class=\"fusion-masonry-element-container fusion-image-wrapper\" style=\"background-image:url(https:\/\/www.joseantoniobernad.com\/wp-content\/uploads\/2026\/03\/LA-FUENTE-scaled.jpg);padding-top:calc((100% + 6px) * 0.8);\" aria-haspopup=\"true\">\n\t\t\t\t<img decoding=\"async\" width=\"1684\" height=\"2560\" src=\"https:\/\/www.joseantoniobernad.com\/wp-content\/uploads\/2026\/03\/LA-FUENTE-scaled.jpg\" class=\"attachment-full size-full wp-post-image\" alt=\"\" srcset=\"https:\/\/www.joseantoniobernad.com\/wp-content\/uploads\/2026\/03\/LA-FUENTE-200x304.jpg 200w, https:\/\/www.joseantoniobernad.com\/wp-content\/uploads\/2026\/03\/LA-FUENTE-400x608.jpg 400w, https:\/\/www.joseantoniobernad.com\/wp-content\/uploads\/2026\/03\/LA-FUENTE-600x912.jpg 600w, https:\/\/www.joseantoniobernad.com\/wp-content\/uploads\/2026\/03\/LA-FUENTE-800x1216.jpg 800w, https:\/\/www.joseantoniobernad.com\/wp-content\/uploads\/2026\/03\/LA-FUENTE-1200x1824.jpg 1200w, https:\/\/www.joseantoniobernad.com\/wp-content\/uploads\/2026\/03\/LA-FUENTE-scaled.jpg 1684w\" sizes=\"(min-width: 2200px) 100vw, (min-width: 640px) 1200px, \" \/><div class=\"fusion-rollover\">\n\t<div class=\"fusion-rollover-content\">\n\n\t\t\t\t\t\t\t\t\t\t\t\t\t\t<a class=\"fusion-rollover-link\" href=\"https:\/\/www.joseantoniobernad.com\/en\/portfolio-en\/la-fuente-100-x-66-cm-oleo-sobre-tabla\/\">La fuente &#8211; 100 x 66 cm. \u00d3leo sobre tabla<\/a>\n\t\t\t\n\t\t\t\t\t\t\t\t\t\t\t\t\t\t\n\t\t\t\t\t\t\t\t\n\t\t\t\t\t\t\t\t\t\t\t\t\t<div class=\"fusion-rollover-sep\"><\/div>\n\t\t\t\t\n\t\t\t\t\t\t\t\t\t\t\t\t\t\t\t\t\t\t<a class=\"fusion-rollover-gallery\" href=\"https:\/\/www.joseantoniobernad.com\/wp-content\/uploads\/2026\/03\/LA-FUENTE-scaled.jpg\" data-options=\"\" data-id=\"535\" data-rel=\"iLightbox[gallery-rw-1]\" data-title=\"LA FUENTE\" data-caption=\"\">\n\t\t\t\t\t\tGallery\t\t\t\t\t<\/a>\n\t\t\t\t\t\t\t\t\t\t\t\t\t\t\n\t\t\n\t\t\t\t\t\t\t\t\t\t\t\t<h4 class=\"fusion-rollover-title\">\n\t\t\t\t\t<a class=\"fusion-rollover-title-link\" href=\"https:\/\/www.joseantoniobernad.com\/en\/portfolio-en\/la-fuente-100-x-66-cm-oleo-sobre-tabla\/\">\n\t\t\t\t\t\tLa fuente &#8211; 100 x 66 cm. \u00d3leo sobre tabla\t\t\t\t\t<\/a>\n\t\t\t\t<\/h4>\n\t\t\t\n\t\t\t\t\t\t\t\t\t\t\t\t\t\t\t\n\t\t\n\t\t\t\t\t\t<a class=\"fusion-link-wrapper\" href=\"https:\/\/www.joseantoniobernad.com\/en\/portfolio-en\/la-fuente-100-x-66-cm-oleo-sobre-tabla\/\" aria-label=\"La fuente &#8211; 100 x 66 cm. \u00d3leo sobre tabla\"><\/a>\n\t<\/div>\n<\/div>\n<\/div>\n<\/div><\/article><article id=\"portfolio-1-post-499\" class=\"fusion-portfolio-post fusion-col-spacing post-499 fusion-element-landscape fusion-element-portrait\"><div class=\"fusion-portfolio-content-wrapper\" style=\"border:none;\"><span class=\"entry-title rich-snippet-hidden\">Bienvenido a casa II<\/span><span class=\"vcard rich-snippet-hidden\"><span class=\"fn\"><a href=\"https:\/\/www.joseantoniobernad.com\/en\/author\/joseantonio\/\" title=\"Posts by Jose Antonio Bernad\" rel=\"author\">Jose Antonio Bernad<\/a><\/span><\/span><span class=\"updated rich-snippet-hidden\">2026-03-02T11:44:17+00:00<\/span><div  class=\"fusion-masonry-element-container fusion-image-wrapper\" style=\"background-image:url(https:\/\/www.joseantoniobernad.com\/wp-content\/uploads\/2026\/03\/BIENVIENIDO-A-CASA-ii-scaled.jpg);padding-top:calc((100% + 6px) * 0.8);\" aria-haspopup=\"true\">\n\t\t\t\t<img decoding=\"async\" width=\"2233\" height=\"2560\" src=\"https:\/\/www.joseantoniobernad.com\/wp-content\/uploads\/2026\/03\/BIENVIENIDO-A-CASA-ii-scaled.jpg\" class=\"attachment-full size-full wp-post-image\" alt=\"\" srcset=\"https:\/\/www.joseantoniobernad.com\/wp-content\/uploads\/2026\/03\/BIENVIENIDO-A-CASA-ii-200x229.jpg 200w, https:\/\/www.joseantoniobernad.com\/wp-content\/uploads\/2026\/03\/BIENVIENIDO-A-CASA-ii-400x459.jpg 400w, https:\/\/www.joseantoniobernad.com\/wp-content\/uploads\/2026\/03\/BIENVIENIDO-A-CASA-ii-600x688.jpg 600w, https:\/\/www.joseantoniobernad.com\/wp-content\/uploads\/2026\/03\/BIENVIENIDO-A-CASA-ii-800x917.jpg 800w, https:\/\/www.joseantoniobernad.com\/wp-content\/uploads\/2026\/03\/BIENVIENIDO-A-CASA-ii-1200x1376.jpg 1200w, https:\/\/www.joseantoniobernad.com\/wp-content\/uploads\/2026\/03\/BIENVIENIDO-A-CASA-ii-scaled.jpg 2233w\" sizes=\"(min-width: 2200px) 100vw, (min-width: 640px) 1200px, \" \/><div class=\"fusion-rollover\">\n\t<div class=\"fusion-rollover-content\">\n\n\t\t\t\t\t\t\t\t\t\t\t\t\t\t<a class=\"fusion-rollover-link\" href=\"https:\/\/www.joseantoniobernad.com\/en\/portfolio-en\/bienvenido-a-casa-ii\/\">Bienvenido a casa II<\/a>\n\t\t\t\n\t\t\t\t\t\t\t\t\t\t\t\t\t\t\n\t\t\t\t\t\t\t\t\n\t\t\t\t\t\t\t\t\t\t\t\t\t<div class=\"fusion-rollover-sep\"><\/div>\n\t\t\t\t\n\t\t\t\t\t\t\t\t\t\t\t\t\t\t\t\t\t\t<a class=\"fusion-rollover-gallery\" href=\"https:\/\/www.joseantoniobernad.com\/wp-content\/uploads\/2026\/03\/BIENVIENIDO-A-CASA-ii-scaled.jpg\" data-options=\"\" data-id=\"499\" data-rel=\"iLightbox[gallery-rw-1]\" data-title=\"BIENVIENIDO A CASA ii\" data-caption=\"\">\n\t\t\t\t\t\tGallery\t\t\t\t\t<\/a>\n\t\t\t\t\t\t\t\t\t\t\t\t\t\t\n\t\t\n\t\t\t\t\t\t\t\t\t\t\t\t<h4 class=\"fusion-rollover-title\">\n\t\t\t\t\t<a class=\"fusion-rollover-title-link\" href=\"https:\/\/www.joseantoniobernad.com\/en\/portfolio-en\/bienvenido-a-casa-ii\/\">\n\t\t\t\t\t\tBienvenido a casa II\t\t\t\t\t<\/a>\n\t\t\t\t<\/h4>\n\t\t\t\n\t\t\t\t\t\t\t\t\t\t\t\t\t\t\t\n\t\t\n\t\t\t\t\t\t<a class=\"fusion-link-wrapper\" href=\"https:\/\/www.joseantoniobernad.com\/en\/portfolio-en\/bienvenido-a-casa-ii\/\" aria-label=\"Bienvenido a casa II\"><\/a>\n\t<\/div>\n<\/div>\n<\/div>\n<\/div><\/article><article id=\"portfolio-1-post-484\" class=\"fusion-portfolio-post fusion-col-spacing post-484 fusion-element-landscape fusion-element-portrait\"><div class=\"fusion-portfolio-content-wrapper\" style=\"border:none;\"><span class=\"entry-title rich-snippet-hidden\">Bienvenido a casa (bis)<\/span><span class=\"vcard rich-snippet-hidden\"><span class=\"fn\"><a href=\"https:\/\/www.joseantoniobernad.com\/en\/author\/joseantonio\/\" title=\"Posts by Jose Antonio Bernad\" rel=\"author\">Jose Antonio Bernad<\/a><\/span><\/span><span class=\"updated rich-snippet-hidden\">2026-03-02T16:47:06+00:00<\/span><div  class=\"fusion-masonry-element-container fusion-image-wrapper\" style=\"background-image:url(https:\/\/www.joseantoniobernad.com\/wp-content\/uploads\/2026\/03\/BIENVIENIDO-A-CASA-scaled.jpg);padding-top:calc((100% + 6px) * 0.8);\" aria-haspopup=\"true\">\n\t\t\t\t<img decoding=\"async\" width=\"2014\" height=\"2560\" src=\"https:\/\/www.joseantoniobernad.com\/wp-content\/uploads\/2026\/03\/BIENVIENIDO-A-CASA-scaled.jpg\" class=\"attachment-full size-full wp-post-image\" alt=\"\" srcset=\"https:\/\/www.joseantoniobernad.com\/wp-content\/uploads\/2026\/03\/BIENVIENIDO-A-CASA-200x254.jpg 200w, https:\/\/www.joseantoniobernad.com\/wp-content\/uploads\/2026\/03\/BIENVIENIDO-A-CASA-400x508.jpg 400w, https:\/\/www.joseantoniobernad.com\/wp-content\/uploads\/2026\/03\/BIENVIENIDO-A-CASA-600x763.jpg 600w, https:\/\/www.joseantoniobernad.com\/wp-content\/uploads\/2026\/03\/BIENVIENIDO-A-CASA-800x1017.jpg 800w, https:\/\/www.joseantoniobernad.com\/wp-content\/uploads\/2026\/03\/BIENVIENIDO-A-CASA-1200x1525.jpg 1200w, https:\/\/www.joseantoniobernad.com\/wp-content\/uploads\/2026\/03\/BIENVIENIDO-A-CASA-scaled.jpg 2014w\" sizes=\"(min-width: 2200px) 100vw, (min-width: 640px) 1200px, \" \/><div class=\"fusion-rollover\">\n\t<div class=\"fusion-rollover-content\">\n\n\t\t\t\t\t\t\t\t\t\t\t\t\t\t<a class=\"fusion-rollover-link\" href=\"https:\/\/www.joseantoniobernad.com\/en\/portfolio-en\/bienvenido-a-casa\/\">Bienvenido a casa (bis)<\/a>\n\t\t\t\n\t\t\t\t\t\t\t\t\t\t\t\t\t\t\n\t\t\t\t\t\t\t\t\n\t\t\t\t\t\t\t\t\t\t\t\t\t<div class=\"fusion-rollover-sep\"><\/div>\n\t\t\t\t\n\t\t\t\t\t\t\t\t\t\t\t\t\t\t\t\t\t\t<a class=\"fusion-rollover-gallery\" href=\"https:\/\/www.joseantoniobernad.com\/wp-content\/uploads\/2026\/03\/BIENVIENIDO-A-CASA-scaled.jpg\" data-options=\"\" data-id=\"484\" data-rel=\"iLightbox[gallery-rw-1]\" data-title=\"BIENVIENIDO A CASA\" data-caption=\"\">\n\t\t\t\t\t\tGallery\t\t\t\t\t<\/a>\n\t\t\t\t\t\t\t\t\t\t\t\t\t\t\n\t\t\n\t\t\t\t\t\t\t\t\t\t\t\t<h4 class=\"fusion-rollover-title\">\n\t\t\t\t\t<a class=\"fusion-rollover-title-link\" href=\"https:\/\/www.joseantoniobernad.com\/en\/portfolio-en\/bienvenido-a-casa\/\">\n\t\t\t\t\t\tBienvenido a casa (bis)\t\t\t\t\t<\/a>\n\t\t\t\t<\/h4>\n\t\t\t\n\t\t\t\t\t\t\t\t\t\t\t\t\t\t\t\n\t\t\n\t\t\t\t\t\t<a class=\"fusion-link-wrapper\" href=\"https:\/\/www.joseantoniobernad.com\/en\/portfolio-en\/bienvenido-a-casa\/\" aria-label=\"Bienvenido a casa (bis)\"><\/a>\n\t<\/div>\n<\/div>\n<\/div>\n<\/div><\/article><article id=\"portfolio-1-post-480\" class=\"fusion-portfolio-post gallery-1 fusion-col-spacing post-480 fusion-element-landscape fusion-element-portrait\"><div class=\"fusion-portfolio-content-wrapper\" style=\"border:none;\"><span class=\"entry-title rich-snippet-hidden\">Birds Watching, 31,5&#8243; x 20,87&#8243; ., Oil on linen on ACM<\/span><span class=\"vcard rich-snippet-hidden\"><span class=\"fn\"><a href=\"https:\/\/www.joseantoniobernad.com\/en\/author\/joseantonio\/\" title=\"Posts by Jose Antonio Bernad\" rel=\"author\">Jose Antonio Bernad<\/a><\/span><\/span><span class=\"updated rich-snippet-hidden\">2024-02-11T19:46:21+00:00<\/span><div  class=\"fusion-masonry-element-container fusion-image-wrapper\" style=\"background-image:url(https:\/\/www.joseantoniobernad.com\/wp-content\/uploads\/2024\/01\/0002-UmFotografia-b-scaled.jpg);padding-top:calc((100% + 6px) * 0.8);\" aria-haspopup=\"true\">\n\t\t\t\t<img decoding=\"async\" width=\"1704\" height=\"2560\" src=\"https:\/\/www.joseantoniobernad.com\/wp-content\/uploads\/2024\/01\/0002-UmFotografia-b-scaled.jpg\" class=\"attachment-full size-full wp-post-image\" alt=\"\" srcset=\"https:\/\/www.joseantoniobernad.com\/wp-content\/uploads\/2024\/01\/0002-UmFotografia-b-200x300.jpg 200w, https:\/\/www.joseantoniobernad.com\/wp-content\/uploads\/2024\/01\/0002-UmFotografia-b-400x601.jpg 400w, https:\/\/www.joseantoniobernad.com\/wp-content\/uploads\/2024\/01\/0002-UmFotografia-b-600x901.jpg 600w, https:\/\/www.joseantoniobernad.com\/wp-content\/uploads\/2024\/01\/0002-UmFotografia-b-800x1202.jpg 800w, https:\/\/www.joseantoniobernad.com\/wp-content\/uploads\/2024\/01\/0002-UmFotografia-b-1200x1803.jpg 1200w, https:\/\/www.joseantoniobernad.com\/wp-content\/uploads\/2024\/01\/0002-UmFotografia-b-scaled.jpg 1704w\" sizes=\"(min-width: 2200px) 100vw, (min-width: 640px) 1200px, \" \/><div class=\"fusion-rollover\">\n\t<div class=\"fusion-rollover-content\">\n\n\t\t\t\t\t\t\t\t\t\t\t\t\t\t<a class=\"fusion-rollover-link\" href=\"https:\/\/www.joseantoniobernad.com\/en\/portfolio-en\/birds-watching-315-x-2087-oil-on-linen-on-acm\/\">Birds Watching, 31,5&#8243; x 20,87&#8243; ., Oil on linen on ACM<\/a>\n\t\t\t\n\t\t\t\t\t\t\t\t\t\t\t\t\t\t\n\t\t\t\t\t\t\t\t\n\t\t\t\t\t\t\t\t\t\t\t\t\t<div class=\"fusion-rollover-sep\"><\/div>\n\t\t\t\t\n\t\t\t\t\t\t\t\t\t\t\t\t\t\t\t\t\t\t<a class=\"fusion-rollover-gallery\" href=\"https:\/\/www.joseantoniobernad.com\/wp-content\/uploads\/2024\/01\/0002-UmFotografia-b-scaled.jpg\" data-options=\"\" data-id=\"480\" data-rel=\"iLightbox[gallery-rw-1]\" data-title=\"0002 - UmFotografi\u0301a b\" data-caption=\"\">\n\t\t\t\t\t\tGallery\t\t\t\t\t<\/a>\n\t\t\t\t\t\t\t\t\t\t\t\t\t\t\n\t\t\n\t\t\t\t\t\t\t\t\t\t\t\t<h4 class=\"fusion-rollover-title\">\n\t\t\t\t\t<a class=\"fusion-rollover-title-link\" href=\"https:\/\/www.joseantoniobernad.com\/en\/portfolio-en\/birds-watching-315-x-2087-oil-on-linen-on-acm\/\">\n\t\t\t\t\t\tBirds Watching, 31,5&#8243; x 20,87&#8243; ., Oil on linen on ACM\t\t\t\t\t<\/a>\n\t\t\t\t<\/h4>\n\t\t\t\n\t\t\t\t\t\t\t\t\t\t<div class=\"fusion-rollover-categories\"><a href=\"https:\/\/www.joseantoniobernad.com\/en\/portfolio_category\/gallery-1\/\" rel=\"tag\">Gallery 1<\/a><\/div>\t\t\t\t\t\n\t\t\n\t\t\t\t\t\t<a class=\"fusion-link-wrapper\" href=\"https:\/\/www.joseantoniobernad.com\/en\/portfolio-en\/birds-watching-315-x-2087-oil-on-linen-on-acm\/\" aria-label=\"Birds Watching, 31,5&#8243; x 20,87&#8243; ., Oil on linen on ACM\"><\/a>\n\t<\/div>\n<\/div>\n<\/div>\n<\/div><\/article><article id=\"portfolio-1-post-479\" class=\"fusion-portfolio-post gallery-1 fusion-col-spacing post-479 fusion-element-landscape fusion-element-portrait\"><div class=\"fusion-portfolio-content-wrapper\" style=\"border:none;\"><span class=\"entry-title rich-snippet-hidden\">The Road Ahead, 47,25&#8243; x 26,77&#8243;., Oil on wood panel.<\/span><span class=\"vcard rich-snippet-hidden\"><span class=\"fn\"><a href=\"https:\/\/www.joseantoniobernad.com\/en\/author\/joseantonio\/\" title=\"Posts by Jose Antonio Bernad\" rel=\"author\">Jose Antonio Bernad<\/a><\/span><\/span><span class=\"updated rich-snippet-hidden\">2024-02-11T19:45:12+00:00<\/span><div  class=\"fusion-masonry-element-container fusion-image-wrapper\" style=\"background-image:url(https:\/\/www.joseantoniobernad.com\/wp-content\/uploads\/2024\/01\/0006-UmFotografia-1-scaled.jpg);padding-top:calc((100% + 6px) * 0.8);\" aria-haspopup=\"true\">\n\t\t\t\t<img decoding=\"async\" width=\"1445\" height=\"2560\" src=\"https:\/\/www.joseantoniobernad.com\/wp-content\/uploads\/2024\/01\/0006-UmFotografia-1-scaled.jpg\" class=\"attachment-full size-full wp-post-image\" alt=\"\" srcset=\"https:\/\/www.joseantoniobernad.com\/wp-content\/uploads\/2024\/01\/0006-UmFotografia-1-200x354.jpg 200w, https:\/\/www.joseantoniobernad.com\/wp-content\/uploads\/2024\/01\/0006-UmFotografia-1-400x709.jpg 400w, https:\/\/www.joseantoniobernad.com\/wp-content\/uploads\/2024\/01\/0006-UmFotografia-1-600x1063.jpg 600w, https:\/\/www.joseantoniobernad.com\/wp-content\/uploads\/2024\/01\/0006-UmFotografia-1-800x1418.jpg 800w, https:\/\/www.joseantoniobernad.com\/wp-content\/uploads\/2024\/01\/0006-UmFotografia-1-1200x2127.jpg 1200w, https:\/\/www.joseantoniobernad.com\/wp-content\/uploads\/2024\/01\/0006-UmFotografia-1-scaled.jpg 1445w\" sizes=\"(min-width: 2200px) 100vw, (min-width: 640px) 1200px, \" \/><div class=\"fusion-rollover\">\n\t<div class=\"fusion-rollover-content\">\n\n\t\t\t\t\t\t\t\t\t\t\t\t\t\t<a class=\"fusion-rollover-link\" href=\"https:\/\/www.joseantoniobernad.com\/en\/portfolio-en\/the-road-ahead-4725-x-2677-oil-on-wood-panel\/\">The Road Ahead, 47,25&#8243; x 26,77&#8243;., Oil on wood panel.<\/a>\n\t\t\t\n\t\t\t\t\t\t\t\t\t\t\t\t\t\t\n\t\t\t\t\t\t\t\t\n\t\t\t\t\t\t\t\t\t\t\t\t\t<div class=\"fusion-rollover-sep\"><\/div>\n\t\t\t\t\n\t\t\t\t\t\t\t\t\t\t\t\t\t\t\t\t\t\t<a class=\"fusion-rollover-gallery\" href=\"https:\/\/www.joseantoniobernad.com\/wp-content\/uploads\/2024\/01\/0006-UmFotografia-1-scaled.jpg\" data-options=\"\" data-id=\"479\" data-rel=\"iLightbox[gallery-rw-1]\" data-title=\"0006 - UmFotografi\u0301a (1)\" data-caption=\"\">\n\t\t\t\t\t\tGallery\t\t\t\t\t<\/a>\n\t\t\t\t\t\t\t\t\t\t\t\t\t\t\n\t\t\n\t\t\t\t\t\t\t\t\t\t\t\t<h4 class=\"fusion-rollover-title\">\n\t\t\t\t\t<a class=\"fusion-rollover-title-link\" href=\"https:\/\/www.joseantoniobernad.com\/en\/portfolio-en\/the-road-ahead-4725-x-2677-oil-on-wood-panel\/\">\n\t\t\t\t\t\tThe Road Ahead, 47,25&#8243; x 26,77&#8243;., Oil on wood panel.\t\t\t\t\t<\/a>\n\t\t\t\t<\/h4>\n\t\t\t\n\t\t\t\t\t\t\t\t\t\t<div class=\"fusion-rollover-categories\"><a href=\"https:\/\/www.joseantoniobernad.com\/en\/portfolio_category\/gallery-1\/\" rel=\"tag\">Gallery 1<\/a><\/div>\t\t\t\t\t\n\t\t\n\t\t\t\t\t\t<a class=\"fusion-link-wrapper\" href=\"https:\/\/www.joseantoniobernad.com\/en\/portfolio-en\/the-road-ahead-4725-x-2677-oil-on-wood-panel\/\" aria-label=\"The Road Ahead, 47,25&#8243; x 26,77&#8243;., Oil on wood panel.\"><\/a>\n\t<\/div>\n<\/div>\n<\/div>\n<\/div><\/article><article id=\"portfolio-1-post-478\" class=\"fusion-portfolio-post gallery-1 fusion-col-spacing post-478 fusion-element-landscape fusion-element-portrait\"><div class=\"fusion-portfolio-content-wrapper\" style=\"border:none;\"><span class=\"entry-title rich-snippet-hidden\">El pez dorado, 33,8&#8243; x 25&#8243; Oil on linen<\/span><span class=\"vcard rich-snippet-hidden\"><span class=\"fn\"><a href=\"https:\/\/www.joseantoniobernad.com\/en\/author\/joseantonio\/\" title=\"Posts by Jose Antonio Bernad\" rel=\"author\">Jose Antonio Bernad<\/a><\/span><\/span><span class=\"updated rich-snippet-hidden\">2024-02-11T19:43:41+00:00<\/span><div  class=\"fusion-masonry-element-container fusion-image-wrapper\" style=\"background-image:url(https:\/\/www.joseantoniobernad.com\/wp-content\/uploads\/2024\/01\/Bridge-1-scaled.jpg);padding-top:calc((100% + 6px) * 0.8);\" aria-haspopup=\"true\">\n\t\t\t\t<img decoding=\"async\" width=\"1801\" height=\"2560\" src=\"https:\/\/www.joseantoniobernad.com\/wp-content\/uploads\/2024\/01\/Bridge-1-scaled.jpg\" class=\"attachment-full size-full wp-post-image\" alt=\"\" srcset=\"https:\/\/www.joseantoniobernad.com\/wp-content\/uploads\/2024\/01\/Bridge-1-200x284.jpg 200w, https:\/\/www.joseantoniobernad.com\/wp-content\/uploads\/2024\/01\/Bridge-1-400x569.jpg 400w, https:\/\/www.joseantoniobernad.com\/wp-content\/uploads\/2024\/01\/Bridge-1-600x853.jpg 600w, https:\/\/www.joseantoniobernad.com\/wp-content\/uploads\/2024\/01\/Bridge-1-800x1137.jpg 800w, https:\/\/www.joseantoniobernad.com\/wp-content\/uploads\/2024\/01\/Bridge-1-1200x1706.jpg 1200w, https:\/\/www.joseantoniobernad.com\/wp-content\/uploads\/2024\/01\/Bridge-1-scaled.jpg 1801w\" sizes=\"(min-width: 2200px) 100vw, (min-width: 640px) 1200px, \" \/><div class=\"fusion-rollover\">\n\t<div class=\"fusion-rollover-content\">\n\n\t\t\t\t\t\t\t\t\t\t\t\t\t\t<a class=\"fusion-rollover-link\" href=\"https:\/\/www.joseantoniobernad.com\/en\/portfolio-en\/el-pez-dorado-338-x-25-oil-on-linen\/\">El pez dorado, 33,8&#8243; x 25&#8243; Oil on linen<\/a>\n\t\t\t\n\t\t\t\t\t\t\t\t\t\t\t\t\t\t\n\t\t\t\t\t\t\t\t\n\t\t\t\t\t\t\t\t\t\t\t\t\t<div class=\"fusion-rollover-sep\"><\/div>\n\t\t\t\t\n\t\t\t\t\t\t\t\t\t\t\t\t\t\t\t\t\t\t<a class=\"fusion-rollover-gallery\" href=\"https:\/\/www.joseantoniobernad.com\/wp-content\/uploads\/2024\/01\/Bridge-1-scaled.jpg\" data-options=\"\" data-id=\"478\" data-rel=\"iLightbox[gallery-rw-1]\" data-title=\"Bridge (1)\" data-caption=\"\">\n\t\t\t\t\t\tGallery\t\t\t\t\t<\/a>\n\t\t\t\t\t\t\t\t\t\t\t\t\t\t\n\t\t\n\t\t\t\t\t\t\t\t\t\t\t\t<h4 class=\"fusion-rollover-title\">\n\t\t\t\t\t<a class=\"fusion-rollover-title-link\" href=\"https:\/\/www.joseantoniobernad.com\/en\/portfolio-en\/el-pez-dorado-338-x-25-oil-on-linen\/\">\n\t\t\t\t\t\tEl pez dorado, 33,8&#8243; x 25&#8243; Oil on linen\t\t\t\t\t<\/a>\n\t\t\t\t<\/h4>\n\t\t\t\n\t\t\t\t\t\t\t\t\t\t<div class=\"fusion-rollover-categories\"><a href=\"https:\/\/www.joseantoniobernad.com\/en\/portfolio_category\/gallery-1\/\" rel=\"tag\">Gallery 1<\/a><\/div>\t\t\t\t\t\n\t\t\n\t\t\t\t\t\t<a class=\"fusion-link-wrapper\" href=\"https:\/\/www.joseantoniobernad.com\/en\/portfolio-en\/el-pez-dorado-338-x-25-oil-on-linen\/\" aria-label=\"El pez dorado, 33,8&#8243; x 25&#8243; Oil on linen\"><\/a>\n\t<\/div>\n<\/div>\n<\/div>\n<\/div><\/article><article id=\"portfolio-1-post-475\" class=\"fusion-portfolio-post gallery-1 fusion-col-spacing post-475 fusion-element-landscape fusion-element-portrait\"><div class=\"fusion-portfolio-content-wrapper\" style=\"border:none;\"><span class=\"entry-title rich-snippet-hidden\">El pez dorado II, 33,8&#8243; x 25&#8243;., Charcoal on paper<\/span><span class=\"vcard rich-snippet-hidden\"><span class=\"fn\"><a href=\"https:\/\/www.joseantoniobernad.com\/en\/author\/joseantonio\/\" title=\"Posts by Jose Antonio Bernad\" rel=\"author\">Jose Antonio Bernad<\/a><\/span><\/span><span class=\"updated rich-snippet-hidden\">2024-02-11T19:42:35+00:00<\/span><div  class=\"fusion-masonry-element-container fusion-image-wrapper\" style=\"background-image:url(https:\/\/www.joseantoniobernad.com\/wp-content\/uploads\/2024\/01\/Peces-1.jpg);padding-top:calc((100% + 6px) * 0.8);\" aria-haspopup=\"true\">\n\t\t\t\t<img decoding=\"async\" width=\"1417\" height=\"2112\" src=\"https:\/\/www.joseantoniobernad.com\/wp-content\/uploads\/2024\/01\/Peces-1.jpg\" class=\"attachment-full size-full wp-post-image\" alt=\"\" srcset=\"https:\/\/www.joseantoniobernad.com\/wp-content\/uploads\/2024\/01\/Peces-1-200x298.jpg 200w, https:\/\/www.joseantoniobernad.com\/wp-content\/uploads\/2024\/01\/Peces-1-400x596.jpg 400w, https:\/\/www.joseantoniobernad.com\/wp-content\/uploads\/2024\/01\/Peces-1-600x894.jpg 600w, https:\/\/www.joseantoniobernad.com\/wp-content\/uploads\/2024\/01\/Peces-1-800x1192.jpg 800w, https:\/\/www.joseantoniobernad.com\/wp-content\/uploads\/2024\/01\/Peces-1-1200x1789.jpg 1200w, https:\/\/www.joseantoniobernad.com\/wp-content\/uploads\/2024\/01\/Peces-1.jpg 1417w\" sizes=\"(min-width: 2200px) 100vw, (min-width: 640px) 1200px, \" \/><div class=\"fusion-rollover\">\n\t<div class=\"fusion-rollover-content\">\n\n\t\t\t\t\t\t\t\t\t\t\t\t\t\t<a class=\"fusion-rollover-link\" href=\"https:\/\/www.joseantoniobernad.com\/en\/portfolio-en\/el-pez-dorado-338-x-25-charcoal-on-paper\/\">El pez dorado II, 33,8&#8243; x 25&#8243;., Charcoal on paper<\/a>\n\t\t\t\n\t\t\t\t\t\t\t\t\t\t\t\t\t\t\n\t\t\t\t\t\t\t\t\n\t\t\t\t\t\t\t\t\t\t\t\t\t<div class=\"fusion-rollover-sep\"><\/div>\n\t\t\t\t\n\t\t\t\t\t\t\t\t\t\t\t\t\t\t\t\t\t\t<a class=\"fusion-rollover-gallery\" href=\"https:\/\/www.joseantoniobernad.com\/wp-content\/uploads\/2024\/01\/Peces-1.jpg\" data-options=\"\" data-id=\"475\" data-rel=\"iLightbox[gallery-rw-1]\" data-title=\"Peces (1)\" data-caption=\"\">\n\t\t\t\t\t\tGallery\t\t\t\t\t<\/a>\n\t\t\t\t\t\t\t\t\t\t\t\t\t\t\n\t\t\n\t\t\t\t\t\t\t\t\t\t\t\t<h4 class=\"fusion-rollover-title\">\n\t\t\t\t\t<a class=\"fusion-rollover-title-link\" href=\"https:\/\/www.joseantoniobernad.com\/en\/portfolio-en\/el-pez-dorado-338-x-25-charcoal-on-paper\/\">\n\t\t\t\t\t\tEl pez dorado II, 33,8&#8243; x 25&#8243;., Charcoal on paper\t\t\t\t\t<\/a>\n\t\t\t\t<\/h4>\n\t\t\t\n\t\t\t\t\t\t\t\t\t\t<div class=\"fusion-rollover-categories\"><a href=\"https:\/\/www.joseantoniobernad.com\/en\/portfolio_category\/gallery-1\/\" rel=\"tag\">Gallery 1<\/a><\/div>\t\t\t\t\t\n\t\t\n\t\t\t\t\t\t<a class=\"fusion-link-wrapper\" href=\"https:\/\/www.joseantoniobernad.com\/en\/portfolio-en\/el-pez-dorado-338-x-25-charcoal-on-paper\/\" aria-label=\"El pez dorado II, 33,8&#8243; x 25&#8243;., Charcoal on paper\"><\/a>\n\t<\/div>\n<\/div>\n<\/div>\n<\/div><\/article><article id=\"portfolio-1-post-474\" class=\"fusion-portfolio-post gallery-1 fusion-col-spacing post-474 fusion-element-landscape fusion-element-portrait\"><div class=\"fusion-portfolio-content-wrapper\" style=\"border:none;\"><span class=\"entry-title rich-snippet-hidden\">The Chase, 29,5&#8243; x 47,25&#8243; ., Oil on wood panel<\/span><span class=\"vcard rich-snippet-hidden\"><span class=\"fn\"><a href=\"https:\/\/www.joseantoniobernad.com\/en\/author\/joseantonio\/\" title=\"Posts by Jose Antonio Bernad\" rel=\"author\">Jose Antonio Bernad<\/a><\/span><\/span><span class=\"updated rich-snippet-hidden\">2024-02-11T19:40:51+00:00<\/span><div  class=\"fusion-masonry-element-container fusion-image-wrapper\" style=\"background-image:url(https:\/\/www.joseantoniobernad.com\/wp-content\/uploads\/2024\/01\/0005-UmFotografia-1-scaled.jpg);padding-top:calc((100% + 6px) * 0.8);\" aria-haspopup=\"true\">\n\t\t\t\t<img decoding=\"async\" width=\"2560\" height=\"1658\" src=\"https:\/\/www.joseantoniobernad.com\/wp-content\/uploads\/2024\/01\/0005-UmFotografia-1-scaled.jpg\" class=\"attachment-full size-full wp-post-image\" alt=\"\" srcset=\"https:\/\/www.joseantoniobernad.com\/wp-content\/uploads\/2024\/01\/0005-UmFotografia-1-200x130.jpg 200w, https:\/\/www.joseantoniobernad.com\/wp-content\/uploads\/2024\/01\/0005-UmFotografia-1-400x259.jpg 400w, https:\/\/www.joseantoniobernad.com\/wp-content\/uploads\/2024\/01\/0005-UmFotografia-1-600x389.jpg 600w, https:\/\/www.joseantoniobernad.com\/wp-content\/uploads\/2024\/01\/0005-UmFotografia-1-800x518.jpg 800w, https:\/\/www.joseantoniobernad.com\/wp-content\/uploads\/2024\/01\/0005-UmFotografia-1-1200x777.jpg 1200w, https:\/\/www.joseantoniobernad.com\/wp-content\/uploads\/2024\/01\/0005-UmFotografia-1-scaled.jpg 2560w\" sizes=\"(min-width: 2200px) 100vw, (min-width: 640px) 1200px, \" \/><div class=\"fusion-rollover\">\n\t<div class=\"fusion-rollover-content\">\n\n\t\t\t\t\t\t\t\t\t\t\t\t\t\t<a class=\"fusion-rollover-link\" href=\"https:\/\/www.joseantoniobernad.com\/en\/portfolio-en\/the-chase-295-x-4725-oil-on-wood-panel\/\">The Chase, 29,5&#8243; x 47,25&#8243; ., Oil on wood panel<\/a>\n\t\t\t\n\t\t\t\t\t\t\t\t\t\t\t\t\t\t\n\t\t\t\t\t\t\t\t\n\t\t\t\t\t\t\t\t\t\t\t\t\t<div class=\"fusion-rollover-sep\"><\/div>\n\t\t\t\t\n\t\t\t\t\t\t\t\t\t\t\t\t\t\t\t\t\t\t<a class=\"fusion-rollover-gallery\" href=\"https:\/\/www.joseantoniobernad.com\/wp-content\/uploads\/2024\/01\/0005-UmFotografia-1-scaled.jpg\" data-options=\"\" data-id=\"474\" data-rel=\"iLightbox[gallery-rw-1]\" data-title=\"0005 - UmFotografi\u0301a (1)\" data-caption=\"\">\n\t\t\t\t\t\tGallery\t\t\t\t\t<\/a>\n\t\t\t\t\t\t\t\t\t\t\t\t\t\t\n\t\t\n\t\t\t\t\t\t\t\t\t\t\t\t<h4 class=\"fusion-rollover-title\">\n\t\t\t\t\t<a class=\"fusion-rollover-title-link\" href=\"https:\/\/www.joseantoniobernad.com\/en\/portfolio-en\/the-chase-295-x-4725-oil-on-wood-panel\/\">\n\t\t\t\t\t\tThe Chase, 29,5&#8243; x 47,25&#8243; ., Oil on wood panel\t\t\t\t\t<\/a>\n\t\t\t\t<\/h4>\n\t\t\t\n\t\t\t\t\t\t\t\t\t\t<div class=\"fusion-rollover-categories\"><a href=\"https:\/\/www.joseantoniobernad.com\/en\/portfolio_category\/gallery-1\/\" rel=\"tag\">Gallery 1<\/a><\/div>\t\t\t\t\t\n\t\t\n\t\t\t\t\t\t<a class=\"fusion-link-wrapper\" href=\"https:\/\/www.joseantoniobernad.com\/en\/portfolio-en\/the-chase-295-x-4725-oil-on-wood-panel\/\" aria-label=\"The Chase, 29,5&#8243; x 47,25&#8243; ., Oil on wood panel\"><\/a>\n\t<\/div>\n<\/div>\n<\/div>\n<\/div><\/article><article id=\"portfolio-1-post-473\" class=\"fusion-portfolio-post gallery-1 fusion-col-spacing post-473 fusion-element-landscape fusion-element-portrait\"><div class=\"fusion-portfolio-content-wrapper\" style=\"border:none;\"><span class=\"entry-title rich-snippet-hidden\">The Search, 51,18&#8243; x 35,04&#8243; ., Oil on wood panel<\/span><span class=\"vcard rich-snippet-hidden\"><span class=\"fn\"><a href=\"https:\/\/www.joseantoniobernad.com\/en\/author\/joseantonio\/\" title=\"Posts by Jose Antonio Bernad\" rel=\"author\">Jose Antonio Bernad<\/a><\/span><\/span><span class=\"updated rich-snippet-hidden\">2024-02-11T19:39:48+00:00<\/span><div  class=\"fusion-masonry-element-container fusion-image-wrapper\" style=\"background-image:url(https:\/\/www.joseantoniobernad.com\/wp-content\/uploads\/2024\/01\/0004-UmFotografia-1-scaled.jpg);padding-top:calc((100% + 6px) * 0.8);\" aria-haspopup=\"true\">\n\t\t\t\t<img decoding=\"async\" width=\"1758\" height=\"2560\" src=\"https:\/\/www.joseantoniobernad.com\/wp-content\/uploads\/2024\/01\/0004-UmFotografia-1-scaled.jpg\" class=\"attachment-full size-full wp-post-image\" alt=\"\" srcset=\"https:\/\/www.joseantoniobernad.com\/wp-content\/uploads\/2024\/01\/0004-UmFotografia-1-200x291.jpg 200w, https:\/\/www.joseantoniobernad.com\/wp-content\/uploads\/2024\/01\/0004-UmFotografia-1-400x583.jpg 400w, https:\/\/www.joseantoniobernad.com\/wp-content\/uploads\/2024\/01\/0004-UmFotografia-1-600x874.jpg 600w, https:\/\/www.joseantoniobernad.com\/wp-content\/uploads\/2024\/01\/0004-UmFotografia-1-800x1165.jpg 800w, https:\/\/www.joseantoniobernad.com\/wp-content\/uploads\/2024\/01\/0004-UmFotografia-1-1200x1748.jpg 1200w, https:\/\/www.joseantoniobernad.com\/wp-content\/uploads\/2024\/01\/0004-UmFotografia-1-scaled.jpg 1758w\" sizes=\"(min-width: 2200px) 100vw, (min-width: 640px) 1200px, \" \/><div class=\"fusion-rollover\">\n\t<div class=\"fusion-rollover-content\">\n\n\t\t\t\t\t\t\t\t\t\t\t\t\t\t<a class=\"fusion-rollover-link\" href=\"https:\/\/www.joseantoniobernad.com\/en\/portfolio-en\/the-search-5118-x-3504-oil-on-wood-panel\/\">The Search, 51,18&#8243; x 35,04&#8243; ., Oil on wood panel<\/a>\n\t\t\t\n\t\t\t\t\t\t\t\t\t\t\t\t\t\t\n\t\t\t\t\t\t\t\t\n\t\t\t\t\t\t\t\t\t\t\t\t\t<div class=\"fusion-rollover-sep\"><\/div>\n\t\t\t\t\n\t\t\t\t\t\t\t\t\t\t\t\t\t\t\t\t\t\t<a class=\"fusion-rollover-gallery\" href=\"https:\/\/www.joseantoniobernad.com\/wp-content\/uploads\/2024\/01\/0004-UmFotografia-1-scaled.jpg\" data-options=\"\" data-id=\"473\" data-rel=\"iLightbox[gallery-rw-1]\" data-title=\"0004 - UmFotografi\u0301a (1)\" data-caption=\"\">\n\t\t\t\t\t\tGallery\t\t\t\t\t<\/a>\n\t\t\t\t\t\t\t\t\t\t\t\t\t\t\n\t\t\n\t\t\t\t\t\t\t\t\t\t\t\t<h4 class=\"fusion-rollover-title\">\n\t\t\t\t\t<a class=\"fusion-rollover-title-link\" href=\"https:\/\/www.joseantoniobernad.com\/en\/portfolio-en\/the-search-5118-x-3504-oil-on-wood-panel\/\">\n\t\t\t\t\t\tThe Search, 51,18&#8243; x 35,04&#8243; ., Oil on wood panel\t\t\t\t\t<\/a>\n\t\t\t\t<\/h4>\n\t\t\t\n\t\t\t\t\t\t\t\t\t\t<div class=\"fusion-rollover-categories\"><a href=\"https:\/\/www.joseantoniobernad.com\/en\/portfolio_category\/gallery-1\/\" rel=\"tag\">Gallery 1<\/a><\/div>\t\t\t\t\t\n\t\t\n\t\t\t\t\t\t<a class=\"fusion-link-wrapper\" href=\"https:\/\/www.joseantoniobernad.com\/en\/portfolio-en\/the-search-5118-x-3504-oil-on-wood-panel\/\" aria-label=\"The Search, 51,18&#8243; x 35,04&#8243; ., Oil on wood panel\"><\/a>\n\t<\/div>\n<\/div>\n<\/div>\n<\/div><\/article><article id=\"portfolio-1-post-472\" class=\"fusion-portfolio-post gallery-1 fusion-col-spacing post-472 fusion-element-landscape fusion-element-portrait\"><div class=\"fusion-portfolio-content-wrapper\" style=\"border:none;\"><span class=\"entry-title rich-snippet-hidden\">A Quiet Glow, 31,89&#8243; x 23,62&#8243; ., Oil on canvas<\/span><span class=\"vcard rich-snippet-hidden\"><span class=\"fn\"><a href=\"https:\/\/www.joseantoniobernad.com\/en\/author\/joseantonio\/\" title=\"Posts by Jose Antonio Bernad\" rel=\"author\">Jose Antonio Bernad<\/a><\/span><\/span><span class=\"updated rich-snippet-hidden\">2024-02-11T19:38:26+00:00<\/span><div  class=\"fusion-masonry-element-container fusion-image-wrapper\" style=\"background-image:url(https:\/\/www.joseantoniobernad.com\/wp-content\/uploads\/2024\/01\/0009-UmFotografia-1-scaled.jpg);padding-top:calc((100% + 6px) * 0.8);\" aria-haspopup=\"true\">\n\t\t\t\t<img decoding=\"async\" width=\"1873\" height=\"2560\" src=\"https:\/\/www.joseantoniobernad.com\/wp-content\/uploads\/2024\/01\/0009-UmFotografia-1-scaled.jpg\" class=\"attachment-full size-full wp-post-image\" alt=\"\" srcset=\"https:\/\/www.joseantoniobernad.com\/wp-content\/uploads\/2024\/01\/0009-UmFotografia-1-200x273.jpg 200w, https:\/\/www.joseantoniobernad.com\/wp-content\/uploads\/2024\/01\/0009-UmFotografia-1-400x547.jpg 400w, https:\/\/www.joseantoniobernad.com\/wp-content\/uploads\/2024\/01\/0009-UmFotografia-1-600x820.jpg 600w, https:\/\/www.joseantoniobernad.com\/wp-content\/uploads\/2024\/01\/0009-UmFotografia-1-800x1093.jpg 800w, https:\/\/www.joseantoniobernad.com\/wp-content\/uploads\/2024\/01\/0009-UmFotografia-1-1200x1640.jpg 1200w, https:\/\/www.joseantoniobernad.com\/wp-content\/uploads\/2024\/01\/0009-UmFotografia-1-scaled.jpg 1873w\" sizes=\"(min-width: 2200px) 100vw, (min-width: 640px) 1200px, \" \/><div class=\"fusion-rollover\">\n\t<div class=\"fusion-rollover-content\">\n\n\t\t\t\t\t\t\t\t\t\t\t\t\t\t<a class=\"fusion-rollover-link\" href=\"https:\/\/www.joseantoniobernad.com\/en\/portfolio-en\/a-quiet-glow-3189-x-2362-oil-on-canvas\/\">A Quiet Glow, 31,89&#8243; x 23,62&#8243; ., Oil on canvas<\/a>\n\t\t\t\n\t\t\t\t\t\t\t\t\t\t\t\t\t\t\n\t\t\t\t\t\t\t\t\n\t\t\t\t\t\t\t\t\t\t\t\t\t<div class=\"fusion-rollover-sep\"><\/div>\n\t\t\t\t\n\t\t\t\t\t\t\t\t\t\t\t\t\t\t\t\t\t\t<a class=\"fusion-rollover-gallery\" href=\"https:\/\/www.joseantoniobernad.com\/wp-content\/uploads\/2024\/01\/0009-UmFotografia-1-scaled.jpg\" data-options=\"\" data-id=\"472\" data-rel=\"iLightbox[gallery-rw-1]\" data-title=\"0009 - UmFotografi\u0301a (1)\" data-caption=\"\">\n\t\t\t\t\t\tGallery\t\t\t\t\t<\/a>\n\t\t\t\t\t\t\t\t\t\t\t\t\t\t\n\t\t\n\t\t\t\t\t\t\t\t\t\t\t\t<h4 class=\"fusion-rollover-title\">\n\t\t\t\t\t<a class=\"fusion-rollover-title-link\" href=\"https:\/\/www.joseantoniobernad.com\/en\/portfolio-en\/a-quiet-glow-3189-x-2362-oil-on-canvas\/\">\n\t\t\t\t\t\tA Quiet Glow, 31,89&#8243; x 23,62&#8243; ., Oil on canvas\t\t\t\t\t<\/a>\n\t\t\t\t<\/h4>\n\t\t\t\n\t\t\t\t\t\t\t\t\t\t<div class=\"fusion-rollover-categories\"><a href=\"https:\/\/www.joseantoniobernad.com\/en\/portfolio_category\/gallery-1\/\" rel=\"tag\">Gallery 1<\/a><\/div>\t\t\t\t\t\n\t\t\n\t\t\t\t\t\t<a class=\"fusion-link-wrapper\" href=\"https:\/\/www.joseantoniobernad.com\/en\/portfolio-en\/a-quiet-glow-3189-x-2362-oil-on-canvas\/\" aria-label=\"A Quiet Glow, 31,89&#8243; x 23,62&#8243; ., Oil on canvas\"><\/a>\n\t<\/div>\n<\/div>\n<\/div>\n<\/div><\/article><article id=\"portfolio-1-post-470\" class=\"fusion-portfolio-post gallery-1 fusion-col-spacing post-470 fusion-element-landscape fusion-element-portrait\"><div class=\"fusion-portfolio-content-wrapper\" style=\"border:none;\"><span class=\"entry-title rich-snippet-hidden\">Uplifted, 59,05&#8243; x 38,19&#8243; ., Oil on wood panel.<\/span><span class=\"vcard rich-snippet-hidden\"><span class=\"fn\"><a href=\"https:\/\/www.joseantoniobernad.com\/en\/author\/joseantonio\/\" title=\"Posts by Jose Antonio Bernad\" rel=\"author\">Jose Antonio Bernad<\/a><\/span><\/span><span class=\"updated rich-snippet-hidden\">2024-02-11T19:37:05+00:00<\/span><div  class=\"fusion-masonry-element-container fusion-image-wrapper\" style=\"background-image:url(https:\/\/www.joseantoniobernad.com\/wp-content\/uploads\/2024\/01\/98b7ebe6-b7ef-4f37-abf1-3e05a10cfa11.jpg);padding-top:calc((100% + 6px) * 0.8);\" aria-haspopup=\"true\">\n\t\t\t\t<img decoding=\"async\" width=\"1024\" height=\"657\" src=\"https:\/\/www.joseantoniobernad.com\/wp-content\/uploads\/2024\/01\/98b7ebe6-b7ef-4f37-abf1-3e05a10cfa11.jpg\" class=\"attachment-full size-full wp-post-image\" alt=\"\" srcset=\"https:\/\/www.joseantoniobernad.com\/wp-content\/uploads\/2024\/01\/98b7ebe6-b7ef-4f37-abf1-3e05a10cfa11-200x128.jpg 200w, https:\/\/www.joseantoniobernad.com\/wp-content\/uploads\/2024\/01\/98b7ebe6-b7ef-4f37-abf1-3e05a10cfa11-400x257.jpg 400w, https:\/\/www.joseantoniobernad.com\/wp-content\/uploads\/2024\/01\/98b7ebe6-b7ef-4f37-abf1-3e05a10cfa11-600x385.jpg 600w, https:\/\/www.joseantoniobernad.com\/wp-content\/uploads\/2024\/01\/98b7ebe6-b7ef-4f37-abf1-3e05a10cfa11-800x513.jpg 800w, https:\/\/www.joseantoniobernad.com\/wp-content\/uploads\/2024\/01\/98b7ebe6-b7ef-4f37-abf1-3e05a10cfa11.jpg 1024w\" sizes=\"(min-width: 2200px) 100vw, (min-width: 640px) 1200px, \" \/><div class=\"fusion-rollover\">\n\t<div class=\"fusion-rollover-content\">\n\n\t\t\t\t\t\t\t\t\t\t\t\t\t\t<a class=\"fusion-rollover-link\" href=\"https:\/\/www.joseantoniobernad.com\/en\/portfolio-en\/uplifted-5905-x-3819-oil-on-wood-panel\/\">Uplifted, 59,05&#8243; x 38,19&#8243; ., Oil on wood panel.<\/a>\n\t\t\t\n\t\t\t\t\t\t\t\t\t\t\t\t\t\t\n\t\t\t\t\t\t\t\t\n\t\t\t\t\t\t\t\t\t\t\t\t\t<div class=\"fusion-rollover-sep\"><\/div>\n\t\t\t\t\n\t\t\t\t\t\t\t\t\t\t\t\t\t\t\t\t\t\t<a class=\"fusion-rollover-gallery\" href=\"https:\/\/www.joseantoniobernad.com\/wp-content\/uploads\/2024\/01\/98b7ebe6-b7ef-4f37-abf1-3e05a10cfa11.jpg\" data-options=\"\" data-id=\"470\" data-rel=\"iLightbox[gallery-rw-1]\" data-title=\"98b7ebe6-b7ef-4f37-abf1-3e05a10cfa11\" data-caption=\"\">\n\t\t\t\t\t\tGallery\t\t\t\t\t<\/a>\n\t\t\t\t\t\t\t\t\t\t\t\t\t\t\n\t\t\n\t\t\t\t\t\t\t\t\t\t\t\t<h4 class=\"fusion-rollover-title\">\n\t\t\t\t\t<a class=\"fusion-rollover-title-link\" href=\"https:\/\/www.joseantoniobernad.com\/en\/portfolio-en\/uplifted-5905-x-3819-oil-on-wood-panel\/\">\n\t\t\t\t\t\tUplifted, 59,05&#8243; x 38,19&#8243; ., Oil on wood panel.\t\t\t\t\t<\/a>\n\t\t\t\t<\/h4>\n\t\t\t\n\t\t\t\t\t\t\t\t\t\t<div class=\"fusion-rollover-categories\"><a href=\"https:\/\/www.joseantoniobernad.com\/en\/portfolio_category\/gallery-1\/\" rel=\"tag\">Gallery 1<\/a><\/div>\t\t\t\t\t\n\t\t\n\t\t\t\t\t\t<a class=\"fusion-link-wrapper\" href=\"https:\/\/www.joseantoniobernad.com\/en\/portfolio-en\/uplifted-5905-x-3819-oil-on-wood-panel\/\" aria-label=\"Uplifted, 59,05&#8243; x 38,19&#8243; ., Oil on wood panel.\"><\/a>\n\t<\/div>\n<\/div>\n<\/div>\n<\/div><\/article><article id=\"portfolio-1-post-469\" class=\"fusion-portfolio-post gallery-1 fusion-col-spacing post-469 fusion-element-landscape fusion-element-portrait\"><div class=\"fusion-portfolio-content-wrapper\" style=\"border:none;\"><span class=\"entry-title rich-snippet-hidden\">The Plunge , 59&#8243; x 37,8&#8243; Oil on linen on ACM<\/span><span class=\"vcard rich-snippet-hidden\"><span class=\"fn\"><a href=\"https:\/\/www.joseantoniobernad.com\/en\/author\/joseantonio\/\" title=\"Posts by Jose Antonio Bernad\" rel=\"author\">Jose Antonio Bernad<\/a><\/span><\/span><span class=\"updated rich-snippet-hidden\">2024-02-11T19:35:17+00:00<\/span><div  class=\"fusion-masonry-element-container fusion-image-wrapper\" style=\"background-image:url(https:\/\/www.joseantoniobernad.com\/wp-content\/uploads\/2024\/01\/0001-UmFotografia-1-scaled.jpg);padding-top:calc((100% + 6px) * 0.8);\" aria-haspopup=\"true\">\n\t\t\t\t<img decoding=\"async\" width=\"1645\" height=\"2560\" src=\"https:\/\/www.joseantoniobernad.com\/wp-content\/uploads\/2024\/01\/0001-UmFotografia-1-scaled.jpg\" class=\"attachment-full size-full wp-post-image\" alt=\"\" srcset=\"https:\/\/www.joseantoniobernad.com\/wp-content\/uploads\/2024\/01\/0001-UmFotografia-1-200x311.jpg 200w, https:\/\/www.joseantoniobernad.com\/wp-content\/uploads\/2024\/01\/0001-UmFotografia-1-400x623.jpg 400w, https:\/\/www.joseantoniobernad.com\/wp-content\/uploads\/2024\/01\/0001-UmFotografia-1-600x934.jpg 600w, https:\/\/www.joseantoniobernad.com\/wp-content\/uploads\/2024\/01\/0001-UmFotografia-1-800x1245.jpg 800w, https:\/\/www.joseantoniobernad.com\/wp-content\/uploads\/2024\/01\/0001-UmFotografia-1-1200x1868.jpg 1200w, https:\/\/www.joseantoniobernad.com\/wp-content\/uploads\/2024\/01\/0001-UmFotografia-1-scaled.jpg 1645w\" sizes=\"(min-width: 2200px) 100vw, (min-width: 640px) 1200px, \" \/><div class=\"fusion-rollover\">\n\t<div class=\"fusion-rollover-content\">\n\n\t\t\t\t\t\t\t\t\t\t\t\t\t\t<a class=\"fusion-rollover-link\" href=\"https:\/\/www.joseantoniobernad.com\/en\/portfolio-en\/the-plunge-59-x-378-oil-on-linen-on-acm\/\">The Plunge , 59&#8243; x 37,8&#8243; Oil on linen on ACM<\/a>\n\t\t\t\n\t\t\t\t\t\t\t\t\t\t\t\t\t\t\n\t\t\t\t\t\t\t\t\n\t\t\t\t\t\t\t\t\t\t\t\t\t<div class=\"fusion-rollover-sep\"><\/div>\n\t\t\t\t\n\t\t\t\t\t\t\t\t\t\t\t\t\t\t\t\t\t\t<a class=\"fusion-rollover-gallery\" href=\"https:\/\/www.joseantoniobernad.com\/wp-content\/uploads\/2024\/01\/0001-UmFotografia-1-scaled.jpg\" data-options=\"\" data-id=\"469\" data-rel=\"iLightbox[gallery-rw-1]\" data-title=\"0001 - UmFotografi\u0301a (1)\" data-caption=\"\">\n\t\t\t\t\t\tGallery\t\t\t\t\t<\/a>\n\t\t\t\t\t\t\t\t\t\t\t\t\t\t\n\t\t\n\t\t\t\t\t\t\t\t\t\t\t\t<h4 class=\"fusion-rollover-title\">\n\t\t\t\t\t<a class=\"fusion-rollover-title-link\" href=\"https:\/\/www.joseantoniobernad.com\/en\/portfolio-en\/the-plunge-59-x-378-oil-on-linen-on-acm\/\">\n\t\t\t\t\t\tThe Plunge , 59&#8243; x 37,8&#8243; Oil on linen on ACM\t\t\t\t\t<\/a>\n\t\t\t\t<\/h4>\n\t\t\t\n\t\t\t\t\t\t\t\t\t\t<div class=\"fusion-rollover-categories\"><a href=\"https:\/\/www.joseantoniobernad.com\/en\/portfolio_category\/gallery-1\/\" rel=\"tag\">Gallery 1<\/a><\/div>\t\t\t\t\t\n\t\t\n\t\t\t\t\t\t<a class=\"fusion-link-wrapper\" href=\"https:\/\/www.joseantoniobernad.com\/en\/portfolio-en\/the-plunge-59-x-378-oil-on-linen-on-acm\/\" aria-label=\"The Plunge , 59&#8243; x 37,8&#8243; Oil on linen on ACM\"><\/a>\n\t<\/div>\n<\/div>\n<\/div>\n<\/div><\/article><article id=\"portfolio-1-post-257\" class=\"fusion-portfolio-post galeria-2 fusion-col-spacing post-257 fusion-element-landscape fusion-element-portrait\"><div class=\"fusion-portfolio-content-wrapper\" style=\"border:none;\"><span class=\"entry-title rich-snippet-hidden\">Vergel, 100&#215;68 cm, Oil on canvas<\/span><span class=\"vcard rich-snippet-hidden\"><span class=\"fn\"><a href=\"https:\/\/www.joseantoniobernad.com\/en\/author\/nuteco\/\" title=\"Posts by nuteco\" rel=\"author\">nuteco<\/a><\/span><\/span><span class=\"updated rich-snippet-hidden\">2020-11-05T16:31:28+00:00<\/span><div  class=\"fusion-masonry-element-container fusion-image-wrapper\" style=\"background-image:url(https:\/\/www.joseantoniobernad.com\/wp-content\/uploads\/2020\/10\/Vergel-100x68-cm-oleo-sobre-lienzo-scaled.jpg);padding-top:calc((100% + 6px) * 0.8);\" aria-haspopup=\"true\">\n\t\t\t\t<img decoding=\"async\" width=\"1730\" height=\"2560\" src=\"https:\/\/www.joseantoniobernad.com\/wp-content\/uploads\/2020\/10\/Vergel-100x68-cm-oleo-sobre-lienzo-scaled.jpg\" class=\"attachment-full size-full wp-post-image\" alt=\"\" srcset=\"https:\/\/www.joseantoniobernad.com\/wp-content\/uploads\/2020\/10\/Vergel-100x68-cm-oleo-sobre-lienzo-200x296.jpg 200w, https:\/\/www.joseantoniobernad.com\/wp-content\/uploads\/2020\/10\/Vergel-100x68-cm-oleo-sobre-lienzo-400x592.jpg 400w, https:\/\/www.joseantoniobernad.com\/wp-content\/uploads\/2020\/10\/Vergel-100x68-cm-oleo-sobre-lienzo-600x888.jpg 600w, https:\/\/www.joseantoniobernad.com\/wp-content\/uploads\/2020\/10\/Vergel-100x68-cm-oleo-sobre-lienzo-800x1184.jpg 800w, https:\/\/www.joseantoniobernad.com\/wp-content\/uploads\/2020\/10\/Vergel-100x68-cm-oleo-sobre-lienzo-1200x1775.jpg 1200w, https:\/\/www.joseantoniobernad.com\/wp-content\/uploads\/2020\/10\/Vergel-100x68-cm-oleo-sobre-lienzo-scaled.jpg 1730w\" sizes=\"(min-width: 2200px) 100vw, (min-width: 640px) 1200px, \" \/><div class=\"fusion-rollover\">\n\t<div class=\"fusion-rollover-content\">\n\n\t\t\t\t\t\t\t\t\t\t\t\t\t\t<a class=\"fusion-rollover-link\" href=\"https:\/\/www.joseantoniobernad.com\/en\/portfolio-en\/vergel-100x68-cm-oleo-sobre-lienzo\/\">Vergel, 100&#215;68 cm, Oil on canvas<\/a>\n\t\t\t\n\t\t\t\t\t\t\t\t\t\t\t\t\t\t\n\t\t\t\t\t\t\t\t\n\t\t\t\t\t\t\t\t\t\t\t\t\t<div class=\"fusion-rollover-sep\"><\/div>\n\t\t\t\t\n\t\t\t\t\t\t\t\t\t\t\t\t\t\t\t\t\t\t<a class=\"fusion-rollover-gallery\" href=\"https:\/\/www.joseantoniobernad.com\/wp-content\/uploads\/2020\/10\/Vergel-100x68-cm-oleo-sobre-lienzo-scaled.jpg\" data-options=\"\" data-id=\"257\" data-rel=\"iLightbox[gallery-rw-1]\" data-title=\"Vergel 100x68 cm, oleo sobre lienzo\" data-caption=\"\">\n\t\t\t\t\t\tGallery\t\t\t\t\t<\/a>\n\t\t\t\t\t\t\t\t\t\t\t\t\t\t\n\t\t\n\t\t\t\t\t\t\t\t\t\t\t\t<h4 class=\"fusion-rollover-title\">\n\t\t\t\t\t<a class=\"fusion-rollover-title-link\" href=\"https:\/\/www.joseantoniobernad.com\/en\/portfolio-en\/vergel-100x68-cm-oleo-sobre-lienzo\/\">\n\t\t\t\t\t\tVergel, 100&#215;68 cm, Oil on canvas\t\t\t\t\t<\/a>\n\t\t\t\t<\/h4>\n\t\t\t\n\t\t\t\t\t\t\t\t\t\t<div class=\"fusion-rollover-categories\"><a href=\"https:\/\/www.joseantoniobernad.com\/portfolio_category\/galeria-2\/\" rel=\"tag\">Galer\u00eda 2<\/a><\/div>\t\t\t\t\t\n\t\t\n\t\t\t\t\t\t<a class=\"fusion-link-wrapper\" href=\"https:\/\/www.joseantoniobernad.com\/en\/portfolio-en\/vergel-100x68-cm-oleo-sobre-lienzo\/\" aria-label=\"Vergel, 100&#215;68 cm, Oil on canvas\"><\/a>\n\t<\/div>\n<\/div>\n<\/div>\n<\/div><\/article><article id=\"portfolio-1-post-264\" class=\"fusion-portfolio-post galeria-2 fusion-col-spacing post-264 fusion-element-landscape fusion-element-portrait\"><div class=\"fusion-portfolio-content-wrapper\" style=\"border:none;\"><span class=\"entry-title rich-snippet-hidden\">Sin t\u00edtulo, 100&#215;50 cm, Oil on canvas<\/span><span class=\"vcard rich-snippet-hidden\"><span class=\"fn\"><a href=\"https:\/\/www.joseantoniobernad.com\/en\/author\/nuteco\/\" title=\"Posts by nuteco\" rel=\"author\">nuteco<\/a><\/span><\/span><span class=\"updated rich-snippet-hidden\">2020-11-05T16:31:38+00:00<\/span><div  class=\"fusion-masonry-element-container fusion-image-wrapper\" style=\"background-image:url(https:\/\/www.joseantoniobernad.com\/wp-content\/uploads\/2020\/10\/Sin-Ti\u0301tulo-100x50-cm-oleo-sobre-lienzo-scaled.jpg);padding-top:calc((100% + 6px) * 0.8);\" aria-haspopup=\"true\">\n\t\t\t\t<img decoding=\"async\" width=\"1523\" height=\"2560\" src=\"https:\/\/www.joseantoniobernad.com\/wp-content\/uploads\/2020\/10\/Sin-Ti\u0301tulo-100x50-cm-oleo-sobre-lienzo-scaled.jpg\" class=\"attachment-full size-full wp-post-image\" alt=\"\" srcset=\"https:\/\/www.joseantoniobernad.com\/wp-content\/uploads\/2020\/10\/Sin-Ti\u0301tulo-100x50-cm-oleo-sobre-lienzo-200x336.jpg 200w, https:\/\/www.joseantoniobernad.com\/wp-content\/uploads\/2020\/10\/Sin-Ti\u0301tulo-100x50-cm-oleo-sobre-lienzo-400x672.jpg 400w, https:\/\/www.joseantoniobernad.com\/wp-content\/uploads\/2020\/10\/Sin-Ti\u0301tulo-100x50-cm-oleo-sobre-lienzo-600x1009.jpg 600w, https:\/\/www.joseantoniobernad.com\/wp-content\/uploads\/2020\/10\/Sin-Ti\u0301tulo-100x50-cm-oleo-sobre-lienzo-800x1345.jpg 800w, https:\/\/www.joseantoniobernad.com\/wp-content\/uploads\/2020\/10\/Sin-Ti\u0301tulo-100x50-cm-oleo-sobre-lienzo-1200x2017.jpg 1200w, https:\/\/www.joseantoniobernad.com\/wp-content\/uploads\/2020\/10\/Sin-Ti\u0301tulo-100x50-cm-oleo-sobre-lienzo-scaled.jpg 1523w\" sizes=\"(min-width: 2200px) 100vw, (min-width: 640px) 1200px, \" \/><div class=\"fusion-rollover\">\n\t<div class=\"fusion-rollover-content\">\n\n\t\t\t\t\t\t\t\t\t\t\t\t\t\t<a class=\"fusion-rollover-link\" href=\"https:\/\/www.joseantoniobernad.com\/en\/portfolio-en\/sin-titulo-100x50-cm-oleo-sobre-lienzo\/\">Sin t\u00edtulo, 100&#215;50 cm, Oil on canvas<\/a>\n\t\t\t\n\t\t\t\t\t\t\t\t\t\t\t\t\t\t\n\t\t\t\t\t\t\t\t\n\t\t\t\t\t\t\t\t\t\t\t\t\t<div class=\"fusion-rollover-sep\"><\/div>\n\t\t\t\t\n\t\t\t\t\t\t\t\t\t\t\t\t\t\t\t\t\t\t<a class=\"fusion-rollover-gallery\" href=\"https:\/\/www.joseantoniobernad.com\/wp-content\/uploads\/2020\/10\/Sin-Ti\u0301tulo-100x50-cm-oleo-sobre-lienzo-scaled.jpg\" data-options=\"\" data-id=\"264\" data-rel=\"iLightbox[gallery-rw-1]\" data-title=\"Sin Ti\u0301tulo, 100x50 cm, oleo sobre lienzo\" data-caption=\"\">\n\t\t\t\t\t\tGallery\t\t\t\t\t<\/a>\n\t\t\t\t\t\t\t\t\t\t\t\t\t\t\n\t\t\n\t\t\t\t\t\t\t\t\t\t\t\t<h4 class=\"fusion-rollover-title\">\n\t\t\t\t\t<a class=\"fusion-rollover-title-link\" href=\"https:\/\/www.joseantoniobernad.com\/en\/portfolio-en\/sin-titulo-100x50-cm-oleo-sobre-lienzo\/\">\n\t\t\t\t\t\tSin t\u00edtulo, 100&#215;50 cm, Oil on canvas\t\t\t\t\t<\/a>\n\t\t\t\t<\/h4>\n\t\t\t\n\t\t\t\t\t\t\t\t\t\t<div class=\"fusion-rollover-categories\"><a href=\"https:\/\/www.joseantoniobernad.com\/portfolio_category\/galeria-2\/\" rel=\"tag\">Galer\u00eda 2<\/a><\/div>\t\t\t\t\t\n\t\t\n\t\t\t\t\t\t<a class=\"fusion-link-wrapper\" href=\"https:\/\/www.joseantoniobernad.com\/en\/portfolio-en\/sin-titulo-100x50-cm-oleo-sobre-lienzo\/\" aria-label=\"Sin t\u00edtulo, 100&#215;50 cm, Oil on canvas\"><\/a>\n\t<\/div>\n<\/div>\n<\/div>\n<\/div><\/article><article id=\"portfolio-1-post-266\" class=\"fusion-portfolio-post galeria-2 fusion-col-spacing post-266 fusion-element-landscape fusion-element-portrait\"><div class=\"fusion-portfolio-content-wrapper\" style=\"border:none;\"><span class=\"entry-title rich-snippet-hidden\">Primeras nieves, 66&#215;93 cm, Oil on canvas<\/span><span class=\"vcard rich-snippet-hidden\"><span class=\"fn\"><a href=\"https:\/\/www.joseantoniobernad.com\/en\/author\/nuteco\/\" title=\"Posts by nuteco\" rel=\"author\">nuteco<\/a><\/span><\/span><span class=\"updated rich-snippet-hidden\">2020-11-05T16:31:50+00:00<\/span><div  class=\"fusion-masonry-element-container fusion-image-wrapper\" style=\"background-image:url(https:\/\/www.joseantoniobernad.com\/wp-content\/uploads\/2020\/10\/Primeras-nieves-66x93-cm-oleo-sobre-lienzo.jpg);padding-top:calc((100% + 6px) * 0.8);\" aria-haspopup=\"true\">\n\t\t\t\t<img decoding=\"async\" width=\"1700\" height=\"2372\" src=\"https:\/\/www.joseantoniobernad.com\/wp-content\/uploads\/2020\/10\/Primeras-nieves-66x93-cm-oleo-sobre-lienzo.jpg\" class=\"attachment-full size-full wp-post-image\" alt=\"\" srcset=\"https:\/\/www.joseantoniobernad.com\/wp-content\/uploads\/2020\/10\/Primeras-nieves-66x93-cm-oleo-sobre-lienzo-200x279.jpg 200w, https:\/\/www.joseantoniobernad.com\/wp-content\/uploads\/2020\/10\/Primeras-nieves-66x93-cm-oleo-sobre-lienzo-400x558.jpg 400w, https:\/\/www.joseantoniobernad.com\/wp-content\/uploads\/2020\/10\/Primeras-nieves-66x93-cm-oleo-sobre-lienzo-600x837.jpg 600w, https:\/\/www.joseantoniobernad.com\/wp-content\/uploads\/2020\/10\/Primeras-nieves-66x93-cm-oleo-sobre-lienzo-800x1116.jpg 800w, https:\/\/www.joseantoniobernad.com\/wp-content\/uploads\/2020\/10\/Primeras-nieves-66x93-cm-oleo-sobre-lienzo-1200x1674.jpg 1200w, https:\/\/www.joseantoniobernad.com\/wp-content\/uploads\/2020\/10\/Primeras-nieves-66x93-cm-oleo-sobre-lienzo.jpg 1700w\" sizes=\"(min-width: 2200px) 100vw, (min-width: 640px) 1200px, \" \/><div class=\"fusion-rollover\">\n\t<div class=\"fusion-rollover-content\">\n\n\t\t\t\t\t\t\t\t\t\t\t\t\t\t<a class=\"fusion-rollover-link\" href=\"https:\/\/www.joseantoniobernad.com\/en\/portfolio-en\/primeras-nieves-66x93-cm-oleo-sobre-lienzo\/\">Primeras nieves, 66&#215;93 cm, Oil on canvas<\/a>\n\t\t\t\n\t\t\t\t\t\t\t\t\t\t\t\t\t\t\n\t\t\t\t\t\t\t\t\n\t\t\t\t\t\t\t\t\t\t\t\t\t<div class=\"fusion-rollover-sep\"><\/div>\n\t\t\t\t\n\t\t\t\t\t\t\t\t\t\t\t\t\t\t\t\t\t\t<a class=\"fusion-rollover-gallery\" href=\"https:\/\/www.joseantoniobernad.com\/wp-content\/uploads\/2020\/10\/Primeras-nieves-66x93-cm-oleo-sobre-lienzo.jpg\" data-options=\"\" data-id=\"266\" data-rel=\"iLightbox[gallery-rw-1]\" data-title=\"Primeras nieves 66x93 cm, oleo sobre lienzo\" data-caption=\"\">\n\t\t\t\t\t\tGallery\t\t\t\t\t<\/a>\n\t\t\t\t\t\t\t\t\t\t\t\t\t\t\n\t\t\n\t\t\t\t\t\t\t\t\t\t\t\t<h4 class=\"fusion-rollover-title\">\n\t\t\t\t\t<a class=\"fusion-rollover-title-link\" href=\"https:\/\/www.joseantoniobernad.com\/en\/portfolio-en\/primeras-nieves-66x93-cm-oleo-sobre-lienzo\/\">\n\t\t\t\t\t\tPrimeras nieves, 66&#215;93 cm, Oil on canvas\t\t\t\t\t<\/a>\n\t\t\t\t<\/h4>\n\t\t\t\n\t\t\t\t\t\t\t\t\t\t<div class=\"fusion-rollover-categories\"><a href=\"https:\/\/www.joseantoniobernad.com\/portfolio_category\/galeria-2\/\" rel=\"tag\">Galer\u00eda 2<\/a><\/div>\t\t\t\t\t\n\t\t\n\t\t\t\t\t\t<a class=\"fusion-link-wrapper\" href=\"https:\/\/www.joseantoniobernad.com\/en\/portfolio-en\/primeras-nieves-66x93-cm-oleo-sobre-lienzo\/\" aria-label=\"Primeras nieves, 66&#215;93 cm, Oil on canvas\"><\/a>\n\t<\/div>\n<\/div>\n<\/div>\n<\/div><\/article><article id=\"portfolio-1-post-268\" class=\"fusion-portfolio-post galeria-2 fusion-col-spacing post-268 fusion-element-landscape fusion-element-portrait\"><div class=\"fusion-portfolio-content-wrapper\" style=\"border:none;\"><span class=\"entry-title rich-snippet-hidden\">Presente cont\u00ednuo, 91&#215;73 cm, Oil on canvas<\/span><span class=\"vcard rich-snippet-hidden\"><span class=\"fn\"><a href=\"https:\/\/www.joseantoniobernad.com\/en\/author\/nuteco\/\" title=\"Posts by nuteco\" rel=\"author\">nuteco<\/a><\/span><\/span><span class=\"updated rich-snippet-hidden\">2020-11-05T16:31:59+00:00<\/span><div  class=\"fusion-masonry-element-container fusion-image-wrapper\" style=\"background-image:url(https:\/\/www.joseantoniobernad.com\/wp-content\/uploads\/2020\/10\/Presente-continuo-91x73-cm-oleo-sobre-lienzo.jpg);padding-top:calc((100% + 6px) * 0.8);\" aria-haspopup=\"true\">\n\t\t\t\t<img decoding=\"async\" width=\"1700\" height=\"2085\" src=\"https:\/\/www.joseantoniobernad.com\/wp-content\/uploads\/2020\/10\/Presente-continuo-91x73-cm-oleo-sobre-lienzo.jpg\" class=\"attachment-full size-full wp-post-image\" alt=\"\" srcset=\"https:\/\/www.joseantoniobernad.com\/wp-content\/uploads\/2020\/10\/Presente-continuo-91x73-cm-oleo-sobre-lienzo-200x245.jpg 200w, https:\/\/www.joseantoniobernad.com\/wp-content\/uploads\/2020\/10\/Presente-continuo-91x73-cm-oleo-sobre-lienzo-400x491.jpg 400w, https:\/\/www.joseantoniobernad.com\/wp-content\/uploads\/2020\/10\/Presente-continuo-91x73-cm-oleo-sobre-lienzo-600x736.jpg 600w, https:\/\/www.joseantoniobernad.com\/wp-content\/uploads\/2020\/10\/Presente-continuo-91x73-cm-oleo-sobre-lienzo-800x981.jpg 800w, https:\/\/www.joseantoniobernad.com\/wp-content\/uploads\/2020\/10\/Presente-continuo-91x73-cm-oleo-sobre-lienzo-1200x1472.jpg 1200w, https:\/\/www.joseantoniobernad.com\/wp-content\/uploads\/2020\/10\/Presente-continuo-91x73-cm-oleo-sobre-lienzo.jpg 1700w\" sizes=\"(min-width: 2200px) 100vw, (min-width: 640px) 1200px, \" \/><div class=\"fusion-rollover\">\n\t<div class=\"fusion-rollover-content\">\n\n\t\t\t\t\t\t\t\t\t\t\t\t\t\t<a class=\"fusion-rollover-link\" href=\"https:\/\/www.joseantoniobernad.com\/en\/portfolio-en\/presente-continuo-91x73-cm-oleo-sobre-lienzo\/\">Presente cont\u00ednuo, 91&#215;73 cm, Oil on canvas<\/a>\n\t\t\t\n\t\t\t\t\t\t\t\t\t\t\t\t\t\t\n\t\t\t\t\t\t\t\t\n\t\t\t\t\t\t\t\t\t\t\t\t\t<div class=\"fusion-rollover-sep\"><\/div>\n\t\t\t\t\n\t\t\t\t\t\t\t\t\t\t\t\t\t\t\t\t\t\t<a class=\"fusion-rollover-gallery\" href=\"https:\/\/www.joseantoniobernad.com\/wp-content\/uploads\/2020\/10\/Presente-continuo-91x73-cm-oleo-sobre-lienzo.jpg\" data-options=\"\" data-id=\"268\" data-rel=\"iLightbox[gallery-rw-1]\" data-title=\"Presente continuo 91x73 cm, oleo sobre lienzo\" data-caption=\"\">\n\t\t\t\t\t\tGallery\t\t\t\t\t<\/a>\n\t\t\t\t\t\t\t\t\t\t\t\t\t\t\n\t\t\n\t\t\t\t\t\t\t\t\t\t\t\t<h4 class=\"fusion-rollover-title\">\n\t\t\t\t\t<a class=\"fusion-rollover-title-link\" href=\"https:\/\/www.joseantoniobernad.com\/en\/portfolio-en\/presente-continuo-91x73-cm-oleo-sobre-lienzo\/\">\n\t\t\t\t\t\tPresente cont\u00ednuo, 91&#215;73 cm, Oil on canvas\t\t\t\t\t<\/a>\n\t\t\t\t<\/h4>\n\t\t\t\n\t\t\t\t\t\t\t\t\t\t<div class=\"fusion-rollover-categories\"><a href=\"https:\/\/www.joseantoniobernad.com\/portfolio_category\/galeria-2\/\" rel=\"tag\">Galer\u00eda 2<\/a><\/div>\t\t\t\t\t\n\t\t\n\t\t\t\t\t\t<a class=\"fusion-link-wrapper\" href=\"https:\/\/www.joseantoniobernad.com\/en\/portfolio-en\/presente-continuo-91x73-cm-oleo-sobre-lienzo\/\" aria-label=\"Presente cont\u00ednuo, 91&#215;73 cm, Oil on canvas\"><\/a>\n\t<\/div>\n<\/div>\n<\/div>\n<\/div><\/article><article id=\"portfolio-1-post-269\" class=\"fusion-portfolio-post galeria-2 fusion-col-spacing post-269 fusion-element-landscape fusion-element-portrait\"><div class=\"fusion-portfolio-content-wrapper\" style=\"border:none;\"><span class=\"entry-title rich-snippet-hidden\">Pista roja, 89&#215;55 cm, Oil on canvas<\/span><span class=\"vcard rich-snippet-hidden\"><span class=\"fn\"><a href=\"https:\/\/www.joseantoniobernad.com\/en\/author\/nuteco\/\" title=\"Posts by nuteco\" rel=\"author\">nuteco<\/a><\/span><\/span><span class=\"updated rich-snippet-hidden\">2020-11-05T16:32:14+00:00<\/span><div  class=\"fusion-masonry-element-container fusion-image-wrapper\" style=\"background-image:url(https:\/\/www.joseantoniobernad.com\/wp-content\/uploads\/2020\/10\/Pista-roja-89x55-cm-oleo-sobre-lienzo-scaled.jpg);padding-top:calc((100% + 6px) * 0.8);\" aria-haspopup=\"true\">\n\t\t\t\t<img decoding=\"async\" width=\"1591\" height=\"2560\" src=\"https:\/\/www.joseantoniobernad.com\/wp-content\/uploads\/2020\/10\/Pista-roja-89x55-cm-oleo-sobre-lienzo-scaled.jpg\" class=\"attachment-full size-full wp-post-image\" alt=\"\" srcset=\"https:\/\/www.joseantoniobernad.com\/wp-content\/uploads\/2020\/10\/Pista-roja-89x55-cm-oleo-sobre-lienzo-200x322.jpg 200w, https:\/\/www.joseantoniobernad.com\/wp-content\/uploads\/2020\/10\/Pista-roja-89x55-cm-oleo-sobre-lienzo-400x644.jpg 400w, https:\/\/www.joseantoniobernad.com\/wp-content\/uploads\/2020\/10\/Pista-roja-89x55-cm-oleo-sobre-lienzo-600x966.jpg 600w, https:\/\/www.joseantoniobernad.com\/wp-content\/uploads\/2020\/10\/Pista-roja-89x55-cm-oleo-sobre-lienzo-800x1288.jpg 800w, https:\/\/www.joseantoniobernad.com\/wp-content\/uploads\/2020\/10\/Pista-roja-89x55-cm-oleo-sobre-lienzo-1200x1931.jpg 1200w, https:\/\/www.joseantoniobernad.com\/wp-content\/uploads\/2020\/10\/Pista-roja-89x55-cm-oleo-sobre-lienzo-scaled.jpg 1591w\" sizes=\"(min-width: 2200px) 100vw, (min-width: 640px) 1200px, \" \/><div class=\"fusion-rollover\">\n\t<div class=\"fusion-rollover-content\">\n\n\t\t\t\t\t\t\t\t\t\t\t\t\t\t<a class=\"fusion-rollover-link\" href=\"https:\/\/www.joseantoniobernad.com\/en\/portfolio-en\/pista-roja-89x55-cm-oleo-sobre-lienzo\/\">Pista roja, 89&#215;55 cm, Oil on canvas<\/a>\n\t\t\t\n\t\t\t\t\t\t\t\t\t\t\t\t\t\t\n\t\t\t\t\t\t\t\t\n\t\t\t\t\t\t\t\t\t\t\t\t\t<div class=\"fusion-rollover-sep\"><\/div>\n\t\t\t\t\n\t\t\t\t\t\t\t\t\t\t\t\t\t\t\t\t\t\t<a class=\"fusion-rollover-gallery\" href=\"https:\/\/www.joseantoniobernad.com\/wp-content\/uploads\/2020\/10\/Pista-roja-89x55-cm-oleo-sobre-lienzo-scaled.jpg\" data-options=\"\" data-id=\"269\" data-rel=\"iLightbox[gallery-rw-1]\" data-title=\"Pista roja 89x55 cm, oleo sobre lienzo\" data-caption=\"\">\n\t\t\t\t\t\tGallery\t\t\t\t\t<\/a>\n\t\t\t\t\t\t\t\t\t\t\t\t\t\t\n\t\t\n\t\t\t\t\t\t\t\t\t\t\t\t<h4 class=\"fusion-rollover-title\">\n\t\t\t\t\t<a class=\"fusion-rollover-title-link\" href=\"https:\/\/www.joseantoniobernad.com\/en\/portfolio-en\/pista-roja-89x55-cm-oleo-sobre-lienzo\/\">\n\t\t\t\t\t\tPista roja, 89&#215;55 cm, Oil on canvas\t\t\t\t\t<\/a>\n\t\t\t\t<\/h4>\n\t\t\t\n\t\t\t\t\t\t\t\t\t\t<div class=\"fusion-rollover-categories\"><a href=\"https:\/\/www.joseantoniobernad.com\/portfolio_category\/galeria-2\/\" rel=\"tag\">Galer\u00eda 2<\/a><\/div>\t\t\t\t\t\n\t\t\n\t\t\t\t\t\t<a class=\"fusion-link-wrapper\" href=\"https:\/\/www.joseantoniobernad.com\/en\/portfolio-en\/pista-roja-89x55-cm-oleo-sobre-lienzo\/\" aria-label=\"Pista roja, 89&#215;55 cm, Oil on canvas\"><\/a>\n\t<\/div>\n<\/div>\n<\/div>\n<\/div><\/article><article id=\"portfolio-1-post-272\" class=\"fusion-portfolio-post galeria-2 fusion-col-spacing post-272 fusion-element-landscape fusion-element-portrait\"><div class=\"fusion-portfolio-content-wrapper\" style=\"border:none;\"><span class=\"entry-title rich-snippet-hidden\">Mediterra\u0301neo, 65.5&#215;77 cm, Oil on canvas<\/span><span class=\"vcard rich-snippet-hidden\"><span class=\"fn\"><a href=\"https:\/\/www.joseantoniobernad.com\/en\/author\/nuteco\/\" title=\"Posts by nuteco\" rel=\"author\">nuteco<\/a><\/span><\/span><span class=\"updated rich-snippet-hidden\">2020-11-05T16:32:25+00:00<\/span><div  class=\"fusion-masonry-element-container fusion-image-wrapper\" style=\"background-image:url(https:\/\/www.joseantoniobernad.com\/wp-content\/uploads\/2020\/10\/Mediterra\u0301neo-655x77-cm-oleo-sobre-lienzo.jpg);padding-top:calc((100% + 6px) * 0.8);\" aria-haspopup=\"true\">\n\t\t\t\t<img decoding=\"async\" width=\"1800\" height=\"1537\" src=\"https:\/\/www.joseantoniobernad.com\/wp-content\/uploads\/2020\/10\/Mediterra\u0301neo-655x77-cm-oleo-sobre-lienzo.jpg\" class=\"attachment-full size-full wp-post-image\" alt=\"\" srcset=\"https:\/\/www.joseantoniobernad.com\/wp-content\/uploads\/2020\/10\/Mediterra\u0301neo-655x77-cm-oleo-sobre-lienzo-200x171.jpg 200w, https:\/\/www.joseantoniobernad.com\/wp-content\/uploads\/2020\/10\/Mediterra\u0301neo-655x77-cm-oleo-sobre-lienzo-400x342.jpg 400w, https:\/\/www.joseantoniobernad.com\/wp-content\/uploads\/2020\/10\/Mediterra\u0301neo-655x77-cm-oleo-sobre-lienzo-600x512.jpg 600w, https:\/\/www.joseantoniobernad.com\/wp-content\/uploads\/2020\/10\/Mediterra\u0301neo-655x77-cm-oleo-sobre-lienzo-800x683.jpg 800w, https:\/\/www.joseantoniobernad.com\/wp-content\/uploads\/2020\/10\/Mediterra\u0301neo-655x77-cm-oleo-sobre-lienzo-1200x1025.jpg 1200w, https:\/\/www.joseantoniobernad.com\/wp-content\/uploads\/2020\/10\/Mediterra\u0301neo-655x77-cm-oleo-sobre-lienzo.jpg 1800w\" sizes=\"(min-width: 2200px) 100vw, (min-width: 640px) 1200px, \" \/><div class=\"fusion-rollover\">\n\t<div class=\"fusion-rollover-content\">\n\n\t\t\t\t\t\t\t\t\t\t\t\t\t\t<a class=\"fusion-rollover-link\" href=\"https:\/\/www.joseantoniobernad.com\/en\/portfolio-en\/mediterraneo-65-5x77-cm-oleo-sobre-lienzo\/\">Mediterra\u0301neo, 65.5&#215;77 cm, Oil on canvas<\/a>\n\t\t\t\n\t\t\t\t\t\t\t\t\t\t\t\t\t\t\n\t\t\t\t\t\t\t\t\n\t\t\t\t\t\t\t\t\t\t\t\t\t<div class=\"fusion-rollover-sep\"><\/div>\n\t\t\t\t\n\t\t\t\t\t\t\t\t\t\t\t\t\t\t\t\t\t\t<a class=\"fusion-rollover-gallery\" href=\"https:\/\/www.joseantoniobernad.com\/wp-content\/uploads\/2020\/10\/Mediterra\u0301neo-655x77-cm-oleo-sobre-lienzo.jpg\" data-options=\"\" data-id=\"272\" data-rel=\"iLightbox[gallery-rw-1]\" data-title=\"Mediterra\u0301neo, 65,5x77 cm, oleo sobre lienzo\" data-caption=\"\">\n\t\t\t\t\t\tGallery\t\t\t\t\t<\/a>\n\t\t\t\t\t\t\t\t\t\t\t\t\t\t\n\t\t\n\t\t\t\t\t\t\t\t\t\t\t\t<h4 class=\"fusion-rollover-title\">\n\t\t\t\t\t<a class=\"fusion-rollover-title-link\" href=\"https:\/\/www.joseantoniobernad.com\/en\/portfolio-en\/mediterraneo-65-5x77-cm-oleo-sobre-lienzo\/\">\n\t\t\t\t\t\tMediterra\u0301neo, 65.5&#215;77 cm, Oil on canvas\t\t\t\t\t<\/a>\n\t\t\t\t<\/h4>\n\t\t\t\n\t\t\t\t\t\t\t\t\t\t<div class=\"fusion-rollover-categories\"><a href=\"https:\/\/www.joseantoniobernad.com\/portfolio_category\/galeria-2\/\" rel=\"tag\">Galer\u00eda 2<\/a><\/div>\t\t\t\t\t\n\t\t\n\t\t\t\t\t\t<a class=\"fusion-link-wrapper\" href=\"https:\/\/www.joseantoniobernad.com\/en\/portfolio-en\/mediterraneo-65-5x77-cm-oleo-sobre-lienzo\/\" aria-label=\"Mediterra\u0301neo, 65.5&#215;77 cm, Oil on canvas\"><\/a>\n\t<\/div>\n<\/div>\n<\/div>\n<\/div><\/article><article id=\"portfolio-1-post-275\" class=\"fusion-portfolio-post galeria-2 fusion-col-spacing post-275 fusion-element-landscape fusion-element-portrait\"><div class=\"fusion-portfolio-content-wrapper\" style=\"border:none;\"><span class=\"entry-title rich-snippet-hidden\">La caracola, 80&#215;120 cm, Oil on canvas<\/span><span class=\"vcard rich-snippet-hidden\"><span class=\"fn\"><a href=\"https:\/\/www.joseantoniobernad.com\/en\/author\/nuteco\/\" title=\"Posts by nuteco\" rel=\"author\">nuteco<\/a><\/span><\/span><span class=\"updated rich-snippet-hidden\">2020-11-09T10:09:09+00:00<\/span><div  class=\"fusion-masonry-element-container fusion-image-wrapper\" style=\"background-image:url(https:\/\/www.joseantoniobernad.com\/wp-content\/uploads\/2020\/10\/La-caracola-80x120-cm-1-scaled.jpg);padding-top:calc((100% + 6px) * 0.8);\" aria-haspopup=\"true\">\n\t\t\t\t<img decoding=\"async\" width=\"2560\" height=\"1725\" src=\"https:\/\/www.joseantoniobernad.com\/wp-content\/uploads\/2020\/10\/La-caracola-80x120-cm-1-scaled.jpg\" class=\"attachment-full size-full wp-post-image\" alt=\"\" srcset=\"https:\/\/www.joseantoniobernad.com\/wp-content\/uploads\/2020\/10\/La-caracola-80x120-cm-1-200x135.jpg 200w, https:\/\/www.joseantoniobernad.com\/wp-content\/uploads\/2020\/10\/La-caracola-80x120-cm-1-400x270.jpg 400w, https:\/\/www.joseantoniobernad.com\/wp-content\/uploads\/2020\/10\/La-caracola-80x120-cm-1-600x404.jpg 600w, https:\/\/www.joseantoniobernad.com\/wp-content\/uploads\/2020\/10\/La-caracola-80x120-cm-1-800x539.jpg 800w, https:\/\/www.joseantoniobernad.com\/wp-content\/uploads\/2020\/10\/La-caracola-80x120-cm-1-1200x809.jpg 1200w, https:\/\/www.joseantoniobernad.com\/wp-content\/uploads\/2020\/10\/La-caracola-80x120-cm-1-scaled.jpg 2560w\" sizes=\"(min-width: 2200px) 100vw, (min-width: 640px) 1200px, \" \/><div class=\"fusion-rollover\">\n\t<div class=\"fusion-rollover-content\">\n\n\t\t\t\t\t\t\t\t\t\t\t\t\t\t<a class=\"fusion-rollover-link\" href=\"https:\/\/www.joseantoniobernad.com\/en\/portfolio-en\/la-caracola-80x120-cm-oleo-sobre-lienzo\/\">La caracola, 80&#215;120 cm, Oil on canvas<\/a>\n\t\t\t\n\t\t\t\t\t\t\t\t\t\t\t\t\t\t\n\t\t\t\t\t\t\t\t\n\t\t\t\t\t\t\t\t\t\t\t\t\t<div class=\"fusion-rollover-sep\"><\/div>\n\t\t\t\t\n\t\t\t\t\t\t\t\t\t\t\t\t\t\t\t\t\t\t<a class=\"fusion-rollover-gallery\" href=\"https:\/\/www.joseantoniobernad.com\/wp-content\/uploads\/2020\/10\/La-caracola-80x120-cm-1-scaled.jpg\" data-options=\"\" data-id=\"275\" data-rel=\"iLightbox[gallery-rw-1]\" data-title=\"La caracola 80x120 cm (1)\" data-caption=\"\">\n\t\t\t\t\t\tGallery\t\t\t\t\t<\/a>\n\t\t\t\t\t\t\t\t\t\t\t\t\t\t\n\t\t\n\t\t\t\t\t\t\t\t\t\t\t\t<h4 class=\"fusion-rollover-title\">\n\t\t\t\t\t<a class=\"fusion-rollover-title-link\" href=\"https:\/\/www.joseantoniobernad.com\/en\/portfolio-en\/la-caracola-80x120-cm-oleo-sobre-lienzo\/\">\n\t\t\t\t\t\tLa caracola, 80&#215;120 cm, Oil on canvas\t\t\t\t\t<\/a>\n\t\t\t\t<\/h4>\n\t\t\t\n\t\t\t\t\t\t\t\t\t\t<div class=\"fusion-rollover-categories\"><a href=\"https:\/\/www.joseantoniobernad.com\/portfolio_category\/galeria-2\/\" rel=\"tag\">Galer\u00eda 2<\/a><\/div>\t\t\t\t\t\n\t\t\n\t\t\t\t\t\t<a class=\"fusion-link-wrapper\" href=\"https:\/\/www.joseantoniobernad.com\/en\/portfolio-en\/la-caracola-80x120-cm-oleo-sobre-lienzo\/\" aria-label=\"La caracola, 80&#215;120 cm, Oil on canvas\"><\/a>\n\t<\/div>\n<\/div>\n<\/div>\n<\/div><\/article><article id=\"portfolio-1-post-280\" class=\"fusion-portfolio-post galeria-2 fusion-col-spacing post-280 fusion-element-landscape fusion-element-portrait\"><div class=\"fusion-portfolio-content-wrapper\" style=\"border:none;\"><span class=\"entry-title rich-snippet-hidden\">Blanco y Negro, 40&#215;40 cm, Graphite on paper<\/span><span class=\"vcard rich-snippet-hidden\"><span class=\"fn\"><a href=\"https:\/\/www.joseantoniobernad.com\/en\/author\/nuteco\/\" title=\"Posts by nuteco\" rel=\"author\">nuteco<\/a><\/span><\/span><span class=\"updated rich-snippet-hidden\">2020-11-05T16:32:51+00:00<\/span><div  class=\"fusion-masonry-element-container fusion-image-wrapper\" style=\"background-image:url(https:\/\/www.joseantoniobernad.com\/wp-content\/uploads\/2020\/10\/Blanco-y-Negro-40x40-cm-grafito-sobre-papel.jpg);padding-top:calc((100% + 6px) * 0.8);\" aria-haspopup=\"true\">\n\t\t\t\t<img decoding=\"async\" width=\"1700\" height=\"1700\" src=\"https:\/\/www.joseantoniobernad.com\/wp-content\/uploads\/2020\/10\/Blanco-y-Negro-40x40-cm-grafito-sobre-papel.jpg\" class=\"attachment-full size-full wp-post-image\" alt=\"\" srcset=\"https:\/\/www.joseantoniobernad.com\/wp-content\/uploads\/2020\/10\/Blanco-y-Negro-40x40-cm-grafito-sobre-papel-200x200.jpg 200w, https:\/\/www.joseantoniobernad.com\/wp-content\/uploads\/2020\/10\/Blanco-y-Negro-40x40-cm-grafito-sobre-papel-400x400.jpg 400w, https:\/\/www.joseantoniobernad.com\/wp-content\/uploads\/2020\/10\/Blanco-y-Negro-40x40-cm-grafito-sobre-papel-600x600.jpg 600w, https:\/\/www.joseantoniobernad.com\/wp-content\/uploads\/2020\/10\/Blanco-y-Negro-40x40-cm-grafito-sobre-papel-800x800.jpg 800w, https:\/\/www.joseantoniobernad.com\/wp-content\/uploads\/2020\/10\/Blanco-y-Negro-40x40-cm-grafito-sobre-papel-1200x1200.jpg 1200w, https:\/\/www.joseantoniobernad.com\/wp-content\/uploads\/2020\/10\/Blanco-y-Negro-40x40-cm-grafito-sobre-papel.jpg 1700w\" sizes=\"(min-width: 2200px) 100vw, (min-width: 640px) 1200px, \" \/><div class=\"fusion-rollover\">\n\t<div class=\"fusion-rollover-content\">\n\n\t\t\t\t\t\t\t\t\t\t\t\t\t\t<a class=\"fusion-rollover-link\" href=\"https:\/\/www.joseantoniobernad.com\/en\/portfolio-en\/blanco-y-negro-40x40-cm-grafito-sobre-papel\/\">Blanco y Negro, 40&#215;40 cm, Graphite on paper<\/a>\n\t\t\t\n\t\t\t\t\t\t\t\t\t\t\t\t\t\t\n\t\t\t\t\t\t\t\t\n\t\t\t\t\t\t\t\t\t\t\t\t\t<div class=\"fusion-rollover-sep\"><\/div>\n\t\t\t\t\n\t\t\t\t\t\t\t\t\t\t\t\t\t\t\t\t\t\t<a class=\"fusion-rollover-gallery\" href=\"https:\/\/www.joseantoniobernad.com\/wp-content\/uploads\/2020\/10\/Blanco-y-Negro-40x40-cm-grafito-sobre-papel.jpg\" data-options=\"\" data-id=\"280\" data-rel=\"iLightbox[gallery-rw-1]\" data-title=\"Blanco y Negro, 40x40 cm, grafito sobre papel\" data-caption=\"\">\n\t\t\t\t\t\tGallery\t\t\t\t\t<\/a>\n\t\t\t\t\t\t\t\t\t\t\t\t\t\t\n\t\t\n\t\t\t\t\t\t\t\t\t\t\t\t<h4 class=\"fusion-rollover-title\">\n\t\t\t\t\t<a class=\"fusion-rollover-title-link\" href=\"https:\/\/www.joseantoniobernad.com\/en\/portfolio-en\/blanco-y-negro-40x40-cm-grafito-sobre-papel\/\">\n\t\t\t\t\t\tBlanco y Negro, 40&#215;40 cm, Graphite on paper\t\t\t\t\t<\/a>\n\t\t\t\t<\/h4>\n\t\t\t\n\t\t\t\t\t\t\t\t\t\t<div class=\"fusion-rollover-categories\"><a href=\"https:\/\/www.joseantoniobernad.com\/portfolio_category\/galeria-2\/\" rel=\"tag\">Galer\u00eda 2<\/a><\/div>\t\t\t\t\t\n\t\t\n\t\t\t\t\t\t<a class=\"fusion-link-wrapper\" href=\"https:\/\/www.joseantoniobernad.com\/en\/portfolio-en\/blanco-y-negro-40x40-cm-grafito-sobre-papel\/\" aria-label=\"Blanco y Negro, 40&#215;40 cm, Graphite on paper\"><\/a>\n\t<\/div>\n<\/div>\n<\/div>\n<\/div><\/article><article id=\"portfolio-1-post-281\" class=\"fusion-portfolio-post galeria-2 fusion-col-spacing post-281 fusion-element-landscape fusion-element-portrait\"><div class=\"fusion-portfolio-content-wrapper\" style=\"border:none;\"><span class=\"entry-title rich-snippet-hidden\">Carnaval, 68&#215;80 cm, Oil on canvas<\/span><span class=\"vcard rich-snippet-hidden\"><span class=\"fn\"><a href=\"https:\/\/www.joseantoniobernad.com\/en\/author\/nuteco\/\" title=\"Posts by nuteco\" rel=\"author\">nuteco<\/a><\/span><\/span><span class=\"updated rich-snippet-hidden\">2020-11-05T16:33:08+00:00<\/span><div  class=\"fusion-masonry-element-container fusion-image-wrapper\" style=\"background-image:url(https:\/\/www.joseantoniobernad.com\/wp-content\/uploads\/2020\/10\/Carnaval-68x80-cm-oleo-sobre-lienzo.jpg);padding-top:calc((100% + 6px) * 0.8);\" aria-haspopup=\"true\">\n\t\t\t\t<img decoding=\"async\" width=\"1800\" height=\"1535\" src=\"https:\/\/www.joseantoniobernad.com\/wp-content\/uploads\/2020\/10\/Carnaval-68x80-cm-oleo-sobre-lienzo.jpg\" class=\"attachment-full size-full wp-post-image\" alt=\"\" srcset=\"https:\/\/www.joseantoniobernad.com\/wp-content\/uploads\/2020\/10\/Carnaval-68x80-cm-oleo-sobre-lienzo-200x171.jpg 200w, https:\/\/www.joseantoniobernad.com\/wp-content\/uploads\/2020\/10\/Carnaval-68x80-cm-oleo-sobre-lienzo-400x341.jpg 400w, https:\/\/www.joseantoniobernad.com\/wp-content\/uploads\/2020\/10\/Carnaval-68x80-cm-oleo-sobre-lienzo-600x512.jpg 600w, https:\/\/www.joseantoniobernad.com\/wp-content\/uploads\/2020\/10\/Carnaval-68x80-cm-oleo-sobre-lienzo-800x682.jpg 800w, https:\/\/www.joseantoniobernad.com\/wp-content\/uploads\/2020\/10\/Carnaval-68x80-cm-oleo-sobre-lienzo-1200x1023.jpg 1200w, https:\/\/www.joseantoniobernad.com\/wp-content\/uploads\/2020\/10\/Carnaval-68x80-cm-oleo-sobre-lienzo.jpg 1800w\" sizes=\"(min-width: 2200px) 100vw, (min-width: 640px) 1200px, \" \/><div class=\"fusion-rollover\">\n\t<div class=\"fusion-rollover-content\">\n\n\t\t\t\t\t\t\t\t\t\t\t\t\t\t<a class=\"fusion-rollover-link\" href=\"https:\/\/www.joseantoniobernad.com\/en\/portfolio-en\/carnaval-68x80-cm-oleo-sobre-lienzo\/\">Carnaval, 68&#215;80 cm, Oil on canvas<\/a>\n\t\t\t\n\t\t\t\t\t\t\t\t\t\t\t\t\t\t\n\t\t\t\t\t\t\t\t\n\t\t\t\t\t\t\t\t\t\t\t\t\t<div class=\"fusion-rollover-sep\"><\/div>\n\t\t\t\t\n\t\t\t\t\t\t\t\t\t\t\t\t\t\t\t\t\t\t<a class=\"fusion-rollover-gallery\" href=\"https:\/\/www.joseantoniobernad.com\/wp-content\/uploads\/2020\/10\/Carnaval-68x80-cm-oleo-sobre-lienzo.jpg\" data-options=\"\" data-id=\"281\" data-rel=\"iLightbox[gallery-rw-1]\" data-title=\"Carnaval 68x80 cm, oleo sobre lienzo\" data-caption=\"\">\n\t\t\t\t\t\tGallery\t\t\t\t\t<\/a>\n\t\t\t\t\t\t\t\t\t\t\t\t\t\t\n\t\t\n\t\t\t\t\t\t\t\t\t\t\t\t<h4 class=\"fusion-rollover-title\">\n\t\t\t\t\t<a class=\"fusion-rollover-title-link\" href=\"https:\/\/www.joseantoniobernad.com\/en\/portfolio-en\/carnaval-68x80-cm-oleo-sobre-lienzo\/\">\n\t\t\t\t\t\tCarnaval, 68&#215;80 cm, Oil on canvas\t\t\t\t\t<\/a>\n\t\t\t\t<\/h4>\n\t\t\t\n\t\t\t\t\t\t\t\t\t\t<div class=\"fusion-rollover-categories\"><a href=\"https:\/\/www.joseantoniobernad.com\/portfolio_category\/galeria-2\/\" rel=\"tag\">Galer\u00eda 2<\/a><\/div>\t\t\t\t\t\n\t\t\n\t\t\t\t\t\t<a class=\"fusion-link-wrapper\" href=\"https:\/\/www.joseantoniobernad.com\/en\/portfolio-en\/carnaval-68x80-cm-oleo-sobre-lienzo\/\" aria-label=\"Carnaval, 68&#215;80 cm, Oil on canvas\"><\/a>\n\t<\/div>\n<\/div>\n<\/div>\n<\/div><\/article><article id=\"portfolio-1-post-282\" class=\"fusion-portfolio-post galeria-2 fusion-col-spacing post-282 fusion-element-landscape fusion-element-portrait\"><div class=\"fusion-portfolio-content-wrapper\" style=\"border:none;\"><span class=\"entry-title rich-snippet-hidden\">Club Atl\u00e1ntida 93&#215;150 cm, Oil on canvas<\/span><span class=\"vcard rich-snippet-hidden\"><span class=\"fn\"><a href=\"https:\/\/www.joseantoniobernad.com\/en\/author\/nuteco\/\" title=\"Posts by nuteco\" rel=\"author\">nuteco<\/a><\/span><\/span><span class=\"updated rich-snippet-hidden\">2020-11-05T16:33:21+00:00<\/span><div  class=\"fusion-masonry-element-container fusion-image-wrapper\" style=\"background-image:url(https:\/\/www.joseantoniobernad.com\/wp-content\/uploads\/2020\/10\/Club-Atlantida-93x150-cm-oleo-sobre-lienzo.jpg);padding-top:calc((100% + 6px) * 0.8);\" aria-haspopup=\"true\">\n\t\t\t\t<img decoding=\"async\" width=\"1800\" height=\"1064\" src=\"https:\/\/www.joseantoniobernad.com\/wp-content\/uploads\/2020\/10\/Club-Atlantida-93x150-cm-oleo-sobre-lienzo.jpg\" class=\"attachment-full size-full wp-post-image\" alt=\"\" srcset=\"https:\/\/www.joseantoniobernad.com\/wp-content\/uploads\/2020\/10\/Club-Atlantida-93x150-cm-oleo-sobre-lienzo-200x118.jpg 200w, https:\/\/www.joseantoniobernad.com\/wp-content\/uploads\/2020\/10\/Club-Atlantida-93x150-cm-oleo-sobre-lienzo-400x236.jpg 400w, https:\/\/www.joseantoniobernad.com\/wp-content\/uploads\/2020\/10\/Club-Atlantida-93x150-cm-oleo-sobre-lienzo-600x355.jpg 600w, https:\/\/www.joseantoniobernad.com\/wp-content\/uploads\/2020\/10\/Club-Atlantida-93x150-cm-oleo-sobre-lienzo-800x473.jpg 800w, https:\/\/www.joseantoniobernad.com\/wp-content\/uploads\/2020\/10\/Club-Atlantida-93x150-cm-oleo-sobre-lienzo-1200x709.jpg 1200w, https:\/\/www.joseantoniobernad.com\/wp-content\/uploads\/2020\/10\/Club-Atlantida-93x150-cm-oleo-sobre-lienzo.jpg 1800w\" sizes=\"(min-width: 2200px) 100vw, (min-width: 640px) 1200px, \" \/><div class=\"fusion-rollover\">\n\t<div class=\"fusion-rollover-content\">\n\n\t\t\t\t\t\t\t\t\t\t\t\t\t\t<a class=\"fusion-rollover-link\" href=\"https:\/\/www.joseantoniobernad.com\/en\/portfolio-en\/club-atlantida-93x150-cm-oleo-sobre-lienzo\/\">Club Atl\u00e1ntida 93&#215;150 cm, Oil on canvas<\/a>\n\t\t\t\n\t\t\t\t\t\t\t\t\t\t\t\t\t\t\n\t\t\t\t\t\t\t\t\n\t\t\t\t\t\t\t\t\t\t\t\t\t<div class=\"fusion-rollover-sep\"><\/div>\n\t\t\t\t\n\t\t\t\t\t\t\t\t\t\t\t\t\t\t\t\t\t\t<a class=\"fusion-rollover-gallery\" href=\"https:\/\/www.joseantoniobernad.com\/wp-content\/uploads\/2020\/10\/Club-Atlantida-93x150-cm-oleo-sobre-lienzo.jpg\" data-options=\"\" data-id=\"282\" data-rel=\"iLightbox[gallery-rw-1]\" data-title=\"Club Atlantida 93x150 cm, oleo sobre lienzo\" data-caption=\"\">\n\t\t\t\t\t\tGallery\t\t\t\t\t<\/a>\n\t\t\t\t\t\t\t\t\t\t\t\t\t\t\n\t\t\n\t\t\t\t\t\t\t\t\t\t\t\t<h4 class=\"fusion-rollover-title\">\n\t\t\t\t\t<a class=\"fusion-rollover-title-link\" href=\"https:\/\/www.joseantoniobernad.com\/en\/portfolio-en\/club-atlantida-93x150-cm-oleo-sobre-lienzo\/\">\n\t\t\t\t\t\tClub Atl\u00e1ntida 93&#215;150 cm, Oil on canvas\t\t\t\t\t<\/a>\n\t\t\t\t<\/h4>\n\t\t\t\n\t\t\t\t\t\t\t\t\t\t<div class=\"fusion-rollover-categories\"><a href=\"https:\/\/www.joseantoniobernad.com\/portfolio_category\/galeria-2\/\" rel=\"tag\">Galer\u00eda 2<\/a><\/div>\t\t\t\t\t\n\t\t\n\t\t\t\t\t\t<a class=\"fusion-link-wrapper\" href=\"https:\/\/www.joseantoniobernad.com\/en\/portfolio-en\/club-atlantida-93x150-cm-oleo-sobre-lienzo\/\" aria-label=\"Club Atl\u00e1ntida 93&#215;150 cm, Oil on canvas\"><\/a>\n\t<\/div>\n<\/div>\n<\/div>\n<\/div><\/article><article id=\"portfolio-1-post-284\" class=\"fusion-portfolio-post galeria-2 fusion-col-spacing post-284 fusion-element-landscape fusion-element-portrait\"><div class=\"fusion-portfolio-content-wrapper\" style=\"border:none;\"><span class=\"entry-title rich-snippet-hidden\">Cuenta atr\u00e1s, 90 cm di\u00e1metro, Oil on canvas<\/span><span class=\"vcard rich-snippet-hidden\"><span class=\"fn\"><a href=\"https:\/\/www.joseantoniobernad.com\/en\/author\/nuteco\/\" title=\"Posts by nuteco\" rel=\"author\">nuteco<\/a><\/span><\/span><span class=\"updated rich-snippet-hidden\">2020-11-05T16:33:30+00:00<\/span><div  class=\"fusion-masonry-element-container fusion-image-wrapper\" style=\"background-image:url(https:\/\/www.joseantoniobernad.com\/wp-content\/uploads\/2020\/10\/Cuenta-atras-90-cm-diametro-oleo-sobre-lienzo.jpg);padding-top:calc((100% + 6px) * 0.8);\" aria-haspopup=\"true\">\n\t\t\t\t<img decoding=\"async\" width=\"1800\" height=\"1800\" src=\"https:\/\/www.joseantoniobernad.com\/wp-content\/uploads\/2020\/10\/Cuenta-atras-90-cm-diametro-oleo-sobre-lienzo.jpg\" class=\"attachment-full size-full wp-post-image\" alt=\"\" srcset=\"https:\/\/www.joseantoniobernad.com\/wp-content\/uploads\/2020\/10\/Cuenta-atras-90-cm-diametro-oleo-sobre-lienzo-200x200.jpg 200w, https:\/\/www.joseantoniobernad.com\/wp-content\/uploads\/2020\/10\/Cuenta-atras-90-cm-diametro-oleo-sobre-lienzo-400x400.jpg 400w, https:\/\/www.joseantoniobernad.com\/wp-content\/uploads\/2020\/10\/Cuenta-atras-90-cm-diametro-oleo-sobre-lienzo-600x600.jpg 600w, https:\/\/www.joseantoniobernad.com\/wp-content\/uploads\/2020\/10\/Cuenta-atras-90-cm-diametro-oleo-sobre-lienzo-800x800.jpg 800w, https:\/\/www.joseantoniobernad.com\/wp-content\/uploads\/2020\/10\/Cuenta-atras-90-cm-diametro-oleo-sobre-lienzo-1200x1200.jpg 1200w, https:\/\/www.joseantoniobernad.com\/wp-content\/uploads\/2020\/10\/Cuenta-atras-90-cm-diametro-oleo-sobre-lienzo.jpg 1800w\" sizes=\"(min-width: 2200px) 100vw, (min-width: 640px) 1200px, \" \/><div class=\"fusion-rollover\">\n\t<div class=\"fusion-rollover-content\">\n\n\t\t\t\t\t\t\t\t\t\t\t\t\t\t<a class=\"fusion-rollover-link\" href=\"https:\/\/www.joseantoniobernad.com\/en\/portfolio-en\/cuenta-atras-90-cm-diametro-oleo-sobre-lienzo\/\">Cuenta atr\u00e1s, 90 cm di\u00e1metro, Oil on canvas<\/a>\n\t\t\t\n\t\t\t\t\t\t\t\t\t\t\t\t\t\t\n\t\t\t\t\t\t\t\t\n\t\t\t\t\t\t\t\t\t\t\t\t\t<div class=\"fusion-rollover-sep\"><\/div>\n\t\t\t\t\n\t\t\t\t\t\t\t\t\t\t\t\t\t\t\t\t\t\t<a class=\"fusion-rollover-gallery\" href=\"https:\/\/www.joseantoniobernad.com\/wp-content\/uploads\/2020\/10\/Cuenta-atras-90-cm-diametro-oleo-sobre-lienzo.jpg\" data-options=\"\" data-id=\"284\" data-rel=\"iLightbox[gallery-rw-1]\" data-title=\"Cuenta atras 90 cm diametro, oleo sobre lienzo\" data-caption=\"\">\n\t\t\t\t\t\tGallery\t\t\t\t\t<\/a>\n\t\t\t\t\t\t\t\t\t\t\t\t\t\t\n\t\t\n\t\t\t\t\t\t\t\t\t\t\t\t<h4 class=\"fusion-rollover-title\">\n\t\t\t\t\t<a class=\"fusion-rollover-title-link\" href=\"https:\/\/www.joseantoniobernad.com\/en\/portfolio-en\/cuenta-atras-90-cm-diametro-oleo-sobre-lienzo\/\">\n\t\t\t\t\t\tCuenta atr\u00e1s, 90 cm di\u00e1metro, Oil on canvas\t\t\t\t\t<\/a>\n\t\t\t\t<\/h4>\n\t\t\t\n\t\t\t\t\t\t\t\t\t\t<div class=\"fusion-rollover-categories\"><a href=\"https:\/\/www.joseantoniobernad.com\/portfolio_category\/galeria-2\/\" rel=\"tag\">Galer\u00eda 2<\/a><\/div>\t\t\t\t\t\n\t\t\n\t\t\t\t\t\t<a class=\"fusion-link-wrapper\" href=\"https:\/\/www.joseantoniobernad.com\/en\/portfolio-en\/cuenta-atras-90-cm-diametro-oleo-sobre-lienzo\/\" aria-label=\"Cuenta atr\u00e1s, 90 cm di\u00e1metro, Oil on canvas\"><\/a>\n\t<\/div>\n<\/div>\n<\/div>\n<\/div><\/article><article id=\"portfolio-1-post-286\" class=\"fusion-portfolio-post galeria-2 fusion-col-spacing post-286 fusion-element-landscape fusion-element-portrait\"><div class=\"fusion-portfolio-content-wrapper\" style=\"border:none;\"><span class=\"entry-title rich-snippet-hidden\">Fase de suen\u0303o ligero, 75&#215;54 cm, Oil on canvas<\/span><span class=\"vcard rich-snippet-hidden\"><span class=\"fn\"><a href=\"https:\/\/www.joseantoniobernad.com\/en\/author\/nuteco\/\" title=\"Posts by nuteco\" rel=\"author\">nuteco<\/a><\/span><\/span><span class=\"updated rich-snippet-hidden\">2020-11-05T16:33:39+00:00<\/span><div  class=\"fusion-masonry-element-container fusion-image-wrapper\" style=\"background-image:url(https:\/\/www.joseantoniobernad.com\/wp-content\/uploads\/2020\/10\/Fase-de-suen\u0303o-ligero-75x54-cm-oleo-sobre-lienzo.jpg);padding-top:calc((100% + 6px) * 0.8);\" aria-haspopup=\"true\">\n\t\t\t\t<img decoding=\"async\" width=\"1800\" height=\"2451\" src=\"https:\/\/www.joseantoniobernad.com\/wp-content\/uploads\/2020\/10\/Fase-de-suen\u0303o-ligero-75x54-cm-oleo-sobre-lienzo.jpg\" class=\"attachment-full size-full wp-post-image\" alt=\"\" srcset=\"https:\/\/www.joseantoniobernad.com\/wp-content\/uploads\/2020\/10\/Fase-de-suen\u0303o-ligero-75x54-cm-oleo-sobre-lienzo-200x272.jpg 200w, https:\/\/www.joseantoniobernad.com\/wp-content\/uploads\/2020\/10\/Fase-de-suen\u0303o-ligero-75x54-cm-oleo-sobre-lienzo-400x545.jpg 400w, https:\/\/www.joseantoniobernad.com\/wp-content\/uploads\/2020\/10\/Fase-de-suen\u0303o-ligero-75x54-cm-oleo-sobre-lienzo-600x817.jpg 600w, https:\/\/www.joseantoniobernad.com\/wp-content\/uploads\/2020\/10\/Fase-de-suen\u0303o-ligero-75x54-cm-oleo-sobre-lienzo-800x1089.jpg 800w, https:\/\/www.joseantoniobernad.com\/wp-content\/uploads\/2020\/10\/Fase-de-suen\u0303o-ligero-75x54-cm-oleo-sobre-lienzo-1200x1634.jpg 1200w, https:\/\/www.joseantoniobernad.com\/wp-content\/uploads\/2020\/10\/Fase-de-suen\u0303o-ligero-75x54-cm-oleo-sobre-lienzo.jpg 1800w\" sizes=\"(min-width: 2200px) 100vw, (min-width: 640px) 1200px, \" \/><div class=\"fusion-rollover\">\n\t<div class=\"fusion-rollover-content\">\n\n\t\t\t\t\t\t\t\t\t\t\t\t\t\t<a class=\"fusion-rollover-link\" href=\"https:\/\/www.joseantoniobernad.com\/en\/portfolio-en\/fase-de-suen%cc%83o-ligero-75x54-cm-oleo-sobre-lienzo\/\">Fase de suen\u0303o ligero, 75&#215;54 cm, Oil on canvas<\/a>\n\t\t\t\n\t\t\t\t\t\t\t\t\t\t\t\t\t\t\n\t\t\t\t\t\t\t\t\n\t\t\t\t\t\t\t\t\t\t\t\t\t<div class=\"fusion-rollover-sep\"><\/div>\n\t\t\t\t\n\t\t\t\t\t\t\t\t\t\t\t\t\t\t\t\t\t\t<a class=\"fusion-rollover-gallery\" href=\"https:\/\/www.joseantoniobernad.com\/wp-content\/uploads\/2020\/10\/Fase-de-suen\u0303o-ligero-75x54-cm-oleo-sobre-lienzo.jpg\" data-options=\"\" data-id=\"286\" data-rel=\"iLightbox[gallery-rw-1]\" data-title=\"Fase de suen\u0303o ligero 75x54 cm, oleo sobre lienzo\" data-caption=\"\">\n\t\t\t\t\t\tGallery\t\t\t\t\t<\/a>\n\t\t\t\t\t\t\t\t\t\t\t\t\t\t\n\t\t\n\t\t\t\t\t\t\t\t\t\t\t\t<h4 class=\"fusion-rollover-title\">\n\t\t\t\t\t<a class=\"fusion-rollover-title-link\" href=\"https:\/\/www.joseantoniobernad.com\/en\/portfolio-en\/fase-de-suen%cc%83o-ligero-75x54-cm-oleo-sobre-lienzo\/\">\n\t\t\t\t\t\tFase de suen\u0303o ligero, 75&#215;54 cm, Oil on canvas\t\t\t\t\t<\/a>\n\t\t\t\t<\/h4>\n\t\t\t\n\t\t\t\t\t\t\t\t\t\t<div class=\"fusion-rollover-categories\"><a href=\"https:\/\/www.joseantoniobernad.com\/portfolio_category\/galeria-2\/\" rel=\"tag\">Galer\u00eda 2<\/a><\/div>\t\t\t\t\t\n\t\t\n\t\t\t\t\t\t<a class=\"fusion-link-wrapper\" href=\"https:\/\/www.joseantoniobernad.com\/en\/portfolio-en\/fase-de-suen%cc%83o-ligero-75x54-cm-oleo-sobre-lienzo\/\" aria-label=\"Fase de suen\u0303o ligero, 75&#215;54 cm, Oil on canvas\"><\/a>\n\t<\/div>\n<\/div>\n<\/div>\n<\/div><\/article><article id=\"portfolio-1-post-255\" class=\"fusion-portfolio-post galeria-3 fusion-col-spacing post-255 fusion-element-landscape fusion-element-portrait\"><div class=\"fusion-portfolio-content-wrapper\" style=\"border:none;\"><span class=\"entry-title rich-snippet-hidden\">Volvera\u0301, 63.5&#215;48 cm, Oil on board<\/span><span class=\"vcard rich-snippet-hidden\"><span class=\"fn\"><a href=\"https:\/\/www.joseantoniobernad.com\/en\/author\/nuteco\/\" title=\"Posts by nuteco\" rel=\"author\">nuteco<\/a><\/span><\/span><span class=\"updated rich-snippet-hidden\">2020-11-05T16:33:58+00:00<\/span><div  class=\"fusion-masonry-element-container fusion-image-wrapper\" style=\"background-image:url(https:\/\/www.joseantoniobernad.com\/wp-content\/uploads\/2020\/10\/Volvera\u0301-635x48-cm-oleo-sobre-lienzo.jpg);padding-top:calc((100% + 6px) * 0.8);\" aria-haspopup=\"true\">\n\t\t\t\t<img decoding=\"async\" width=\"1700\" height=\"2194\" src=\"https:\/\/www.joseantoniobernad.com\/wp-content\/uploads\/2020\/10\/Volvera\u0301-635x48-cm-oleo-sobre-lienzo.jpg\" class=\"attachment-full size-full wp-post-image\" alt=\"\" srcset=\"https:\/\/www.joseantoniobernad.com\/wp-content\/uploads\/2020\/10\/Volvera\u0301-635x48-cm-oleo-sobre-lienzo-200x258.jpg 200w, https:\/\/www.joseantoniobernad.com\/wp-content\/uploads\/2020\/10\/Volvera\u0301-635x48-cm-oleo-sobre-lienzo-400x516.jpg 400w, https:\/\/www.joseantoniobernad.com\/wp-content\/uploads\/2020\/10\/Volvera\u0301-635x48-cm-oleo-sobre-lienzo-600x774.jpg 600w, https:\/\/www.joseantoniobernad.com\/wp-content\/uploads\/2020\/10\/Volvera\u0301-635x48-cm-oleo-sobre-lienzo-800x1032.jpg 800w, https:\/\/www.joseantoniobernad.com\/wp-content\/uploads\/2020\/10\/Volvera\u0301-635x48-cm-oleo-sobre-lienzo-1200x1549.jpg 1200w, https:\/\/www.joseantoniobernad.com\/wp-content\/uploads\/2020\/10\/Volvera\u0301-635x48-cm-oleo-sobre-lienzo.jpg 1700w\" sizes=\"(min-width: 2200px) 100vw, (min-width: 640px) 1200px, \" \/><div class=\"fusion-rollover\">\n\t<div class=\"fusion-rollover-content\">\n\n\t\t\t\t\t\t\t\t\t\t\t\t\t\t<a class=\"fusion-rollover-link\" href=\"https:\/\/www.joseantoniobernad.com\/en\/portfolio-en\/volvera-63-5x48-cm-oleo-sobre-lienzo\/\">Volvera\u0301, 63.5&#215;48 cm, Oil on board<\/a>\n\t\t\t\n\t\t\t\t\t\t\t\t\t\t\t\t\t\t\n\t\t\t\t\t\t\t\t\n\t\t\t\t\t\t\t\t\t\t\t\t\t<div class=\"fusion-rollover-sep\"><\/div>\n\t\t\t\t\n\t\t\t\t\t\t\t\t\t\t\t\t\t\t\t\t\t\t<a class=\"fusion-rollover-gallery\" href=\"https:\/\/www.joseantoniobernad.com\/wp-content\/uploads\/2020\/10\/Volvera\u0301-635x48-cm-oleo-sobre-lienzo.jpg\" data-options=\"\" data-id=\"255\" data-rel=\"iLightbox[gallery-rw-1]\" data-title=\"Volvera\u0301 63,5x48 cm, oleo sobre lienzo\" data-caption=\"\">\n\t\t\t\t\t\tGallery\t\t\t\t\t<\/a>\n\t\t\t\t\t\t\t\t\t\t\t\t\t\t\n\t\t\n\t\t\t\t\t\t\t\t\t\t\t\t<h4 class=\"fusion-rollover-title\">\n\t\t\t\t\t<a class=\"fusion-rollover-title-link\" href=\"https:\/\/www.joseantoniobernad.com\/en\/portfolio-en\/volvera-63-5x48-cm-oleo-sobre-lienzo\/\">\n\t\t\t\t\t\tVolvera\u0301, 63.5&#215;48 cm, Oil on board\t\t\t\t\t<\/a>\n\t\t\t\t<\/h4>\n\t\t\t\n\t\t\t\t\t\t\t\t\t\t<div class=\"fusion-rollover-categories\"><a href=\"https:\/\/www.joseantoniobernad.com\/portfolio_category\/galeria-3\/\" rel=\"tag\">Galer\u00eda 3<\/a><\/div>\t\t\t\t\t\n\t\t\n\t\t\t\t\t\t<a class=\"fusion-link-wrapper\" href=\"https:\/\/www.joseantoniobernad.com\/en\/portfolio-en\/volvera-63-5x48-cm-oleo-sobre-lienzo\/\" aria-label=\"Volvera\u0301, 63.5&#215;48 cm, Oil on board\"><\/a>\n\t<\/div>\n<\/div>\n<\/div>\n<\/div><\/article><article id=\"portfolio-1-post-256\" class=\"fusion-portfolio-post galeria-3 fusion-col-spacing post-256 fusion-element-landscape fusion-element-portrait\"><div class=\"fusion-portfolio-content-wrapper\" style=\"border:none;\"><span class=\"entry-title rich-snippet-hidden\">Viento de primavera, 35x64cm, Oil on canvas<\/span><span class=\"vcard rich-snippet-hidden\"><span class=\"fn\"><a href=\"https:\/\/www.joseantoniobernad.com\/en\/author\/nuteco\/\" title=\"Posts by nuteco\" rel=\"author\">nuteco<\/a><\/span><\/span><span class=\"updated rich-snippet-hidden\">2020-11-05T16:34:08+00:00<\/span><div  class=\"fusion-masonry-element-container fusion-image-wrapper\" style=\"background-image:url(https:\/\/www.joseantoniobernad.com\/wp-content\/uploads\/2020\/10\/Viento-de-primavera-35x64cm-oleo-sobre-lienzo.jpg);padding-top:calc((100% + 6px) * 0.8);\" aria-haspopup=\"true\">\n\t\t\t\t<img decoding=\"async\" width=\"1800\" height=\"995\" src=\"https:\/\/www.joseantoniobernad.com\/wp-content\/uploads\/2020\/10\/Viento-de-primavera-35x64cm-oleo-sobre-lienzo.jpg\" class=\"attachment-full size-full wp-post-image\" alt=\"\" srcset=\"https:\/\/www.joseantoniobernad.com\/wp-content\/uploads\/2020\/10\/Viento-de-primavera-35x64cm-oleo-sobre-lienzo-200x111.jpg 200w, https:\/\/www.joseantoniobernad.com\/wp-content\/uploads\/2020\/10\/Viento-de-primavera-35x64cm-oleo-sobre-lienzo-400x221.jpg 400w, https:\/\/www.joseantoniobernad.com\/wp-content\/uploads\/2020\/10\/Viento-de-primavera-35x64cm-oleo-sobre-lienzo-600x332.jpg 600w, https:\/\/www.joseantoniobernad.com\/wp-content\/uploads\/2020\/10\/Viento-de-primavera-35x64cm-oleo-sobre-lienzo-800x442.jpg 800w, https:\/\/www.joseantoniobernad.com\/wp-content\/uploads\/2020\/10\/Viento-de-primavera-35x64cm-oleo-sobre-lienzo-1200x663.jpg 1200w, https:\/\/www.joseantoniobernad.com\/wp-content\/uploads\/2020\/10\/Viento-de-primavera-35x64cm-oleo-sobre-lienzo.jpg 1800w\" sizes=\"(min-width: 2200px) 100vw, (min-width: 640px) 1200px, \" \/><div class=\"fusion-rollover\">\n\t<div class=\"fusion-rollover-content\">\n\n\t\t\t\t\t\t\t\t\t\t\t\t\t\t<a class=\"fusion-rollover-link\" href=\"https:\/\/www.joseantoniobernad.com\/en\/portfolio-en\/viento-de-primavera-35x64cm-oleo-sobre-lienzo\/\">Viento de primavera, 35x64cm, Oil on canvas<\/a>\n\t\t\t\n\t\t\t\t\t\t\t\t\t\t\t\t\t\t\n\t\t\t\t\t\t\t\t\n\t\t\t\t\t\t\t\t\t\t\t\t\t<div class=\"fusion-rollover-sep\"><\/div>\n\t\t\t\t\n\t\t\t\t\t\t\t\t\t\t\t\t\t\t\t\t\t\t<a class=\"fusion-rollover-gallery\" href=\"https:\/\/www.joseantoniobernad.com\/wp-content\/uploads\/2020\/10\/Viento-de-primavera-35x64cm-oleo-sobre-lienzo.jpg\" data-options=\"\" data-id=\"256\" data-rel=\"iLightbox[gallery-rw-1]\" data-title=\"Viento de primavera, 35x64cm, oleo sobre lienzo\" data-caption=\"\">\n\t\t\t\t\t\tGallery\t\t\t\t\t<\/a>\n\t\t\t\t\t\t\t\t\t\t\t\t\t\t\n\t\t\n\t\t\t\t\t\t\t\t\t\t\t\t<h4 class=\"fusion-rollover-title\">\n\t\t\t\t\t<a class=\"fusion-rollover-title-link\" href=\"https:\/\/www.joseantoniobernad.com\/en\/portfolio-en\/viento-de-primavera-35x64cm-oleo-sobre-lienzo\/\">\n\t\t\t\t\t\tViento de primavera, 35x64cm, Oil on canvas\t\t\t\t\t<\/a>\n\t\t\t\t<\/h4>\n\t\t\t\n\t\t\t\t\t\t\t\t\t\t<div class=\"fusion-rollover-categories\"><a href=\"https:\/\/www.joseantoniobernad.com\/portfolio_category\/galeria-3\/\" rel=\"tag\">Galer\u00eda 3<\/a><\/div>\t\t\t\t\t\n\t\t\n\t\t\t\t\t\t<a class=\"fusion-link-wrapper\" href=\"https:\/\/www.joseantoniobernad.com\/en\/portfolio-en\/viento-de-primavera-35x64cm-oleo-sobre-lienzo\/\" aria-label=\"Viento de primavera, 35x64cm, Oil on canvas\"><\/a>\n\t<\/div>\n<\/div>\n<\/div>\n<\/div><\/article><article id=\"portfolio-1-post-258\" class=\"fusion-portfolio-post galeria-3 fusion-col-spacing post-258 fusion-element-landscape fusion-element-portrait\"><div class=\"fusion-portfolio-content-wrapper\" style=\"border:none;\"><span class=\"entry-title rich-snippet-hidden\">Vaci\u0301o, oleo sobre tabla, 40&#215;90 cm, Oil on board<\/span><span class=\"vcard rich-snippet-hidden\"><span class=\"fn\"><a href=\"https:\/\/www.joseantoniobernad.com\/en\/author\/nuteco\/\" title=\"Posts by nuteco\" rel=\"author\">nuteco<\/a><\/span><\/span><span class=\"updated rich-snippet-hidden\">2020-11-05T16:35:16+00:00<\/span><div  class=\"fusion-masonry-element-container fusion-image-wrapper\" style=\"background-image:url(https:\/\/www.joseantoniobernad.com\/wp-content\/uploads\/2020\/10\/Vacio-oleo-sobre-tabla-40x90-cm-oleo-sobre-lienzo.jpg);padding-top:calc((100% + 6px) * 0.8);\" aria-haspopup=\"true\">\n\t\t\t\t<img decoding=\"async\" width=\"1190\" height=\"532\" src=\"https:\/\/www.joseantoniobernad.com\/wp-content\/uploads\/2020\/10\/Vacio-oleo-sobre-tabla-40x90-cm-oleo-sobre-lienzo.jpg\" class=\"attachment-full size-full wp-post-image\" alt=\"\" srcset=\"https:\/\/www.joseantoniobernad.com\/wp-content\/uploads\/2020\/10\/Vacio-oleo-sobre-tabla-40x90-cm-oleo-sobre-lienzo-200x89.jpg 200w, https:\/\/www.joseantoniobernad.com\/wp-content\/uploads\/2020\/10\/Vacio-oleo-sobre-tabla-40x90-cm-oleo-sobre-lienzo-400x179.jpg 400w, https:\/\/www.joseantoniobernad.com\/wp-content\/uploads\/2020\/10\/Vacio-oleo-sobre-tabla-40x90-cm-oleo-sobre-lienzo-600x268.jpg 600w, https:\/\/www.joseantoniobernad.com\/wp-content\/uploads\/2020\/10\/Vacio-oleo-sobre-tabla-40x90-cm-oleo-sobre-lienzo-800x358.jpg 800w, https:\/\/www.joseantoniobernad.com\/wp-content\/uploads\/2020\/10\/Vacio-oleo-sobre-tabla-40x90-cm-oleo-sobre-lienzo.jpg 1190w\" sizes=\"(min-width: 2200px) 100vw, (min-width: 640px) 1200px, \" \/><div class=\"fusion-rollover\">\n\t<div class=\"fusion-rollover-content\">\n\n\t\t\t\t\t\t\t\t\t\t\t\t\t\t<a class=\"fusion-rollover-link\" href=\"https:\/\/www.joseantoniobernad.com\/en\/portfolio-en\/vacio-oleo-sobre-tabla-40x90-cm-oleo-sobre-lienzo\/\">Vaci\u0301o, oleo sobre tabla, 40&#215;90 cm, Oil on board<\/a>\n\t\t\t\n\t\t\t\t\t\t\t\t\t\t\t\t\t\t\n\t\t\t\t\t\t\t\t\n\t\t\t\t\t\t\t\t\t\t\t\t\t<div class=\"fusion-rollover-sep\"><\/div>\n\t\t\t\t\n\t\t\t\t\t\t\t\t\t\t\t\t\t\t\t\t\t\t<a class=\"fusion-rollover-gallery\" href=\"https:\/\/www.joseantoniobernad.com\/wp-content\/uploads\/2020\/10\/Vacio-oleo-sobre-tabla-40x90-cm-oleo-sobre-lienzo.jpg\" data-options=\"\" data-id=\"258\" data-rel=\"iLightbox[gallery-rw-1]\" data-title=\"Vacio-oleo-sobre-tabla-40x90-cm-oleo-sobre-lienzo\" data-caption=\"\">\n\t\t\t\t\t\tGallery\t\t\t\t\t<\/a>\n\t\t\t\t\t\t\t\t\t\t\t\t\t\t\n\t\t\n\t\t\t\t\t\t\t\t\t\t\t\t<h4 class=\"fusion-rollover-title\">\n\t\t\t\t\t<a class=\"fusion-rollover-title-link\" href=\"https:\/\/www.joseantoniobernad.com\/en\/portfolio-en\/vacio-oleo-sobre-tabla-40x90-cm-oleo-sobre-lienzo\/\">\n\t\t\t\t\t\tVaci\u0301o, oleo sobre tabla, 40&#215;90 cm, Oil on board\t\t\t\t\t<\/a>\n\t\t\t\t<\/h4>\n\t\t\t\n\t\t\t\t\t\t\t\t\t\t<div class=\"fusion-rollover-categories\"><a href=\"https:\/\/www.joseantoniobernad.com\/portfolio_category\/galeria-3\/\" rel=\"tag\">Galer\u00eda 3<\/a><\/div>\t\t\t\t\t\n\t\t\n\t\t\t\t\t\t<a class=\"fusion-link-wrapper\" href=\"https:\/\/www.joseantoniobernad.com\/en\/portfolio-en\/vacio-oleo-sobre-tabla-40x90-cm-oleo-sobre-lienzo\/\" aria-label=\"Vaci\u0301o, oleo sobre tabla, 40&#215;90 cm, Oil on board\"><\/a>\n\t<\/div>\n<\/div>\n<\/div>\n<\/div><\/article><article id=\"portfolio-1-post-261\" class=\"fusion-portfolio-post galeria-3 fusion-col-spacing post-261 fusion-element-landscape fusion-element-portrait\"><div class=\"fusion-portfolio-content-wrapper\" style=\"border:none;\"><span class=\"entry-title rich-snippet-hidden\">Sof\u00eda y la confusi\u00f3n, 60&#215;84.5 cm, Oil on board<\/span><span class=\"vcard rich-snippet-hidden\"><span class=\"fn\"><a href=\"https:\/\/www.joseantoniobernad.com\/en\/author\/nuteco\/\" title=\"Posts by nuteco\" rel=\"author\">nuteco<\/a><\/span><\/span><span class=\"updated rich-snippet-hidden\">2020-11-09T10:12:45+00:00<\/span><div  class=\"fusion-masonry-element-container fusion-image-wrapper\" style=\"background-image:url(https:\/\/www.joseantoniobernad.com\/wp-content\/uploads\/2020\/10\/Sofia-y-la-confusion-bis-60x845-cm-1-scaled.jpg);padding-top:calc((100% + 6px) * 0.8);\" aria-haspopup=\"true\">\n\t\t\t\t<img decoding=\"async\" width=\"2560\" height=\"1825\" src=\"https:\/\/www.joseantoniobernad.com\/wp-content\/uploads\/2020\/10\/Sofia-y-la-confusion-bis-60x845-cm-1-scaled.jpg\" class=\"attachment-full size-full wp-post-image\" alt=\"\" srcset=\"https:\/\/www.joseantoniobernad.com\/wp-content\/uploads\/2020\/10\/Sofia-y-la-confusion-bis-60x845-cm-1-200x143.jpg 200w, https:\/\/www.joseantoniobernad.com\/wp-content\/uploads\/2020\/10\/Sofia-y-la-confusion-bis-60x845-cm-1-400x285.jpg 400w, https:\/\/www.joseantoniobernad.com\/wp-content\/uploads\/2020\/10\/Sofia-y-la-confusion-bis-60x845-cm-1-600x428.jpg 600w, https:\/\/www.joseantoniobernad.com\/wp-content\/uploads\/2020\/10\/Sofia-y-la-confusion-bis-60x845-cm-1-800x570.jpg 800w, https:\/\/www.joseantoniobernad.com\/wp-content\/uploads\/2020\/10\/Sofia-y-la-confusion-bis-60x845-cm-1-1200x855.jpg 1200w, https:\/\/www.joseantoniobernad.com\/wp-content\/uploads\/2020\/10\/Sofia-y-la-confusion-bis-60x845-cm-1-scaled.jpg 2560w\" sizes=\"(min-width: 2200px) 100vw, (min-width: 640px) 1200px, \" \/><div class=\"fusion-rollover\">\n\t<div class=\"fusion-rollover-content\">\n\n\t\t\t\t\t\t\t\t\t\t\t\t\t\t<a class=\"fusion-rollover-link\" href=\"https:\/\/www.joseantoniobernad.com\/en\/portfolio-en\/sofia-y-la-confusion-60x84-5-cm-oleo-sobre-tabla\/\">Sof\u00eda y la confusi\u00f3n, 60&#215;84.5 cm, Oil on board<\/a>\n\t\t\t\n\t\t\t\t\t\t\t\t\t\t\t\t\t\t\n\t\t\t\t\t\t\t\t\n\t\t\t\t\t\t\t\t\t\t\t\t\t<div class=\"fusion-rollover-sep\"><\/div>\n\t\t\t\t\n\t\t\t\t\t\t\t\t\t\t\t\t\t\t\t\t\t\t<a class=\"fusion-rollover-gallery\" href=\"https:\/\/www.joseantoniobernad.com\/wp-content\/uploads\/2020\/10\/Sofia-y-la-confusion-bis-60x845-cm-1-scaled.jpg\" data-options=\"\" data-id=\"261\" data-rel=\"iLightbox[gallery-rw-1]\" data-title=\"Sofia y la confusion bis 60x84,5 cm (1)\" data-caption=\"\">\n\t\t\t\t\t\tGallery\t\t\t\t\t<\/a>\n\t\t\t\t\t\t\t\t\t\t\t\t\t\t\n\t\t\n\t\t\t\t\t\t\t\t\t\t\t\t<h4 class=\"fusion-rollover-title\">\n\t\t\t\t\t<a class=\"fusion-rollover-title-link\" href=\"https:\/\/www.joseantoniobernad.com\/en\/portfolio-en\/sofia-y-la-confusion-60x84-5-cm-oleo-sobre-tabla\/\">\n\t\t\t\t\t\tSof\u00eda y la confusi\u00f3n, 60&#215;84.5 cm, Oil on board\t\t\t\t\t<\/a>\n\t\t\t\t<\/h4>\n\t\t\t\n\t\t\t\t\t\t\t\t\t\t<div class=\"fusion-rollover-categories\"><a href=\"https:\/\/www.joseantoniobernad.com\/portfolio_category\/galeria-3\/\" rel=\"tag\">Galer\u00eda 3<\/a><\/div>\t\t\t\t\t\n\t\t\n\t\t\t\t\t\t<a class=\"fusion-link-wrapper\" href=\"https:\/\/www.joseantoniobernad.com\/en\/portfolio-en\/sofia-y-la-confusion-60x84-5-cm-oleo-sobre-tabla\/\" aria-label=\"Sof\u00eda y la confusi\u00f3n, 60&#215;84.5 cm, Oil on board\"><\/a>\n\t<\/div>\n<\/div>\n<\/div>\n<\/div><\/article><article id=\"portfolio-1-post-271\" class=\"fusion-portfolio-post galeria-3 fusion-col-spacing post-271 fusion-element-landscape fusion-element-portrait\"><div class=\"fusion-portfolio-content-wrapper\" style=\"border:none;\"><span class=\"entry-title rich-snippet-hidden\">Once de Mayo, 35&#215;57 cm, Oil on board<\/span><span class=\"vcard rich-snippet-hidden\"><span class=\"fn\"><a href=\"https:\/\/www.joseantoniobernad.com\/en\/author\/nuteco\/\" title=\"Posts by nuteco\" rel=\"author\">nuteco<\/a><\/span><\/span><span class=\"updated rich-snippet-hidden\">2020-11-05T16:35:56+00:00<\/span><div  class=\"fusion-masonry-element-container fusion-image-wrapper\" style=\"background-image:url(https:\/\/www.joseantoniobernad.com\/wp-content\/uploads\/2020\/10\/Once-de-Mayo-35x57-cm-oleo-sobre-tabla.jpg);padding-top:calc((100% + 6px) * 0.8);\" aria-haspopup=\"true\">\n\t\t\t\t<img decoding=\"async\" width=\"1800\" height=\"1108\" src=\"https:\/\/www.joseantoniobernad.com\/wp-content\/uploads\/2020\/10\/Once-de-Mayo-35x57-cm-oleo-sobre-tabla.jpg\" class=\"attachment-full size-full wp-post-image\" alt=\"\" srcset=\"https:\/\/www.joseantoniobernad.com\/wp-content\/uploads\/2020\/10\/Once-de-Mayo-35x57-cm-oleo-sobre-tabla-200x123.jpg 200w, https:\/\/www.joseantoniobernad.com\/wp-content\/uploads\/2020\/10\/Once-de-Mayo-35x57-cm-oleo-sobre-tabla-400x246.jpg 400w, https:\/\/www.joseantoniobernad.com\/wp-content\/uploads\/2020\/10\/Once-de-Mayo-35x57-cm-oleo-sobre-tabla-600x369.jpg 600w, https:\/\/www.joseantoniobernad.com\/wp-content\/uploads\/2020\/10\/Once-de-Mayo-35x57-cm-oleo-sobre-tabla-800x492.jpg 800w, https:\/\/www.joseantoniobernad.com\/wp-content\/uploads\/2020\/10\/Once-de-Mayo-35x57-cm-oleo-sobre-tabla-1200x739.jpg 1200w, https:\/\/www.joseantoniobernad.com\/wp-content\/uploads\/2020\/10\/Once-de-Mayo-35x57-cm-oleo-sobre-tabla.jpg 1800w\" sizes=\"(min-width: 2200px) 100vw, (min-width: 640px) 1200px, \" \/><div class=\"fusion-rollover\">\n\t<div class=\"fusion-rollover-content\">\n\n\t\t\t\t\t\t\t\t\t\t\t\t\t\t<a class=\"fusion-rollover-link\" href=\"https:\/\/www.joseantoniobernad.com\/en\/portfolio-en\/once-de-mayo-35x57-cm-oleo-sobre-tabla\/\">Once de Mayo, 35&#215;57 cm, Oil on board<\/a>\n\t\t\t\n\t\t\t\t\t\t\t\t\t\t\t\t\t\t\n\t\t\t\t\t\t\t\t\n\t\t\t\t\t\t\t\t\t\t\t\t\t<div class=\"fusion-rollover-sep\"><\/div>\n\t\t\t\t\n\t\t\t\t\t\t\t\t\t\t\t\t\t\t\t\t\t\t<a class=\"fusion-rollover-gallery\" href=\"https:\/\/www.joseantoniobernad.com\/wp-content\/uploads\/2020\/10\/Once-de-Mayo-35x57-cm-oleo-sobre-tabla.jpg\" data-options=\"\" data-id=\"271\" data-rel=\"iLightbox[gallery-rw-1]\" data-title=\"Once de Mayo 35x57 cm, oleo sobre tabla\" data-caption=\"\">\n\t\t\t\t\t\tGallery\t\t\t\t\t<\/a>\n\t\t\t\t\t\t\t\t\t\t\t\t\t\t\n\t\t\n\t\t\t\t\t\t\t\t\t\t\t\t<h4 class=\"fusion-rollover-title\">\n\t\t\t\t\t<a class=\"fusion-rollover-title-link\" href=\"https:\/\/www.joseantoniobernad.com\/en\/portfolio-en\/once-de-mayo-35x57-cm-oleo-sobre-tabla\/\">\n\t\t\t\t\t\tOnce de Mayo, 35&#215;57 cm, Oil on board\t\t\t\t\t<\/a>\n\t\t\t\t<\/h4>\n\t\t\t\n\t\t\t\t\t\t\t\t\t\t<div class=\"fusion-rollover-categories\"><a href=\"https:\/\/www.joseantoniobernad.com\/portfolio_category\/galeria-3\/\" rel=\"tag\">Galer\u00eda 3<\/a><\/div>\t\t\t\t\t\n\t\t\n\t\t\t\t\t\t<a class=\"fusion-link-wrapper\" href=\"https:\/\/www.joseantoniobernad.com\/en\/portfolio-en\/once-de-mayo-35x57-cm-oleo-sobre-tabla\/\" aria-label=\"Once de Mayo, 35&#215;57 cm, Oil on board\"><\/a>\n\t<\/div>\n<\/div>\n<\/div>\n<\/div><\/article><article id=\"portfolio-1-post-276\" class=\"fusion-portfolio-post galeria-3 fusion-col-spacing post-276 fusion-element-landscape fusion-element-portrait\"><div class=\"fusion-portfolio-content-wrapper\" style=\"border:none;\"><span class=\"entry-title rich-snippet-hidden\">Isla Palm, 75&#215;80.5 cm, Oil on board<\/span><span class=\"vcard rich-snippet-hidden\"><span class=\"fn\"><a href=\"https:\/\/www.joseantoniobernad.com\/en\/author\/nuteco\/\" title=\"Posts by nuteco\" rel=\"author\">nuteco<\/a><\/span><\/span><span class=\"updated rich-snippet-hidden\">2020-11-05T16:36:30+00:00<\/span><div  class=\"fusion-masonry-element-container fusion-image-wrapper\" style=\"background-image:url(https:\/\/www.joseantoniobernad.com\/wp-content\/uploads\/2020\/10\/Isla-Palm-75x805-cm-oleo-sobre-tabla.jpg);padding-top:calc((100% + 6px) * 0.8);\" aria-haspopup=\"true\">\n\t\t\t\t<img decoding=\"async\" width=\"1700\" height=\"1797\" src=\"https:\/\/www.joseantoniobernad.com\/wp-content\/uploads\/2020\/10\/Isla-Palm-75x805-cm-oleo-sobre-tabla.jpg\" class=\"attachment-full size-full wp-post-image\" alt=\"\" srcset=\"https:\/\/www.joseantoniobernad.com\/wp-content\/uploads\/2020\/10\/Isla-Palm-75x805-cm-oleo-sobre-tabla-200x211.jpg 200w, https:\/\/www.joseantoniobernad.com\/wp-content\/uploads\/2020\/10\/Isla-Palm-75x805-cm-oleo-sobre-tabla-400x423.jpg 400w, https:\/\/www.joseantoniobernad.com\/wp-content\/uploads\/2020\/10\/Isla-Palm-75x805-cm-oleo-sobre-tabla-600x634.jpg 600w, https:\/\/www.joseantoniobernad.com\/wp-content\/uploads\/2020\/10\/Isla-Palm-75x805-cm-oleo-sobre-tabla-800x846.jpg 800w, https:\/\/www.joseantoniobernad.com\/wp-content\/uploads\/2020\/10\/Isla-Palm-75x805-cm-oleo-sobre-tabla-1200x1268.jpg 1200w, https:\/\/www.joseantoniobernad.com\/wp-content\/uploads\/2020\/10\/Isla-Palm-75x805-cm-oleo-sobre-tabla.jpg 1700w\" sizes=\"(min-width: 2200px) 100vw, (min-width: 640px) 1200px, \" \/><div class=\"fusion-rollover\">\n\t<div class=\"fusion-rollover-content\">\n\n\t\t\t\t\t\t\t\t\t\t\t\t\t\t<a class=\"fusion-rollover-link\" href=\"https:\/\/www.joseantoniobernad.com\/en\/portfolio-en\/isla-palm-75x80-5-cm-oleo-sobre-tabla\/\">Isla Palm, 75&#215;80.5 cm, Oil on board<\/a>\n\t\t\t\n\t\t\t\t\t\t\t\t\t\t\t\t\t\t\n\t\t\t\t\t\t\t\t\n\t\t\t\t\t\t\t\t\t\t\t\t\t<div class=\"fusion-rollover-sep\"><\/div>\n\t\t\t\t\n\t\t\t\t\t\t\t\t\t\t\t\t\t\t\t\t\t\t<a class=\"fusion-rollover-gallery\" href=\"https:\/\/www.joseantoniobernad.com\/wp-content\/uploads\/2020\/10\/Isla-Palm-75x805-cm-oleo-sobre-tabla.jpg\" data-options=\"\" data-id=\"276\" data-rel=\"iLightbox[gallery-rw-1]\" data-title=\"Isla Palm 75x80,5 cm, oleo sobre tabla\" data-caption=\"\">\n\t\t\t\t\t\tGallery\t\t\t\t\t<\/a>\n\t\t\t\t\t\t\t\t\t\t\t\t\t\t\n\t\t\n\t\t\t\t\t\t\t\t\t\t\t\t<h4 class=\"fusion-rollover-title\">\n\t\t\t\t\t<a class=\"fusion-rollover-title-link\" href=\"https:\/\/www.joseantoniobernad.com\/en\/portfolio-en\/isla-palm-75x80-5-cm-oleo-sobre-tabla\/\">\n\t\t\t\t\t\tIsla Palm, 75&#215;80.5 cm, Oil on board\t\t\t\t\t<\/a>\n\t\t\t\t<\/h4>\n\t\t\t\n\t\t\t\t\t\t\t\t\t\t<div class=\"fusion-rollover-categories\"><a href=\"https:\/\/www.joseantoniobernad.com\/portfolio_category\/galeria-3\/\" rel=\"tag\">Galer\u00eda 3<\/a><\/div>\t\t\t\t\t\n\t\t\n\t\t\t\t\t\t<a class=\"fusion-link-wrapper\" href=\"https:\/\/www.joseantoniobernad.com\/en\/portfolio-en\/isla-palm-75x80-5-cm-oleo-sobre-tabla\/\" aria-label=\"Isla Palm, 75&#215;80.5 cm, Oil on board\"><\/a>\n\t<\/div>\n<\/div>\n<\/div>\n<\/div><\/article><article id=\"portfolio-1-post-278\" class=\"fusion-portfolio-post galeria-3 fusion-col-spacing post-278 fusion-element-landscape fusion-element-portrait\"><div class=\"fusion-portfolio-content-wrapper\" style=\"border:none;\"><span class=\"entry-title rich-snippet-hidden\">\u00c1mbar, 65&#215;47 cm, Oil on board<\/span><span class=\"vcard rich-snippet-hidden\"><span class=\"fn\"><a href=\"https:\/\/www.joseantoniobernad.com\/en\/author\/nuteco\/\" title=\"Posts by nuteco\" rel=\"author\">nuteco<\/a><\/span><\/span><span class=\"updated rich-snippet-hidden\">2020-11-09T09:58:53+00:00<\/span><div  class=\"fusion-masonry-element-container fusion-image-wrapper\" style=\"background-image:url(https:\/\/www.joseantoniobernad.com\/wp-content\/uploads\/2020\/10\/Ambar-bis-65x47-cm-scaled.jpg);padding-top:calc((100% + 6px) * 0.8);\" aria-haspopup=\"true\">\n\t\t\t\t<img decoding=\"async\" width=\"1988\" height=\"2560\" src=\"https:\/\/www.joseantoniobernad.com\/wp-content\/uploads\/2020\/10\/Ambar-bis-65x47-cm-scaled.jpg\" class=\"attachment-full size-full wp-post-image\" alt=\"\" srcset=\"https:\/\/www.joseantoniobernad.com\/wp-content\/uploads\/2020\/10\/Ambar-bis-65x47-cm-200x258.jpg 200w, https:\/\/www.joseantoniobernad.com\/wp-content\/uploads\/2020\/10\/Ambar-bis-65x47-cm-400x515.jpg 400w, https:\/\/www.joseantoniobernad.com\/wp-content\/uploads\/2020\/10\/Ambar-bis-65x47-cm-600x773.jpg 600w, https:\/\/www.joseantoniobernad.com\/wp-content\/uploads\/2020\/10\/Ambar-bis-65x47-cm-800x1030.jpg 800w, https:\/\/www.joseantoniobernad.com\/wp-content\/uploads\/2020\/10\/Ambar-bis-65x47-cm-1200x1545.jpg 1200w, https:\/\/www.joseantoniobernad.com\/wp-content\/uploads\/2020\/10\/Ambar-bis-65x47-cm-scaled.jpg 1988w\" sizes=\"(min-width: 2200px) 100vw, (min-width: 640px) 1200px, \" \/><div class=\"fusion-rollover\">\n\t<div class=\"fusion-rollover-content\">\n\n\t\t\t\t\t\t\t\t\t\t\t\t\t\t<a class=\"fusion-rollover-link\" href=\"https:\/\/www.joseantoniobernad.com\/en\/portfolio-en\/ambar-65x47-cm-oleo-sobre-tabla\/\">\u00c1mbar, 65&#215;47 cm, Oil on board<\/a>\n\t\t\t\n\t\t\t\t\t\t\t\t\t\t\t\t\t\t\n\t\t\t\t\t\t\t\t\n\t\t\t\t\t\t\t\t\t\t\t\t\t<div class=\"fusion-rollover-sep\"><\/div>\n\t\t\t\t\n\t\t\t\t\t\t\t\t\t\t\t\t\t\t\t\t\t\t<a class=\"fusion-rollover-gallery\" href=\"https:\/\/www.joseantoniobernad.com\/wp-content\/uploads\/2020\/10\/Ambar-bis-65x47-cm-scaled.jpg\" data-options=\"\" data-id=\"278\" data-rel=\"iLightbox[gallery-rw-1]\" data-title=\"Ambar bis 65x47 cm\" data-caption=\"\">\n\t\t\t\t\t\tGallery\t\t\t\t\t<\/a>\n\t\t\t\t\t\t\t\t\t\t\t\t\t\t\n\t\t\n\t\t\t\t\t\t\t\t\t\t\t\t<h4 class=\"fusion-rollover-title\">\n\t\t\t\t\t<a class=\"fusion-rollover-title-link\" href=\"https:\/\/www.joseantoniobernad.com\/en\/portfolio-en\/ambar-65x47-cm-oleo-sobre-tabla\/\">\n\t\t\t\t\t\t\u00c1mbar, 65&#215;47 cm, Oil on board\t\t\t\t\t<\/a>\n\t\t\t\t<\/h4>\n\t\t\t\n\t\t\t\t\t\t\t\t\t\t<div class=\"fusion-rollover-categories\"><a href=\"https:\/\/www.joseantoniobernad.com\/portfolio_category\/galeria-3\/\" rel=\"tag\">Galer\u00eda 3<\/a><\/div>\t\t\t\t\t\n\t\t\n\t\t\t\t\t\t<a class=\"fusion-link-wrapper\" href=\"https:\/\/www.joseantoniobernad.com\/en\/portfolio-en\/ambar-65x47-cm-oleo-sobre-tabla\/\" aria-label=\"\u00c1mbar, 65&#215;47 cm, Oil on board\"><\/a>\n\t<\/div>\n<\/div>\n<\/div>\n<\/div><\/article><article id=\"portfolio-1-post-279\" class=\"fusion-portfolio-post galeria-4 fusion-col-spacing post-279 fusion-element-landscape fusion-element-portrait\"><div class=\"fusion-portfolio-content-wrapper\" style=\"border:none;\"><span class=\"entry-title rich-snippet-hidden\">Aves, 75&#215;75 cm, Oil on board<\/span><span class=\"vcard rich-snippet-hidden\"><span class=\"fn\"><a href=\"https:\/\/www.joseantoniobernad.com\/en\/author\/nuteco\/\" title=\"Posts by nuteco\" rel=\"author\">nuteco<\/a><\/span><\/span><span class=\"updated rich-snippet-hidden\">2020-11-05T16:36:56+00:00<\/span><div  class=\"fusion-masonry-element-container fusion-image-wrapper\" style=\"background-image:url(https:\/\/www.joseantoniobernad.com\/wp-content\/uploads\/2020\/10\/Aves-75x75-cm-oleo-sobre-tabla.jpg);padding-top:calc((100% + 6px) * 0.8);\" aria-haspopup=\"true\">\n\t\t\t\t<img decoding=\"async\" width=\"1700\" height=\"1719\" src=\"https:\/\/www.joseantoniobernad.com\/wp-content\/uploads\/2020\/10\/Aves-75x75-cm-oleo-sobre-tabla.jpg\" class=\"attachment-full size-full wp-post-image\" alt=\"\" srcset=\"https:\/\/www.joseantoniobernad.com\/wp-content\/uploads\/2020\/10\/Aves-75x75-cm-oleo-sobre-tabla-200x202.jpg 200w, https:\/\/www.joseantoniobernad.com\/wp-content\/uploads\/2020\/10\/Aves-75x75-cm-oleo-sobre-tabla-400x404.jpg 400w, https:\/\/www.joseantoniobernad.com\/wp-content\/uploads\/2020\/10\/Aves-75x75-cm-oleo-sobre-tabla-600x607.jpg 600w, https:\/\/www.joseantoniobernad.com\/wp-content\/uploads\/2020\/10\/Aves-75x75-cm-oleo-sobre-tabla-800x809.jpg 800w, https:\/\/www.joseantoniobernad.com\/wp-content\/uploads\/2020\/10\/Aves-75x75-cm-oleo-sobre-tabla-1200x1213.jpg 1200w, https:\/\/www.joseantoniobernad.com\/wp-content\/uploads\/2020\/10\/Aves-75x75-cm-oleo-sobre-tabla.jpg 1700w\" sizes=\"(min-width: 2200px) 100vw, (min-width: 640px) 1200px, \" \/><div class=\"fusion-rollover\">\n\t<div class=\"fusion-rollover-content\">\n\n\t\t\t\t\t\t\t\t\t\t\t\t\t\t<a class=\"fusion-rollover-link\" href=\"https:\/\/www.joseantoniobernad.com\/en\/portfolio-en\/aves-75x75-cm-oleo-sobre-tabla\/\">Aves, 75&#215;75 cm, Oil on board<\/a>\n\t\t\t\n\t\t\t\t\t\t\t\t\t\t\t\t\t\t\n\t\t\t\t\t\t\t\t\n\t\t\t\t\t\t\t\t\t\t\t\t\t<div class=\"fusion-rollover-sep\"><\/div>\n\t\t\t\t\n\t\t\t\t\t\t\t\t\t\t\t\t\t\t\t\t\t\t<a class=\"fusion-rollover-gallery\" href=\"https:\/\/www.joseantoniobernad.com\/wp-content\/uploads\/2020\/10\/Aves-75x75-cm-oleo-sobre-tabla.jpg\" data-options=\"\" data-id=\"279\" data-rel=\"iLightbox[gallery-rw-1]\" data-title=\"Aves, 75x75 cm, oleo sobre tabla\" data-caption=\"\">\n\t\t\t\t\t\tGallery\t\t\t\t\t<\/a>\n\t\t\t\t\t\t\t\t\t\t\t\t\t\t\n\t\t\n\t\t\t\t\t\t\t\t\t\t\t\t<h4 class=\"fusion-rollover-title\">\n\t\t\t\t\t<a class=\"fusion-rollover-title-link\" href=\"https:\/\/www.joseantoniobernad.com\/en\/portfolio-en\/aves-75x75-cm-oleo-sobre-tabla\/\">\n\t\t\t\t\t\tAves, 75&#215;75 cm, Oil on board\t\t\t\t\t<\/a>\n\t\t\t\t<\/h4>\n\t\t\t\n\t\t\t\t\t\t\t\t\t\t<div class=\"fusion-rollover-categories\"><a href=\"https:\/\/www.joseantoniobernad.com\/portfolio_category\/galeria-4\/\" rel=\"tag\">Galer\u00eda 4<\/a><\/div>\t\t\t\t\t\n\t\t\n\t\t\t\t\t\t<a class=\"fusion-link-wrapper\" href=\"https:\/\/www.joseantoniobernad.com\/en\/portfolio-en\/aves-75x75-cm-oleo-sobre-tabla\/\" aria-label=\"Aves, 75&#215;75 cm, Oil on board\"><\/a>\n\t<\/div>\n<\/div>\n<\/div>\n<\/div><\/article><article id=\"portfolio-1-post-285\" class=\"fusion-portfolio-post galeria-3 fusion-col-spacing post-285 fusion-element-landscape fusion-element-portrait\"><div class=\"fusion-portfolio-content-wrapper\" style=\"border:none;\"><span class=\"entry-title rich-snippet-hidden\">Futuro imperfecto, 70&#215;55 cm, Oil on canvas<\/span><span class=\"vcard rich-snippet-hidden\"><span class=\"fn\"><a href=\"https:\/\/www.joseantoniobernad.com\/en\/author\/nuteco\/\" title=\"Posts by nuteco\" rel=\"author\">nuteco<\/a><\/span><\/span><span class=\"updated rich-snippet-hidden\">2020-11-09T09:53:42+00:00<\/span><div  class=\"fusion-masonry-element-container fusion-image-wrapper\" style=\"background-image:url(https:\/\/www.joseantoniobernad.com\/wp-content\/uploads\/2020\/10\/Futuro-imperfecto-70x55-cm-oleo-sobre-lienzo.jpg);padding-top:calc((100% + 6px) * 0.8);\" aria-haspopup=\"true\">\n\t\t\t\t<img decoding=\"async\" width=\"1700\" height=\"2270\" src=\"https:\/\/www.joseantoniobernad.com\/wp-content\/uploads\/2020\/10\/Futuro-imperfecto-70x55-cm-oleo-sobre-lienzo.jpg\" class=\"attachment-full size-full wp-post-image\" alt=\"\" srcset=\"https:\/\/www.joseantoniobernad.com\/wp-content\/uploads\/2020\/10\/Futuro-imperfecto-70x55-cm-oleo-sobre-lienzo-200x267.jpg 200w, https:\/\/www.joseantoniobernad.com\/wp-content\/uploads\/2020\/10\/Futuro-imperfecto-70x55-cm-oleo-sobre-lienzo-400x534.jpg 400w, https:\/\/www.joseantoniobernad.com\/wp-content\/uploads\/2020\/10\/Futuro-imperfecto-70x55-cm-oleo-sobre-lienzo-600x801.jpg 600w, https:\/\/www.joseantoniobernad.com\/wp-content\/uploads\/2020\/10\/Futuro-imperfecto-70x55-cm-oleo-sobre-lienzo-800x1068.jpg 800w, https:\/\/www.joseantoniobernad.com\/wp-content\/uploads\/2020\/10\/Futuro-imperfecto-70x55-cm-oleo-sobre-lienzo-1200x1602.jpg 1200w, https:\/\/www.joseantoniobernad.com\/wp-content\/uploads\/2020\/10\/Futuro-imperfecto-70x55-cm-oleo-sobre-lienzo.jpg 1700w\" sizes=\"(min-width: 2200px) 100vw, (min-width: 640px) 1200px, \" \/><div class=\"fusion-rollover\">\n\t<div class=\"fusion-rollover-content\">\n\n\t\t\t\t\t\t\t\t\t\t\t\t\t\t<a class=\"fusion-rollover-link\" href=\"https:\/\/www.joseantoniobernad.com\/en\/portfolio-en\/futuro-imperfecto-70x55-cm-oleo-sobre-lienzo\/\">Futuro imperfecto, 70&#215;55 cm, Oil on canvas<\/a>\n\t\t\t\n\t\t\t\t\t\t\t\t\t\t\t\t\t\t\n\t\t\t\t\t\t\t\t\n\t\t\t\t\t\t\t\t\t\t\t\t\t<div class=\"fusion-rollover-sep\"><\/div>\n\t\t\t\t\n\t\t\t\t\t\t\t\t\t\t\t\t\t\t\t\t\t\t<a class=\"fusion-rollover-gallery\" href=\"https:\/\/www.joseantoniobernad.com\/wp-content\/uploads\/2020\/10\/Futuro-imperfecto-70x55-cm-oleo-sobre-lienzo.jpg\" data-options=\"\" data-id=\"285\" data-rel=\"iLightbox[gallery-rw-1]\" data-title=\"Futuro imperfecto 70x55 cm, oleo sobre lienzo\" data-caption=\"\">\n\t\t\t\t\t\tGallery\t\t\t\t\t<\/a>\n\t\t\t\t\t\t\t\t\t\t\t\t\t\t\n\t\t\n\t\t\t\t\t\t\t\t\t\t\t\t<h4 class=\"fusion-rollover-title\">\n\t\t\t\t\t<a class=\"fusion-rollover-title-link\" href=\"https:\/\/www.joseantoniobernad.com\/en\/portfolio-en\/futuro-imperfecto-70x55-cm-oleo-sobre-lienzo\/\">\n\t\t\t\t\t\tFuturo imperfecto, 70&#215;55 cm, Oil on canvas\t\t\t\t\t<\/a>\n\t\t\t\t<\/h4>\n\t\t\t\n\t\t\t\t\t\t\t\t\t\t<div class=\"fusion-rollover-categories\"><a href=\"https:\/\/www.joseantoniobernad.com\/portfolio_category\/galeria-3\/\" rel=\"tag\">Galer\u00eda 3<\/a><\/div>\t\t\t\t\t\n\t\t\n\t\t\t\t\t\t<a class=\"fusion-link-wrapper\" href=\"https:\/\/www.joseantoniobernad.com\/en\/portfolio-en\/futuro-imperfecto-70x55-cm-oleo-sobre-lienzo\/\" aria-label=\"Futuro imperfecto, 70&#215;55 cm, Oil on canvas\"><\/a>\n\t<\/div>\n<\/div>\n<\/div>\n<\/div><\/article><article id=\"portfolio-1-post-262\" class=\"fusion-portfolio-post galeria-4 fusion-col-spacing post-262 fusion-element-landscape fusion-element-portrait\"><div class=\"fusion-portfolio-content-wrapper\" style=\"border:none;\"><span class=\"entry-title rich-snippet-hidden\">Sin t\u00edtulo, 100&#215;72.5 cm, Oil on canvas<\/span><span class=\"vcard rich-snippet-hidden\"><span class=\"fn\"><a href=\"https:\/\/www.joseantoniobernad.com\/en\/author\/nuteco\/\" title=\"Posts by nuteco\" rel=\"author\">nuteco<\/a><\/span><\/span><span class=\"updated rich-snippet-hidden\">2020-11-05T16:37:26+00:00<\/span><div  class=\"fusion-masonry-element-container fusion-image-wrapper\" style=\"background-image:url(https:\/\/www.joseantoniobernad.com\/wp-content\/uploads\/2020\/10\/Sin-titulo-Oleo-lienzo-100x725-cm-oleo-sobre-lienzo.jpg);padding-top:calc((100% + 6px) * 0.8);\" aria-haspopup=\"true\">\n\t\t\t\t<img decoding=\"async\" width=\"1800\" height=\"1317\" src=\"https:\/\/www.joseantoniobernad.com\/wp-content\/uploads\/2020\/10\/Sin-titulo-Oleo-lienzo-100x725-cm-oleo-sobre-lienzo.jpg\" class=\"attachment-full size-full wp-post-image\" alt=\"\" srcset=\"https:\/\/www.joseantoniobernad.com\/wp-content\/uploads\/2020\/10\/Sin-titulo-Oleo-lienzo-100x725-cm-oleo-sobre-lienzo-200x146.jpg 200w, https:\/\/www.joseantoniobernad.com\/wp-content\/uploads\/2020\/10\/Sin-titulo-Oleo-lienzo-100x725-cm-oleo-sobre-lienzo-400x293.jpg 400w, https:\/\/www.joseantoniobernad.com\/wp-content\/uploads\/2020\/10\/Sin-titulo-Oleo-lienzo-100x725-cm-oleo-sobre-lienzo-600x439.jpg 600w, https:\/\/www.joseantoniobernad.com\/wp-content\/uploads\/2020\/10\/Sin-titulo-Oleo-lienzo-100x725-cm-oleo-sobre-lienzo-800x585.jpg 800w, https:\/\/www.joseantoniobernad.com\/wp-content\/uploads\/2020\/10\/Sin-titulo-Oleo-lienzo-100x725-cm-oleo-sobre-lienzo-1200x878.jpg 1200w, https:\/\/www.joseantoniobernad.com\/wp-content\/uploads\/2020\/10\/Sin-titulo-Oleo-lienzo-100x725-cm-oleo-sobre-lienzo.jpg 1800w\" sizes=\"(min-width: 2200px) 100vw, (min-width: 640px) 1200px, \" \/><div class=\"fusion-rollover\">\n\t<div class=\"fusion-rollover-content\">\n\n\t\t\t\t\t\t\t\t\t\t\t\t\t\t<a class=\"fusion-rollover-link\" href=\"https:\/\/www.joseantoniobernad.com\/en\/portfolio-en\/sin-titulo-100x72-5-cm-oleo-sobre-lienzo\/\">Sin t\u00edtulo, 100&#215;72.5 cm, Oil on canvas<\/a>\n\t\t\t\n\t\t\t\t\t\t\t\t\t\t\t\t\t\t\n\t\t\t\t\t\t\t\t\n\t\t\t\t\t\t\t\t\t\t\t\t\t<div class=\"fusion-rollover-sep\"><\/div>\n\t\t\t\t\n\t\t\t\t\t\t\t\t\t\t\t\t\t\t\t\t\t\t<a class=\"fusion-rollover-gallery\" href=\"https:\/\/www.joseantoniobernad.com\/wp-content\/uploads\/2020\/10\/Sin-titulo-Oleo-lienzo-100x725-cm-oleo-sobre-lienzo.jpg\" data-options=\"\" data-id=\"262\" data-rel=\"iLightbox[gallery-rw-1]\" data-title=\"Sin titulo, Oleo lienzo, 100x72,5 cm, oleo sobre lienzo\" data-caption=\"\">\n\t\t\t\t\t\tGallery\t\t\t\t\t<\/a>\n\t\t\t\t\t\t\t\t\t\t\t\t\t\t\n\t\t\n\t\t\t\t\t\t\t\t\t\t\t\t<h4 class=\"fusion-rollover-title\">\n\t\t\t\t\t<a class=\"fusion-rollover-title-link\" href=\"https:\/\/www.joseantoniobernad.com\/en\/portfolio-en\/sin-titulo-100x72-5-cm-oleo-sobre-lienzo\/\">\n\t\t\t\t\t\tSin t\u00edtulo, 100&#215;72.5 cm, Oil on canvas\t\t\t\t\t<\/a>\n\t\t\t\t<\/h4>\n\t\t\t\n\t\t\t\t\t\t\t\t\t\t<div class=\"fusion-rollover-categories\"><a href=\"https:\/\/www.joseantoniobernad.com\/portfolio_category\/galeria-4\/\" rel=\"tag\">Galer\u00eda 4<\/a><\/div>\t\t\t\t\t\n\t\t\n\t\t\t\t\t\t<a class=\"fusion-link-wrapper\" href=\"https:\/\/www.joseantoniobernad.com\/en\/portfolio-en\/sin-titulo-100x72-5-cm-oleo-sobre-lienzo\/\" aria-label=\"Sin t\u00edtulo, 100&#215;72.5 cm, Oil on canvas\"><\/a>\n\t<\/div>\n<\/div>\n<\/div>\n<\/div><\/article><article id=\"portfolio-1-post-263\" class=\"fusion-portfolio-post galeria-4 fusion-col-spacing post-263 fusion-element-landscape fusion-element-portrait\"><div class=\"fusion-portfolio-content-wrapper\" style=\"border:none;\"><span class=\"entry-title rich-snippet-hidden\">Sin t\u00edtulo, 73&#215;100 cm, Oil on canvas<\/span><span class=\"vcard rich-snippet-hidden\"><span class=\"fn\"><a href=\"https:\/\/www.joseantoniobernad.com\/en\/author\/nuteco\/\" title=\"Posts by nuteco\" rel=\"author\">nuteco<\/a><\/span><\/span><span class=\"updated rich-snippet-hidden\">2020-11-09T10:03:37+00:00<\/span><div  class=\"fusion-masonry-element-container fusion-image-wrapper\" style=\"background-image:url(https:\/\/www.joseantoniobernad.com\/wp-content\/uploads\/2014\/10\/Sin-titulo-oleo-lienzo-73x100-cm-scaled.jpg);padding-top:calc((100% + 6px) * 0.8);\" aria-haspopup=\"true\">\n\t\t\t\t<img decoding=\"async\" width=\"1853\" height=\"2560\" src=\"https:\/\/www.joseantoniobernad.com\/wp-content\/uploads\/2014\/10\/Sin-titulo-oleo-lienzo-73x100-cm-scaled.jpg\" class=\"attachment-full size-full wp-post-image\" alt=\"\" srcset=\"https:\/\/www.joseantoniobernad.com\/wp-content\/uploads\/2014\/10\/Sin-titulo-oleo-lienzo-73x100-cm-200x276.jpg 200w, https:\/\/www.joseantoniobernad.com\/wp-content\/uploads\/2014\/10\/Sin-titulo-oleo-lienzo-73x100-cm-400x553.jpg 400w, https:\/\/www.joseantoniobernad.com\/wp-content\/uploads\/2014\/10\/Sin-titulo-oleo-lienzo-73x100-cm-600x829.jpg 600w, https:\/\/www.joseantoniobernad.com\/wp-content\/uploads\/2014\/10\/Sin-titulo-oleo-lienzo-73x100-cm-800x1105.jpg 800w, https:\/\/www.joseantoniobernad.com\/wp-content\/uploads\/2014\/10\/Sin-titulo-oleo-lienzo-73x100-cm-1200x1658.jpg 1200w, https:\/\/www.joseantoniobernad.com\/wp-content\/uploads\/2014\/10\/Sin-titulo-oleo-lienzo-73x100-cm-scaled.jpg 1853w\" sizes=\"(min-width: 2200px) 100vw, (min-width: 640px) 1200px, \" \/><div class=\"fusion-rollover\">\n\t<div class=\"fusion-rollover-content\">\n\n\t\t\t\t\t\t\t\t\t\t\t\t\t\t<a class=\"fusion-rollover-link\" href=\"https:\/\/www.joseantoniobernad.com\/en\/portfolio-en\/sin-titulo-73x100-cm-oleo-sobre-lienzo\/\">Sin t\u00edtulo, 73&#215;100 cm, Oil on canvas<\/a>\n\t\t\t\n\t\t\t\t\t\t\t\t\t\t\t\t\t\t\n\t\t\t\t\t\t\t\t\n\t\t\t\t\t\t\t\t\t\t\t\t\t<div class=\"fusion-rollover-sep\"><\/div>\n\t\t\t\t\n\t\t\t\t\t\t\t\t\t\t\t\t\t\t\t\t\t\t<a class=\"fusion-rollover-gallery\" href=\"https:\/\/www.joseantoniobernad.com\/wp-content\/uploads\/2014\/10\/Sin-titulo-oleo-lienzo-73x100-cm-scaled.jpg\" data-options=\"\" data-id=\"263\" data-rel=\"iLightbox[gallery-rw-1]\" data-title=\"Sin titulo, oleo lienzo, 73x100 cm\" data-caption=\"\">\n\t\t\t\t\t\tGallery\t\t\t\t\t<\/a>\n\t\t\t\t\t\t\t\t\t\t\t\t\t\t\n\t\t\n\t\t\t\t\t\t\t\t\t\t\t\t<h4 class=\"fusion-rollover-title\">\n\t\t\t\t\t<a class=\"fusion-rollover-title-link\" href=\"https:\/\/www.joseantoniobernad.com\/en\/portfolio-en\/sin-titulo-73x100-cm-oleo-sobre-lienzo\/\">\n\t\t\t\t\t\tSin t\u00edtulo, 73&#215;100 cm, Oil on canvas\t\t\t\t\t<\/a>\n\t\t\t\t<\/h4>\n\t\t\t\n\t\t\t\t\t\t\t\t\t\t<div class=\"fusion-rollover-categories\"><a href=\"https:\/\/www.joseantoniobernad.com\/portfolio_category\/galeria-4\/\" rel=\"tag\">Galer\u00eda 4<\/a><\/div>\t\t\t\t\t\n\t\t\n\t\t\t\t\t\t<a class=\"fusion-link-wrapper\" href=\"https:\/\/www.joseantoniobernad.com\/en\/portfolio-en\/sin-titulo-73x100-cm-oleo-sobre-lienzo\/\" aria-label=\"Sin t\u00edtulo, 73&#215;100 cm, Oil on canvas\"><\/a>\n\t<\/div>\n<\/div>\n<\/div>\n<\/div><\/article><article id=\"portfolio-1-post-267\" class=\"fusion-portfolio-post galeria-4 fusion-col-spacing post-267 fusion-element-landscape fusion-element-portrait\"><div class=\"fusion-portfolio-content-wrapper\" style=\"border:none;\"><span class=\"entry-title rich-snippet-hidden\">Primer asalto, 21.5&#215;53.5 cm, Oil on board<\/span><span class=\"vcard rich-snippet-hidden\"><span class=\"fn\"><a href=\"https:\/\/www.joseantoniobernad.com\/en\/author\/nuteco\/\" title=\"Posts by nuteco\" rel=\"author\">nuteco<\/a><\/span><\/span><span class=\"updated rich-snippet-hidden\">2020-11-05T16:37:48+00:00<\/span><div  class=\"fusion-masonry-element-container fusion-image-wrapper\" style=\"background-image:url(https:\/\/www.joseantoniobernad.com\/wp-content\/uploads\/2020\/10\/Primer-asalto-oleo-tabla-215x535-cm-oleo-sobre-tabla.jpg);padding-top:calc((100% + 6px) * 0.8);\" aria-haspopup=\"true\">\n\t\t\t\t<img decoding=\"async\" width=\"1800\" height=\"724\" src=\"https:\/\/www.joseantoniobernad.com\/wp-content\/uploads\/2020\/10\/Primer-asalto-oleo-tabla-215x535-cm-oleo-sobre-tabla.jpg\" class=\"attachment-full size-full wp-post-image\" alt=\"\" srcset=\"https:\/\/www.joseantoniobernad.com\/wp-content\/uploads\/2020\/10\/Primer-asalto-oleo-tabla-215x535-cm-oleo-sobre-tabla-200x80.jpg 200w, https:\/\/www.joseantoniobernad.com\/wp-content\/uploads\/2020\/10\/Primer-asalto-oleo-tabla-215x535-cm-oleo-sobre-tabla-400x161.jpg 400w, https:\/\/www.joseantoniobernad.com\/wp-content\/uploads\/2020\/10\/Primer-asalto-oleo-tabla-215x535-cm-oleo-sobre-tabla-600x241.jpg 600w, https:\/\/www.joseantoniobernad.com\/wp-content\/uploads\/2020\/10\/Primer-asalto-oleo-tabla-215x535-cm-oleo-sobre-tabla-800x322.jpg 800w, https:\/\/www.joseantoniobernad.com\/wp-content\/uploads\/2020\/10\/Primer-asalto-oleo-tabla-215x535-cm-oleo-sobre-tabla-1200x483.jpg 1200w, https:\/\/www.joseantoniobernad.com\/wp-content\/uploads\/2020\/10\/Primer-asalto-oleo-tabla-215x535-cm-oleo-sobre-tabla.jpg 1800w\" sizes=\"(min-width: 2200px) 100vw, (min-width: 640px) 1200px, \" \/><div class=\"fusion-rollover\">\n\t<div class=\"fusion-rollover-content\">\n\n\t\t\t\t\t\t\t\t\t\t\t\t\t\t<a class=\"fusion-rollover-link\" href=\"https:\/\/www.joseantoniobernad.com\/en\/portfolio-en\/primer-asalto-21-5x53-5-cm-oleo-sobre-tabla\/\">Primer asalto, 21.5&#215;53.5 cm, Oil on board<\/a>\n\t\t\t\n\t\t\t\t\t\t\t\t\t\t\t\t\t\t\n\t\t\t\t\t\t\t\t\n\t\t\t\t\t\t\t\t\t\t\t\t\t<div class=\"fusion-rollover-sep\"><\/div>\n\t\t\t\t\n\t\t\t\t\t\t\t\t\t\t\t\t\t\t\t\t\t\t<a class=\"fusion-rollover-gallery\" href=\"https:\/\/www.joseantoniobernad.com\/wp-content\/uploads\/2020\/10\/Primer-asalto-oleo-tabla-215x535-cm-oleo-sobre-tabla.jpg\" data-options=\"\" data-id=\"267\" data-rel=\"iLightbox[gallery-rw-1]\" data-title=\"Primer asalto, oleo tabla, 21,5x53,5 cm, oleo sobre tabla\" data-caption=\"\">\n\t\t\t\t\t\tGallery\t\t\t\t\t<\/a>\n\t\t\t\t\t\t\t\t\t\t\t\t\t\t\n\t\t\n\t\t\t\t\t\t\t\t\t\t\t\t<h4 class=\"fusion-rollover-title\">\n\t\t\t\t\t<a class=\"fusion-rollover-title-link\" href=\"https:\/\/www.joseantoniobernad.com\/en\/portfolio-en\/primer-asalto-21-5x53-5-cm-oleo-sobre-tabla\/\">\n\t\t\t\t\t\tPrimer asalto, 21.5&#215;53.5 cm, Oil on board\t\t\t\t\t<\/a>\n\t\t\t\t<\/h4>\n\t\t\t\n\t\t\t\t\t\t\t\t\t\t<div class=\"fusion-rollover-categories\"><a href=\"https:\/\/www.joseantoniobernad.com\/portfolio_category\/galeria-4\/\" rel=\"tag\">Galer\u00eda 4<\/a><\/div>\t\t\t\t\t\n\t\t\n\t\t\t\t\t\t<a class=\"fusion-link-wrapper\" href=\"https:\/\/www.joseantoniobernad.com\/en\/portfolio-en\/primer-asalto-21-5x53-5-cm-oleo-sobre-tabla\/\" aria-label=\"Primer asalto, 21.5&#215;53.5 cm, Oil on board\"><\/a>\n\t<\/div>\n<\/div>\n<\/div>\n<\/div><\/article><article id=\"portfolio-1-post-277\" class=\"fusion-portfolio-post galeria-4 fusion-col-spacing post-277 fusion-element-landscape fusion-element-portrait\"><div class=\"fusion-portfolio-content-wrapper\" style=\"border:none;\"><span class=\"entry-title rich-snippet-hidden\">Historia de un viaje II , 54&#215;81 cm, Oil on canvas<\/span><span class=\"vcard rich-snippet-hidden\"><span class=\"fn\"><a href=\"https:\/\/www.joseantoniobernad.com\/en\/author\/nuteco\/\" title=\"Posts by nuteco\" rel=\"author\">nuteco<\/a><\/span><\/span><span class=\"updated rich-snippet-hidden\">2020-11-05T16:38:25+00:00<\/span><div  class=\"fusion-masonry-element-container fusion-image-wrapper\" style=\"background-image:url(https:\/\/www.joseantoniobernad.com\/wp-content\/uploads\/2020\/10\/Historia-de-un-viaje-II-Oleo-lienzo-54x81-cm-oleo-sobre-lienzo-scaled.jpg);padding-top:calc((100% + 6px) * 0.8);\" aria-haspopup=\"true\">\n\t\t\t\t<img decoding=\"async\" width=\"1734\" height=\"2560\" src=\"https:\/\/www.joseantoniobernad.com\/wp-content\/uploads\/2020\/10\/Historia-de-un-viaje-II-Oleo-lienzo-54x81-cm-oleo-sobre-lienzo-scaled.jpg\" class=\"attachment-full size-full wp-post-image\" alt=\"\" srcset=\"https:\/\/www.joseantoniobernad.com\/wp-content\/uploads\/2020\/10\/Historia-de-un-viaje-II-Oleo-lienzo-54x81-cm-oleo-sobre-lienzo-200x295.jpg 200w, https:\/\/www.joseantoniobernad.com\/wp-content\/uploads\/2020\/10\/Historia-de-un-viaje-II-Oleo-lienzo-54x81-cm-oleo-sobre-lienzo-400x590.jpg 400w, https:\/\/www.joseantoniobernad.com\/wp-content\/uploads\/2020\/10\/Historia-de-un-viaje-II-Oleo-lienzo-54x81-cm-oleo-sobre-lienzo-600x886.jpg 600w, https:\/\/www.joseantoniobernad.com\/wp-content\/uploads\/2020\/10\/Historia-de-un-viaje-II-Oleo-lienzo-54x81-cm-oleo-sobre-lienzo-800x1181.jpg 800w, https:\/\/www.joseantoniobernad.com\/wp-content\/uploads\/2020\/10\/Historia-de-un-viaje-II-Oleo-lienzo-54x81-cm-oleo-sobre-lienzo-1200x1771.jpg 1200w, https:\/\/www.joseantoniobernad.com\/wp-content\/uploads\/2020\/10\/Historia-de-un-viaje-II-Oleo-lienzo-54x81-cm-oleo-sobre-lienzo-scaled.jpg 1734w\" sizes=\"(min-width: 2200px) 100vw, (min-width: 640px) 1200px, \" \/><div class=\"fusion-rollover\">\n\t<div class=\"fusion-rollover-content\">\n\n\t\t\t\t\t\t\t\t\t\t\t\t\t\t<a class=\"fusion-rollover-link\" href=\"https:\/\/www.joseantoniobernad.com\/en\/portfolio-en\/historia-de-un-viaje-ii-54x81-cm-oleo-sobre-lienzo\/\">Historia de un viaje II , 54&#215;81 cm, Oil on canvas<\/a>\n\t\t\t\n\t\t\t\t\t\t\t\t\t\t\t\t\t\t\n\t\t\t\t\t\t\t\t\n\t\t\t\t\t\t\t\t\t\t\t\t\t<div class=\"fusion-rollover-sep\"><\/div>\n\t\t\t\t\n\t\t\t\t\t\t\t\t\t\t\t\t\t\t\t\t\t\t<a class=\"fusion-rollover-gallery\" href=\"https:\/\/www.joseantoniobernad.com\/wp-content\/uploads\/2020\/10\/Historia-de-un-viaje-II-Oleo-lienzo-54x81-cm-oleo-sobre-lienzo-scaled.jpg\" data-options=\"\" data-id=\"277\" data-rel=\"iLightbox[gallery-rw-1]\" data-title=\"Historia de un viaje II , Oleo lienzo, 54x81 cm, oleo sobre lienzo\" data-caption=\"\">\n\t\t\t\t\t\tGallery\t\t\t\t\t<\/a>\n\t\t\t\t\t\t\t\t\t\t\t\t\t\t\n\t\t\n\t\t\t\t\t\t\t\t\t\t\t\t<h4 class=\"fusion-rollover-title\">\n\t\t\t\t\t<a class=\"fusion-rollover-title-link\" href=\"https:\/\/www.joseantoniobernad.com\/en\/portfolio-en\/historia-de-un-viaje-ii-54x81-cm-oleo-sobre-lienzo\/\">\n\t\t\t\t\t\tHistoria de un viaje II , 54&#215;81 cm, Oil on canvas\t\t\t\t\t<\/a>\n\t\t\t\t<\/h4>\n\t\t\t\n\t\t\t\t\t\t\t\t\t\t<div class=\"fusion-rollover-categories\"><a href=\"https:\/\/www.joseantoniobernad.com\/portfolio_category\/galeria-4\/\" rel=\"tag\">Galer\u00eda 4<\/a><\/div>\t\t\t\t\t\n\t\t\n\t\t\t\t\t\t<a class=\"fusion-link-wrapper\" href=\"https:\/\/www.joseantoniobernad.com\/en\/portfolio-en\/historia-de-un-viaje-ii-54x81-cm-oleo-sobre-lienzo\/\" aria-label=\"Historia de un viaje II , 54&#215;81 cm, Oil on canvas\"><\/a>\n\t<\/div>\n<\/div>\n<\/div>\n<\/div><\/article><article id=\"portfolio-1-post-287\" class=\"fusion-portfolio-post galeria-4 fusion-col-spacing post-287 fusion-element-landscape fusion-element-portrait\"><div class=\"fusion-portfolio-content-wrapper\" style=\"border:none;\"><span class=\"entry-title rich-snippet-hidden\">Elevaci\u00f3n, 88.5&#215;115.2 cm, Oil on canvas<\/span><span class=\"vcard rich-snippet-hidden\"><span class=\"fn\"><a href=\"https:\/\/www.joseantoniobernad.com\/en\/author\/nuteco\/\" title=\"Posts by nuteco\" rel=\"author\">nuteco<\/a><\/span><\/span><span class=\"updated rich-snippet-hidden\">2020-11-05T16:38:32+00:00<\/span><div  class=\"fusion-masonry-element-container fusion-image-wrapper\" style=\"background-image:url(https:\/\/www.joseantoniobernad.com\/wp-content\/uploads\/2020\/10\/Elevacion-885x1152-cm-oleo-sobre-lienzo.jpg);padding-top:calc((100% + 6px) * 0.8);\" aria-haspopup=\"true\">\n\t\t\t\t<img decoding=\"async\" width=\"1800\" height=\"2351\" src=\"https:\/\/www.joseantoniobernad.com\/wp-content\/uploads\/2020\/10\/Elevacion-885x1152-cm-oleo-sobre-lienzo.jpg\" class=\"attachment-full size-full wp-post-image\" alt=\"\" srcset=\"https:\/\/www.joseantoniobernad.com\/wp-content\/uploads\/2020\/10\/Elevacion-885x1152-cm-oleo-sobre-lienzo-200x261.jpg 200w, https:\/\/www.joseantoniobernad.com\/wp-content\/uploads\/2020\/10\/Elevacion-885x1152-cm-oleo-sobre-lienzo-400x522.jpg 400w, https:\/\/www.joseantoniobernad.com\/wp-content\/uploads\/2020\/10\/Elevacion-885x1152-cm-oleo-sobre-lienzo-600x784.jpg 600w, https:\/\/www.joseantoniobernad.com\/wp-content\/uploads\/2020\/10\/Elevacion-885x1152-cm-oleo-sobre-lienzo-800x1045.jpg 800w, https:\/\/www.joseantoniobernad.com\/wp-content\/uploads\/2020\/10\/Elevacion-885x1152-cm-oleo-sobre-lienzo-1200x1567.jpg 1200w, https:\/\/www.joseantoniobernad.com\/wp-content\/uploads\/2020\/10\/Elevacion-885x1152-cm-oleo-sobre-lienzo.jpg 1800w\" sizes=\"(min-width: 2200px) 100vw, (min-width: 640px) 1200px, \" \/><div class=\"fusion-rollover\">\n\t<div class=\"fusion-rollover-content\">\n\n\t\t\t\t\t\t\t\t\t\t\t\t\t\t<a class=\"fusion-rollover-link\" href=\"https:\/\/www.joseantoniobernad.com\/en\/portfolio-en\/elevacion-88-5x115-2-cm-oleo-sobre-lienzo\/\">Elevaci\u00f3n, 88.5&#215;115.2 cm, Oil on canvas<\/a>\n\t\t\t\n\t\t\t\t\t\t\t\t\t\t\t\t\t\t\n\t\t\t\t\t\t\t\t\n\t\t\t\t\t\t\t\t\t\t\t\t\t<div class=\"fusion-rollover-sep\"><\/div>\n\t\t\t\t\n\t\t\t\t\t\t\t\t\t\t\t\t\t\t\t\t\t\t<a class=\"fusion-rollover-gallery\" href=\"https:\/\/www.joseantoniobernad.com\/wp-content\/uploads\/2020\/10\/Elevacion-885x1152-cm-oleo-sobre-lienzo.jpg\" data-options=\"\" data-id=\"287\" data-rel=\"iLightbox[gallery-rw-1]\" data-title=\"Elevacion, 88,5x115,2 cm, oleo sobre lienzo\" data-caption=\"\">\n\t\t\t\t\t\tGallery\t\t\t\t\t<\/a>\n\t\t\t\t\t\t\t\t\t\t\t\t\t\t\n\t\t\n\t\t\t\t\t\t\t\t\t\t\t\t<h4 class=\"fusion-rollover-title\">\n\t\t\t\t\t<a class=\"fusion-rollover-title-link\" href=\"https:\/\/www.joseantoniobernad.com\/en\/portfolio-en\/elevacion-88-5x115-2-cm-oleo-sobre-lienzo\/\">\n\t\t\t\t\t\tElevaci\u00f3n, 88.5&#215;115.2 cm, Oil on canvas\t\t\t\t\t<\/a>\n\t\t\t\t<\/h4>\n\t\t\t\n\t\t\t\t\t\t\t\t\t\t<div class=\"fusion-rollover-categories\"><a href=\"https:\/\/www.joseantoniobernad.com\/portfolio_category\/galeria-4\/\" rel=\"tag\">Galer\u00eda 4<\/a><\/div>\t\t\t\t\t\n\t\t\n\t\t\t\t\t\t<a class=\"fusion-link-wrapper\" href=\"https:\/\/www.joseantoniobernad.com\/en\/portfolio-en\/elevacion-88-5x115-2-cm-oleo-sobre-lienzo\/\" aria-label=\"Elevaci\u00f3n, 88.5&#215;115.2 cm, Oil on canvas\"><\/a>\n\t<\/div>\n<\/div>\n<\/div>\n<\/div><\/article><article id=\"portfolio-1-post-288\" class=\"fusion-portfolio-post galeria-4 fusion-col-spacing post-288 fusion-element-landscape fusion-element-portrait\"><div class=\"fusion-portfolio-content-wrapper\" style=\"border:none;\"><span class=\"entry-title rich-snippet-hidden\">El ruido de fuera, 80&#215;80 cm, Oil on canvas<\/span><span class=\"vcard rich-snippet-hidden\"><span class=\"fn\"><a href=\"https:\/\/www.joseantoniobernad.com\/en\/author\/nuteco\/\" title=\"Posts by nuteco\" rel=\"author\">nuteco<\/a><\/span><\/span><span class=\"updated rich-snippet-hidden\">2020-11-05T16:38:40+00:00<\/span><div  class=\"fusion-masonry-element-container fusion-image-wrapper\" style=\"background-image:url(https:\/\/www.joseantoniobernad.com\/wp-content\/uploads\/2020\/10\/El-ruido-de-fuera-Oleo-lienzo-80x80-cm-oleo-sobre-lienzo.jpg);padding-top:calc((100% + 6px) * 0.8);\" aria-haspopup=\"true\">\n\t\t\t\t<img decoding=\"async\" width=\"1700\" height=\"1696\" src=\"https:\/\/www.joseantoniobernad.com\/wp-content\/uploads\/2020\/10\/El-ruido-de-fuera-Oleo-lienzo-80x80-cm-oleo-sobre-lienzo.jpg\" class=\"attachment-full size-full wp-post-image\" alt=\"\" srcset=\"https:\/\/www.joseantoniobernad.com\/wp-content\/uploads\/2020\/10\/El-ruido-de-fuera-Oleo-lienzo-80x80-cm-oleo-sobre-lienzo-200x200.jpg 200w, https:\/\/www.joseantoniobernad.com\/wp-content\/uploads\/2020\/10\/El-ruido-de-fuera-Oleo-lienzo-80x80-cm-oleo-sobre-lienzo-400x399.jpg 400w, https:\/\/www.joseantoniobernad.com\/wp-content\/uploads\/2020\/10\/El-ruido-de-fuera-Oleo-lienzo-80x80-cm-oleo-sobre-lienzo-600x599.jpg 600w, https:\/\/www.joseantoniobernad.com\/wp-content\/uploads\/2020\/10\/El-ruido-de-fuera-Oleo-lienzo-80x80-cm-oleo-sobre-lienzo-800x798.jpg 800w, https:\/\/www.joseantoniobernad.com\/wp-content\/uploads\/2020\/10\/El-ruido-de-fuera-Oleo-lienzo-80x80-cm-oleo-sobre-lienzo-1200x1197.jpg 1200w, https:\/\/www.joseantoniobernad.com\/wp-content\/uploads\/2020\/10\/El-ruido-de-fuera-Oleo-lienzo-80x80-cm-oleo-sobre-lienzo.jpg 1700w\" sizes=\"(min-width: 2200px) 100vw, (min-width: 640px) 1200px, \" \/><div class=\"fusion-rollover\">\n\t<div class=\"fusion-rollover-content\">\n\n\t\t\t\t\t\t\t\t\t\t\t\t\t\t<a class=\"fusion-rollover-link\" href=\"https:\/\/www.joseantoniobernad.com\/en\/portfolio-en\/el-ruido-de-fuera-80x80-cm-oleo-sobre-lienzo\/\">El ruido de fuera, 80&#215;80 cm, Oil on canvas<\/a>\n\t\t\t\n\t\t\t\t\t\t\t\t\t\t\t\t\t\t\n\t\t\t\t\t\t\t\t\n\t\t\t\t\t\t\t\t\t\t\t\t\t<div class=\"fusion-rollover-sep\"><\/div>\n\t\t\t\t\n\t\t\t\t\t\t\t\t\t\t\t\t\t\t\t\t\t\t<a class=\"fusion-rollover-gallery\" href=\"https:\/\/www.joseantoniobernad.com\/wp-content\/uploads\/2020\/10\/El-ruido-de-fuera-Oleo-lienzo-80x80-cm-oleo-sobre-lienzo.jpg\" data-options=\"\" data-id=\"288\" data-rel=\"iLightbox[gallery-rw-1]\" data-title=\"El ruido de fuera, Oleo lienzo, 80x80 cm, oleo sobre lienzo\" data-caption=\"\">\n\t\t\t\t\t\tGallery\t\t\t\t\t<\/a>\n\t\t\t\t\t\t\t\t\t\t\t\t\t\t\n\t\t\n\t\t\t\t\t\t\t\t\t\t\t\t<h4 class=\"fusion-rollover-title\">\n\t\t\t\t\t<a class=\"fusion-rollover-title-link\" href=\"https:\/\/www.joseantoniobernad.com\/en\/portfolio-en\/el-ruido-de-fuera-80x80-cm-oleo-sobre-lienzo\/\">\n\t\t\t\t\t\tEl ruido de fuera, 80&#215;80 cm, Oil on canvas\t\t\t\t\t<\/a>\n\t\t\t\t<\/h4>\n\t\t\t\n\t\t\t\t\t\t\t\t\t\t<div class=\"fusion-rollover-categories\"><a href=\"https:\/\/www.joseantoniobernad.com\/portfolio_category\/galeria-4\/\" rel=\"tag\">Galer\u00eda 4<\/a><\/div>\t\t\t\t\t\n\t\t\n\t\t\t\t\t\t<a class=\"fusion-link-wrapper\" href=\"https:\/\/www.joseantoniobernad.com\/en\/portfolio-en\/el-ruido-de-fuera-80x80-cm-oleo-sobre-lienzo\/\" aria-label=\"El ruido de fuera, 80&#215;80 cm, Oil on canvas\"><\/a>\n\t<\/div>\n<\/div>\n<\/div>\n<\/div><\/article><article id=\"portfolio-1-post-289\" class=\"fusion-portfolio-post galeria-4 fusion-col-spacing post-289 fusion-element-landscape fusion-element-portrait\"><div class=\"fusion-portfolio-content-wrapper\" style=\"border:none;\"><span class=\"entry-title rich-snippet-hidden\">Desde primera hora de la man\u0303ana, 109.5&#215;67.5 cm, Oil on board<\/span><span class=\"vcard rich-snippet-hidden\"><span class=\"fn\"><a href=\"https:\/\/www.joseantoniobernad.com\/en\/author\/nuteco\/\" title=\"Posts by nuteco\" rel=\"author\">nuteco<\/a><\/span><\/span><span class=\"updated rich-snippet-hidden\">2020-11-05T16:39:00+00:00<\/span><div  class=\"fusion-masonry-element-container fusion-image-wrapper\" style=\"background-image:url(https:\/\/www.joseantoniobernad.com\/wp-content\/uploads\/2020\/10\/Desde-primera-hora-de-la-man\u0303ana-oleo-tabla-1095x675-cm.jpg);padding-top:calc((100% + 6px) * 0.8);\" aria-haspopup=\"true\">\n\t\t\t\t<img decoding=\"async\" width=\"1800\" height=\"1112\" src=\"https:\/\/www.joseantoniobernad.com\/wp-content\/uploads\/2020\/10\/Desde-primera-hora-de-la-man\u0303ana-oleo-tabla-1095x675-cm.jpg\" class=\"attachment-full size-full wp-post-image\" alt=\"\" srcset=\"https:\/\/www.joseantoniobernad.com\/wp-content\/uploads\/2020\/10\/Desde-primera-hora-de-la-man\u0303ana-oleo-tabla-1095x675-cm-200x124.jpg 200w, https:\/\/www.joseantoniobernad.com\/wp-content\/uploads\/2020\/10\/Desde-primera-hora-de-la-man\u0303ana-oleo-tabla-1095x675-cm-400x247.jpg 400w, https:\/\/www.joseantoniobernad.com\/wp-content\/uploads\/2020\/10\/Desde-primera-hora-de-la-man\u0303ana-oleo-tabla-1095x675-cm-600x371.jpg 600w, https:\/\/www.joseantoniobernad.com\/wp-content\/uploads\/2020\/10\/Desde-primera-hora-de-la-man\u0303ana-oleo-tabla-1095x675-cm-800x494.jpg 800w, https:\/\/www.joseantoniobernad.com\/wp-content\/uploads\/2020\/10\/Desde-primera-hora-de-la-man\u0303ana-oleo-tabla-1095x675-cm-1200x741.jpg 1200w, https:\/\/www.joseantoniobernad.com\/wp-content\/uploads\/2020\/10\/Desde-primera-hora-de-la-man\u0303ana-oleo-tabla-1095x675-cm.jpg 1800w\" sizes=\"(min-width: 2200px) 100vw, (min-width: 640px) 1200px, \" \/><div class=\"fusion-rollover\">\n\t<div class=\"fusion-rollover-content\">\n\n\t\t\t\t\t\t\t\t\t\t\t\t\t\t<a class=\"fusion-rollover-link\" href=\"https:\/\/www.joseantoniobernad.com\/en\/portfolio-en\/desde-primera-hora-de-la-man%cc%83ana-109-5x67-5-cm-oleo-sobre-tabla\/\">Desde primera hora de la man\u0303ana, 109.5&#215;67.5 cm, Oil on board<\/a>\n\t\t\t\n\t\t\t\t\t\t\t\t\t\t\t\t\t\t\n\t\t\t\t\t\t\t\t\n\t\t\t\t\t\t\t\t\t\t\t\t\t<div class=\"fusion-rollover-sep\"><\/div>\n\t\t\t\t\n\t\t\t\t\t\t\t\t\t\t\t\t\t\t\t\t\t\t<a class=\"fusion-rollover-gallery\" href=\"https:\/\/www.joseantoniobernad.com\/wp-content\/uploads\/2020\/10\/Desde-primera-hora-de-la-man\u0303ana-oleo-tabla-1095x675-cm.jpg\" data-options=\"\" data-id=\"289\" data-rel=\"iLightbox[gallery-rw-1]\" data-title=\"Desde primera hora de la man\u0303ana, oleo tabla, 109,5x67,5 cm\" data-caption=\"\">\n\t\t\t\t\t\tGallery\t\t\t\t\t<\/a>\n\t\t\t\t\t\t\t\t\t\t\t\t\t\t\n\t\t\n\t\t\t\t\t\t\t\t\t\t\t\t<h4 class=\"fusion-rollover-title\">\n\t\t\t\t\t<a class=\"fusion-rollover-title-link\" href=\"https:\/\/www.joseantoniobernad.com\/en\/portfolio-en\/desde-primera-hora-de-la-man%cc%83ana-109-5x67-5-cm-oleo-sobre-tabla\/\">\n\t\t\t\t\t\tDesde primera hora de la man\u0303ana, 109.5&#215;67.5 cm, Oil on board\t\t\t\t\t<\/a>\n\t\t\t\t<\/h4>\n\t\t\t\n\t\t\t\t\t\t\t\t\t\t<div class=\"fusion-rollover-categories\"><a href=\"https:\/\/www.joseantoniobernad.com\/portfolio_category\/galeria-4\/\" rel=\"tag\">Galer\u00eda 4<\/a><\/div>\t\t\t\t\t\n\t\t\n\t\t\t\t\t\t<a class=\"fusion-link-wrapper\" href=\"https:\/\/www.joseantoniobernad.com\/en\/portfolio-en\/desde-primera-hora-de-la-man%cc%83ana-109-5x67-5-cm-oleo-sobre-tabla\/\" aria-label=\"Desde primera hora de la man\u0303ana, 109.5&#215;67.5 cm, Oil on board\"><\/a>\n\t<\/div>\n<\/div>\n<\/div>\n<\/div><\/article><article id=\"portfolio-1-post-290\" class=\"fusion-portfolio-post galeria-4 fusion-col-spacing post-290 fusion-element-landscape fusion-element-portrait\"><div class=\"fusion-portfolio-content-wrapper\" style=\"border:none;\"><span class=\"entry-title rich-snippet-hidden\">El piso de arriba, 89.5&#215;99.5 cm, Oil on canvas<\/span><span class=\"vcard rich-snippet-hidden\"><span class=\"fn\"><a href=\"https:\/\/www.joseantoniobernad.com\/en\/author\/nuteco\/\" title=\"Posts by nuteco\" rel=\"author\">nuteco<\/a><\/span><\/span><span class=\"updated rich-snippet-hidden\">2020-11-05T16:39:09+00:00<\/span><div  class=\"fusion-masonry-element-container fusion-image-wrapper\" style=\"background-image:url(https:\/\/www.joseantoniobernad.com\/wp-content\/uploads\/2020\/10\/El-piso-de-arriba-Oleo-lienzo-895x995-cm-oleo-sobre-lienzo.jpg);padding-top:calc((100% + 6px) * 0.8);\" aria-haspopup=\"true\">\n\t\t\t\t<img decoding=\"async\" width=\"1800\" height=\"1998\" src=\"https:\/\/www.joseantoniobernad.com\/wp-content\/uploads\/2020\/10\/El-piso-de-arriba-Oleo-lienzo-895x995-cm-oleo-sobre-lienzo.jpg\" class=\"attachment-full size-full wp-post-image\" alt=\"\" srcset=\"https:\/\/www.joseantoniobernad.com\/wp-content\/uploads\/2020\/10\/El-piso-de-arriba-Oleo-lienzo-895x995-cm-oleo-sobre-lienzo-200x222.jpg 200w, https:\/\/www.joseantoniobernad.com\/wp-content\/uploads\/2020\/10\/El-piso-de-arriba-Oleo-lienzo-895x995-cm-oleo-sobre-lienzo-400x444.jpg 400w, https:\/\/www.joseantoniobernad.com\/wp-content\/uploads\/2020\/10\/El-piso-de-arriba-Oleo-lienzo-895x995-cm-oleo-sobre-lienzo-600x666.jpg 600w, https:\/\/www.joseantoniobernad.com\/wp-content\/uploads\/2020\/10\/El-piso-de-arriba-Oleo-lienzo-895x995-cm-oleo-sobre-lienzo-800x888.jpg 800w, https:\/\/www.joseantoniobernad.com\/wp-content\/uploads\/2020\/10\/El-piso-de-arriba-Oleo-lienzo-895x995-cm-oleo-sobre-lienzo-1200x1332.jpg 1200w, https:\/\/www.joseantoniobernad.com\/wp-content\/uploads\/2020\/10\/El-piso-de-arriba-Oleo-lienzo-895x995-cm-oleo-sobre-lienzo.jpg 1800w\" sizes=\"(min-width: 2200px) 100vw, (min-width: 640px) 1200px, \" \/><div class=\"fusion-rollover\">\n\t<div class=\"fusion-rollover-content\">\n\n\t\t\t\t\t\t\t\t\t\t\t\t\t\t<a class=\"fusion-rollover-link\" href=\"https:\/\/www.joseantoniobernad.com\/en\/portfolio-en\/el-piso-de-arriba-89-5x99-5-cm-oleo-sobre-lienzo\/\">El piso de arriba, 89.5&#215;99.5 cm, Oil on canvas<\/a>\n\t\t\t\n\t\t\t\t\t\t\t\t\t\t\t\t\t\t\n\t\t\t\t\t\t\t\t\n\t\t\t\t\t\t\t\t\t\t\t\t\t<div class=\"fusion-rollover-sep\"><\/div>\n\t\t\t\t\n\t\t\t\t\t\t\t\t\t\t\t\t\t\t\t\t\t\t<a class=\"fusion-rollover-gallery\" href=\"https:\/\/www.joseantoniobernad.com\/wp-content\/uploads\/2020\/10\/El-piso-de-arriba-Oleo-lienzo-895x995-cm-oleo-sobre-lienzo.jpg\" data-options=\"\" data-id=\"290\" data-rel=\"iLightbox[gallery-rw-1]\" data-title=\"El piso de arriba, Oleo lienzo, 89,5x99,5 cm, oleo sobre lienzo\" data-caption=\"\">\n\t\t\t\t\t\tGallery\t\t\t\t\t<\/a>\n\t\t\t\t\t\t\t\t\t\t\t\t\t\t\n\t\t\n\t\t\t\t\t\t\t\t\t\t\t\t<h4 class=\"fusion-rollover-title\">\n\t\t\t\t\t<a class=\"fusion-rollover-title-link\" href=\"https:\/\/www.joseantoniobernad.com\/en\/portfolio-en\/el-piso-de-arriba-89-5x99-5-cm-oleo-sobre-lienzo\/\">\n\t\t\t\t\t\tEl piso de arriba, 89.5&#215;99.5 cm, Oil on canvas\t\t\t\t\t<\/a>\n\t\t\t\t<\/h4>\n\t\t\t\n\t\t\t\t\t\t\t\t\t\t<div class=\"fusion-rollover-categories\"><a href=\"https:\/\/www.joseantoniobernad.com\/portfolio_category\/galeria-4\/\" rel=\"tag\">Galer\u00eda 4<\/a><\/div>\t\t\t\t\t\n\t\t\n\t\t\t\t\t\t<a class=\"fusion-link-wrapper\" href=\"https:\/\/www.joseantoniobernad.com\/en\/portfolio-en\/el-piso-de-arriba-89-5x99-5-cm-oleo-sobre-lienzo\/\" aria-label=\"El piso de arriba, 89.5&#215;99.5 cm, Oil on canvas\"><\/a>\n\t<\/div>\n<\/div>\n<\/div>\n<\/div><\/article><article id=\"portfolio-1-post-291\" class=\"fusion-portfolio-post galeria-4 fusion-col-spacing post-291 fusion-element-landscape fusion-element-portrait\"><div class=\"fusion-portfolio-content-wrapper\" style=\"border:none;\"><span class=\"entry-title rich-snippet-hidden\">El Astr\u00f3nomo, 97&#215;97 cm, Oil on canvas<\/span><span class=\"vcard rich-snippet-hidden\"><span class=\"fn\"><a href=\"https:\/\/www.joseantoniobernad.com\/en\/author\/nuteco\/\" title=\"Posts by nuteco\" rel=\"author\">nuteco<\/a><\/span><\/span><span class=\"updated rich-snippet-hidden\">2020-11-05T16:39:17+00:00<\/span><div  class=\"fusion-masonry-element-container fusion-image-wrapper\" style=\"background-image:url(https:\/\/www.joseantoniobernad.com\/wp-content\/uploads\/2020\/10\/El-Astronomo-oleo-lienzo-97x97-cm-oleo-sobre-lienzo.jpg);padding-top:calc((100% + 6px) * 0.8);\" aria-haspopup=\"true\">\n\t\t\t\t<img decoding=\"async\" width=\"1800\" height=\"1818\" src=\"https:\/\/www.joseantoniobernad.com\/wp-content\/uploads\/2020\/10\/El-Astronomo-oleo-lienzo-97x97-cm-oleo-sobre-lienzo.jpg\" class=\"attachment-full size-full wp-post-image\" alt=\"\" srcset=\"https:\/\/www.joseantoniobernad.com\/wp-content\/uploads\/2020\/10\/El-Astronomo-oleo-lienzo-97x97-cm-oleo-sobre-lienzo-200x202.jpg 200w, https:\/\/www.joseantoniobernad.com\/wp-content\/uploads\/2020\/10\/El-Astronomo-oleo-lienzo-97x97-cm-oleo-sobre-lienzo-400x404.jpg 400w, https:\/\/www.joseantoniobernad.com\/wp-content\/uploads\/2020\/10\/El-Astronomo-oleo-lienzo-97x97-cm-oleo-sobre-lienzo-600x606.jpg 600w, https:\/\/www.joseantoniobernad.com\/wp-content\/uploads\/2020\/10\/El-Astronomo-oleo-lienzo-97x97-cm-oleo-sobre-lienzo-800x808.jpg 800w, https:\/\/www.joseantoniobernad.com\/wp-content\/uploads\/2020\/10\/El-Astronomo-oleo-lienzo-97x97-cm-oleo-sobre-lienzo-1200x1212.jpg 1200w, https:\/\/www.joseantoniobernad.com\/wp-content\/uploads\/2020\/10\/El-Astronomo-oleo-lienzo-97x97-cm-oleo-sobre-lienzo.jpg 1800w\" sizes=\"(min-width: 2200px) 100vw, (min-width: 640px) 1200px, \" \/><div class=\"fusion-rollover\">\n\t<div class=\"fusion-rollover-content\">\n\n\t\t\t\t\t\t\t\t\t\t\t\t\t\t<a class=\"fusion-rollover-link\" href=\"https:\/\/www.joseantoniobernad.com\/en\/portfolio-en\/el-astronomo-97x97-cm-oleo-sobre-lienzo\/\">El Astr\u00f3nomo, 97&#215;97 cm, Oil on canvas<\/a>\n\t\t\t\n\t\t\t\t\t\t\t\t\t\t\t\t\t\t\n\t\t\t\t\t\t\t\t\n\t\t\t\t\t\t\t\t\t\t\t\t\t<div class=\"fusion-rollover-sep\"><\/div>\n\t\t\t\t\n\t\t\t\t\t\t\t\t\t\t\t\t\t\t\t\t\t\t<a class=\"fusion-rollover-gallery\" href=\"https:\/\/www.joseantoniobernad.com\/wp-content\/uploads\/2020\/10\/El-Astronomo-oleo-lienzo-97x97-cm-oleo-sobre-lienzo.jpg\" data-options=\"\" data-id=\"291\" data-rel=\"iLightbox[gallery-rw-1]\" data-title=\"El Astronomo, oleo lienzo, 97x97 cm, oleo sobre lienzo\" data-caption=\"\">\n\t\t\t\t\t\tGallery\t\t\t\t\t<\/a>\n\t\t\t\t\t\t\t\t\t\t\t\t\t\t\n\t\t\n\t\t\t\t\t\t\t\t\t\t\t\t<h4 class=\"fusion-rollover-title\">\n\t\t\t\t\t<a class=\"fusion-rollover-title-link\" href=\"https:\/\/www.joseantoniobernad.com\/en\/portfolio-en\/el-astronomo-97x97-cm-oleo-sobre-lienzo\/\">\n\t\t\t\t\t\tEl Astr\u00f3nomo, 97&#215;97 cm, Oil on canvas\t\t\t\t\t<\/a>\n\t\t\t\t<\/h4>\n\t\t\t\n\t\t\t\t\t\t\t\t\t\t<div class=\"fusion-rollover-categories\"><a href=\"https:\/\/www.joseantoniobernad.com\/portfolio_category\/galeria-4\/\" rel=\"tag\">Galer\u00eda 4<\/a><\/div>\t\t\t\t\t\n\t\t\n\t\t\t\t\t\t<a class=\"fusion-link-wrapper\" href=\"https:\/\/www.joseantoniobernad.com\/en\/portfolio-en\/el-astronomo-97x97-cm-oleo-sobre-lienzo\/\" aria-label=\"El Astr\u00f3nomo, 97&#215;97 cm, Oil on canvas\"><\/a>\n\t<\/div>\n<\/div>\n<\/div>\n<\/div><\/article><article id=\"portfolio-1-post-170\" class=\"fusion-portfolio-post galeria-3 fusion-col-spacing post-170 fusion-element-landscape fusion-element-portrait\"><div class=\"fusion-portfolio-content-wrapper\" style=\"border:none;\"><span class=\"entry-title rich-snippet-hidden\">Camino de la Malanoche, 45&#215;75 cm, \u00d3leo sobre tabla<\/span><span class=\"vcard rich-snippet-hidden\"><span class=\"fn\"><a href=\"https:\/\/www.joseantoniobernad.com\/en\/author\/nuteco\/\" title=\"Posts by nuteco\" rel=\"author\">nuteco<\/a><\/span><\/span><span class=\"updated rich-snippet-hidden\">2024-01-30T08:28:24+00:00<\/span><div  class=\"fusion-masonry-element-container fusion-image-wrapper\" style=\"background-image:url(https:\/\/www.joseantoniobernad.com\/wp-content\/uploads\/2020\/10\/Camino-de-la-Malanoche-45x75-cm-oleo-sobre-tabla.jpg);padding-top:calc((100% + 6px) * 0.8);\" aria-haspopup=\"true\">\n\t\t\t\t<img decoding=\"async\" width=\"1800\" height=\"1087\" src=\"https:\/\/www.joseantoniobernad.com\/wp-content\/uploads\/2020\/10\/Camino-de-la-Malanoche-45x75-cm-oleo-sobre-tabla.jpg\" class=\"attachment-full size-full wp-post-image\" alt=\"\" srcset=\"https:\/\/www.joseantoniobernad.com\/wp-content\/uploads\/2020\/10\/Camino-de-la-Malanoche-45x75-cm-oleo-sobre-tabla-200x121.jpg 200w, https:\/\/www.joseantoniobernad.com\/wp-content\/uploads\/2020\/10\/Camino-de-la-Malanoche-45x75-cm-oleo-sobre-tabla-400x242.jpg 400w, https:\/\/www.joseantoniobernad.com\/wp-content\/uploads\/2020\/10\/Camino-de-la-Malanoche-45x75-cm-oleo-sobre-tabla-600x362.jpg 600w, https:\/\/www.joseantoniobernad.com\/wp-content\/uploads\/2020\/10\/Camino-de-la-Malanoche-45x75-cm-oleo-sobre-tabla-800x483.jpg 800w, https:\/\/www.joseantoniobernad.com\/wp-content\/uploads\/2020\/10\/Camino-de-la-Malanoche-45x75-cm-oleo-sobre-tabla-1200x725.jpg 1200w, https:\/\/www.joseantoniobernad.com\/wp-content\/uploads\/2020\/10\/Camino-de-la-Malanoche-45x75-cm-oleo-sobre-tabla.jpg 1800w\" sizes=\"(min-width: 2200px) 100vw, (min-width: 640px) 1200px, \" \/><div class=\"fusion-rollover\">\n\t<div class=\"fusion-rollover-content\">\n\n\t\t\t\t\t\t\t\t\t\t\t\t\t\t<a class=\"fusion-rollover-link\" href=\"https:\/\/www.joseantoniobernad.com\/en\/portfolio-en\/camino-de-la-malanoche-45x75-cm-oleo-sobre-tabla\/\">Camino de la Malanoche, 45&#215;75 cm, \u00d3leo sobre tabla<\/a>\n\t\t\t\n\t\t\t\t\t\t\t\t\t\t\t\t\t\t\n\t\t\t\t\t\t\t\t\n\t\t\t\t\t\t\t\t\t\t\t\t\t<div class=\"fusion-rollover-sep\"><\/div>\n\t\t\t\t\n\t\t\t\t\t\t\t\t\t\t\t\t\t\t\t\t\t\t<a class=\"fusion-rollover-gallery\" href=\"https:\/\/www.joseantoniobernad.com\/wp-content\/uploads\/2020\/10\/Camino-de-la-Malanoche-45x75-cm-oleo-sobre-tabla.jpg\" data-options=\"\" data-id=\"170\" data-rel=\"iLightbox[gallery-rw-1]\" data-title=\"Camino de la Malanoche, 45x75 cm, oleo sobre tabla\" data-caption=\"\">\n\t\t\t\t\t\tGallery\t\t\t\t\t<\/a>\n\t\t\t\t\t\t\t\t\t\t\t\t\t\t\n\t\t\n\t\t\t\t\t\t\t\t\t\t\t\t<h4 class=\"fusion-rollover-title\">\n\t\t\t\t\t<a class=\"fusion-rollover-title-link\" href=\"https:\/\/www.joseantoniobernad.com\/en\/portfolio-en\/camino-de-la-malanoche-45x75-cm-oleo-sobre-tabla\/\">\n\t\t\t\t\t\tCamino de la Malanoche, 45&#215;75 cm, \u00d3leo sobre tabla\t\t\t\t\t<\/a>\n\t\t\t\t<\/h4>\n\t\t\t\n\t\t\t\t\t\t\t\t\t\t<div class=\"fusion-rollover-categories\"><a href=\"https:\/\/www.joseantoniobernad.com\/portfolio_category\/galeria-3\/\" rel=\"tag\">Galer\u00eda 3<\/a><\/div>\t\t\t\t\t\n\t\t\n\t\t\t\t\t\t<a class=\"fusion-link-wrapper\" href=\"https:\/\/www.joseantoniobernad.com\/en\/portfolio-en\/camino-de-la-malanoche-45x75-cm-oleo-sobre-tabla\/\" aria-label=\"Camino de la Malanoche, 45&#215;75 cm, \u00d3leo sobre tabla\"><\/a>\n\t<\/div>\n<\/div>\n<\/div>\n<\/div><\/article><\/div><\/div><\/div><\/div><\/div><\/div>\n","protected":false},"excerpt":{"rendered":"","protected":false},"author":1,"featured_media":0,"parent":0,"menu_order":0,"comment_status":"closed","ping_status":"closed","template":"100-width.php","meta":{"footnotes":""},"class_list":["post-144","page","type-page","status-publish","hentry"],"_links":{"self":[{"href":"https:\/\/www.joseantoniobernad.com\/en\/wp-json\/wp\/v2\/pages\/144","targetHints":{"allow":["GET"]}}],"collection":[{"href":"https:\/\/www.joseantoniobernad.com\/en\/wp-json\/wp\/v2\/pages"}],"about":[{"href":"https:\/\/www.joseantoniobernad.com\/en\/wp-json\/wp\/v2\/types\/page"}],"author":[{"embeddable":true,"href":"https:\/\/www.joseantoniobernad.com\/en\/wp-json\/wp\/v2\/users\/1"}],"replies":[{"embeddable":true,"href":"https:\/\/www.joseantoniobernad.com\/en\/wp-json\/wp\/v2\/comments?post=144"}],"version-history":[{"count":4,"href":"https:\/\/www.joseantoniobernad.com\/en\/wp-json\/wp\/v2\/pages\/144\/revisions"}],"predecessor-version":[{"id":305,"href":"https:\/\/www.joseantoniobernad.com\/en\/wp-json\/wp\/v2\/pages\/144\/revisions\/305"}],"wp:attachment":[{"href":"https:\/\/www.joseantoniobernad.com\/en\/wp-json\/wp\/v2\/media?parent=144"}],"curies":[{"name":"wp","href":"https:\/\/api.w.org\/{rel}","templated":true}]}}